{"id":53116,"date":"2021-06-28T00:13:16","date_gmt":"2021-06-27T23:13:16","guid":{"rendered":"https:\/\/www.plumeseconomiques.com\/fr\/bs-front-end\/"},"modified":"2026-03-05T21:55:52","modified_gmt":"2026-03-05T20:55:52","slug":"bs-front-end","status":"publish","type":"page","link":"https:\/\/plumeseconomiques.com\/fr\/","title":{"rendered":"Home-2021"},"content":{"rendered":"<p>[vc_row][vc_column][\/vc_column][\/vc_row][vc_row][vc_column width=\u00a0\u00bb2\/3&Prime;][vc_row_inner][vc_column_inner]<div class=\"bscb-88496 bsb-have-heading-color bs-listing bs-listing-listing-classic bs-listing-single-tab pagination-animate\">\t\t<h3 class=\"section-heading sh-t6 sh-s10 main-term-82\">\n\n\t\t\n\t\t\t\t\t\t\t<a href=\"https:\/\/plumeseconomiques.com\/fr\/a-la-une\/\" class=\"main-link\">\n\t\t\t\t\t\t\t<span class=\"h-text main-term-82\">\n\t\t\t\t\t\t\t\tA la une\/1\t\t\t\t\t\t\t<\/span>\n\t\t\t\t<\/a>\n\t\t\t\n\t\t\n\t\t<\/h3>\n\t\t<div class=\"bs-slider-items-container\" data-slider-animation-speed=\"750\" data-slider-autoplay=\"1\" data-slider-control-dots=\"off\" data-slider-control-next-prev=\"style-1\" data-autoplaySpeed=\"3000\">\t\t<div class=\"bs-pagination-wrapper main-term-82 slider bs-slider-first-item bs-slider-item bs-items-3\">\n\t\t\t<div class=\"listing listing-classic listing-classic-1 clearfix  columns-1\">\n\t\t<article class=\"post-70319 type-post format-standard has-post-thumbnail   listing-item listing-item-classic listing-item-classic-1 main-term-82 bsw-8 \">\n\t<div class=\"listing-inner item-inner\">\n\t\t\t\t\t<div class=\"featured clearfix\">\n\t\t\t\t\t\t\t\t<a  alt=\"bct spring meeting 2026 2 5\" title=\"Washington : Le Gouverneur de la BCT multiplie les rencontres de haut niveau en marge des R\u00e9unions de printemps du FMI et de la Banque mondiale\" data-src=\"https:\/\/www.plumeseconomiques.com\/fr\/wp-content\/uploads\/2026\/04\/bct-spring-meeting-2026-2-5-750x430.jpg\" data-bs-srcset=\"{&quot;baseurl&quot;:&quot;https:\\\/\\\/www.plumeseconomiques.com\\\/fr\\\/wp-content\\\/uploads\\\/2026\\\/04\\\/&quot;,&quot;sizes&quot;:{&quot;210&quot;:&quot;bct-spring-meeting-2026-2-5-210x136.jpg&quot;,&quot;279&quot;:&quot;bct-spring-meeting-2026-2-5-279x220.jpg&quot;,&quot;357&quot;:&quot;bct-spring-meeting-2026-2-5-357x210.jpg&quot;,&quot;750&quot;:&quot;bct-spring-meeting-2026-2-5-750x430.jpg&quot;,&quot;950&quot;:&quot;bct-spring-meeting-2026-2-5.jpg&quot;}}\"\t\t\t\t\t\tclass=\"img-holder\" href=\"https:\/\/plumeseconomiques.com\/fr\/a-la-une\/washington-le-gouverneur-de-la-bct-multiplie-les-rencontres-de-haut-niveau-en-marge-des-reunions-de-printemps-du-fmi-et-de-la-banque-mondiale\/\"><\/a>\n\t\t\t\t\t\t\t<\/div>\n\t\t<h2 class=\"title\">\t\t<a href=\"https:\/\/plumeseconomiques.com\/fr\/a-la-une\/washington-le-gouverneur-de-la-bct-multiplie-les-rencontres-de-haut-niveau-en-marge-des-reunions-de-printemps-du-fmi-et-de-la-banque-mondiale\/\" class=\"post-url post-title\">\n\t\t\tWashington : Le Gouverneur de la BCT multiplie les rencontres de haut niveau en marge&hellip;\t\t<\/a>\n\t\t<\/h2>\t\t<div class=\"post-meta\">\n\n\t\t\t\t\t\t\t<a href=\"https:\/\/plumeseconomiques.com\/fr\/author\/plumes\/\"\n\t\t\t\t   title=\"Parcourir les articles Auteur\"\n\t\t\t\t   class=\"post-author-a\">\n\t\t\t\t\t<i class=\"post-author author\">\n\t\t\t\t\t\tPlumes\t\t\t\t\t<\/i>\n\t\t\t\t<\/a>\n\t\t\t\t\t\t\t<span class=\"time\"><time class=\"post-published updated\"\n\t\t\t\t                         datetime=\"2026-04-22T00:04:30+01:00\">Avr 22, 2026<\/time><\/span>\n\t\t\t\t<a href=\"https:\/\/plumeseconomiques.com\/fr\/a-la-une\/washington-le-gouverneur-de-la-bct-multiplie-les-rencontres-de-haut-niveau-en-marge-des-reunions-de-printemps-du-fmi-et-de-la-banque-mondiale\/#disqus_thread\" title=\"Laisser un commentaire sur: &quot;Washington : Le Gouverneur de la BCT multiplie les rencontres de haut niveau en marge des R\u00e9unions de printemps du FMI et de la Banque mondiale&quot;\" class=\"comments\"><i class=\"fa fa-comments-o\"><\/i> <\/a>\t\t<\/div>\n\t\t\t\t\t\t\t<div class=\"post-summary\">\n\t\t\t\tEn marge des assembl\u00e9es annuelles du Fonds mon\u00e9taire international et du Groupe de la Banque mondiale \u00e0 Washington, M. Fethi Zouhaier Nouri, Gouverneur de la Banque Centrale de Tunisie (BCT)\t\t\t<\/div>\n\t\t\t\t\t<a class=\"read-more\"\n\t\t\t   href=\"https:\/\/plumeseconomiques.com\/fr\/a-la-une\/washington-le-gouverneur-de-la-bct-multiplie-les-rencontres-de-haut-niveau-en-marge-des-reunions-de-printemps-du-fmi-et-de-la-banque-mondiale\/\">Lire la suite...<\/a>\n\t\t\t\t<\/div>\n\t<\/article >\n\t<\/div>\n\t\n\t<\/div>\t\t<div class=\"bs-pagination-wrapper main-term-82 slider  bs-slider-item bs-items-3\">\n\t\t\t<div class=\"listing listing-classic listing-classic-1 clearfix  columns-1\">\n\t\t<article class=\"post-70299 type-post format-standard has-post-thumbnail   listing-item listing-item-classic listing-item-classic-1 main-term-82 bsw-8 \">\n\t<div class=\"listing-inner item-inner\">\n\t\t\t\t\t<div class=\"featured clearfix\">\n\t\t\t\t\t\t\t\t<a  alt=\"\u00c9conomie mondiale le gouverneur de la banque centrale de tunisie d\u00e9nonce une \u00ab asym\u00e9trie \u00bb des chocs frappant les pays vuln\u00e9rables\" title=\"\u00c9conomie mondiale : le gouverneur de la Banque centrale de Tunisie d\u00e9nonce une \u00ab asym\u00e9trie \u00bb des chocs frappant les pays vuln\u00e9rables\" data-src=\"https:\/\/www.plumeseconomiques.com\/fr\/wp-content\/uploads\/2026\/04\/economie-mondiale-le-gouverneur-de-la-banque-centrale-de-tunisie-denonce-une-asymetrie-des-chocs-frappant-les-pays-vulnerables-750x430.jpg\" data-bs-srcset=\"{&quot;baseurl&quot;:&quot;https:\\\/\\\/www.plumeseconomiques.com\\\/fr\\\/wp-content\\\/uploads\\\/2026\\\/04\\\/&quot;,&quot;sizes&quot;:{&quot;210&quot;:&quot;economie-mondiale-le-gouverneur-de-la-banque-centrale-de-tunisie-denonce-une-asymetrie-des-chocs-frappant-les-pays-vulnerables-210x136.jpg&quot;,&quot;279&quot;:&quot;economie-mondiale-le-gouverneur-de-la-banque-centrale-de-tunisie-denonce-une-asymetrie-des-chocs-frappant-les-pays-vulnerables-279x220.jpg&quot;,&quot;357&quot;:&quot;economie-mondiale-le-gouverneur-de-la-banque-centrale-de-tunisie-denonce-une-asymetrie-des-chocs-frappant-les-pays-vulnerables-357x210.jpg&quot;,&quot;750&quot;:&quot;economie-mondiale-le-gouverneur-de-la-banque-centrale-de-tunisie-denonce-une-asymetrie-des-chocs-frappant-les-pays-vulnerables-750x430.jpg&quot;,&quot;950&quot;:&quot;economie-mondiale-le-gouverneur-de-la-banque-centrale-de-tunisie-denonce-une-asymetrie-des-chocs-frappant-les-pays-vulnerables.jpg&quot;}}\"\t\t\t\t\t\tclass=\"img-holder\" href=\"https:\/\/plumeseconomiques.com\/fr\/a-la-une\/economie-mondiale-le-gouverneur-de-la-banque-centrale-de-tunisie-denonce-une-asymetrie-des-chocs-frappant-les-pays-vulnerables\/\"><\/a>\n\t\t\t\t\t\t\t<\/div>\n\t\t<h2 class=\"title\">\t\t<a href=\"https:\/\/plumeseconomiques.com\/fr\/a-la-une\/economie-mondiale-le-gouverneur-de-la-banque-centrale-de-tunisie-denonce-une-asymetrie-des-chocs-frappant-les-pays-vulnerables\/\" class=\"post-url post-title\">\n\t\t\t\u00c9conomie mondiale : le gouverneur de la Banque centrale de Tunisie d\u00e9nonce une \u00ab&hellip;\t\t<\/a>\n\t\t<\/h2>\t\t<div class=\"post-meta\">\n\n\t\t\t\t\t\t\t<a href=\"https:\/\/plumeseconomiques.com\/fr\/author\/plumes\/\"\n\t\t\t\t   title=\"Parcourir les articles Auteur\"\n\t\t\t\t   class=\"post-author-a\">\n\t\t\t\t\t<i class=\"post-author author\">\n\t\t\t\t\t\tPlumes\t\t\t\t\t<\/i>\n\t\t\t\t<\/a>\n\t\t\t\t\t\t\t<span class=\"time\"><time class=\"post-published updated\"\n\t\t\t\t                         datetime=\"2026-04-17T21:38:50+01:00\">Avr 17, 2026<\/time><\/span>\n\t\t\t\t<a href=\"https:\/\/plumeseconomiques.com\/fr\/a-la-une\/economie-mondiale-le-gouverneur-de-la-banque-centrale-de-tunisie-denonce-une-asymetrie-des-chocs-frappant-les-pays-vulnerables\/#disqus_thread\" title=\"Laisser un commentaire sur: &quot;\u00c9conomie mondiale : le gouverneur de la Banque centrale de Tunisie d\u00e9nonce une \u00ab asym\u00e9trie \u00bb des chocs frappant les pays vuln\u00e9rables&quot;\" class=\"comments\"><i class=\"fa fa-comments-o\"><\/i> <\/a>\t\t<\/div>\n\t\t\t\t\t\t\t<div class=\"post-summary\">\n\t\t\t\tFMI \/ Banque mondiale : le gouverneur de la BCT alerte sur un r\u00e9gime de crises permanentes et interconnect\u00e9es\t\t\t<\/div>\n\t\t\t\t\t<a class=\"read-more\"\n\t\t\t   href=\"https:\/\/plumeseconomiques.com\/fr\/a-la-une\/economie-mondiale-le-gouverneur-de-la-banque-centrale-de-tunisie-denonce-une-asymetrie-des-chocs-frappant-les-pays-vulnerables\/\">Lire la suite...<\/a>\n\t\t\t\t<\/div>\n\t<\/article >\n\t<\/div>\n\t\n\t<\/div>\t\t<div class=\"bs-pagination-wrapper main-term-82 slider  bs-slider-item bs-items-3\">\n\t\t\t<div class=\"listing listing-classic listing-classic-1 clearfix  columns-1\">\n\t\t<article class=\"post-70212 type-post format-standard has-post-thumbnail   listing-item listing-item-classic listing-item-classic-1 main-term-82 bsw-8 \">\n\t<div class=\"listing-inner item-inner\">\n\t\t\t\t\t<div class=\"featured clearfix\">\n\t\t\t\t\t\t\t\t<a  alt=\"tunisie le d\u00e9ficit commercial franchit les 5,2 milliards de dinars\" title=\"Tunisie : le d\u00e9ficit commercial franchit les 5,2 milliards de dinars\" data-src=\"https:\/\/www.plumeseconomiques.com\/fr\/wp-content\/uploads\/2026\/04\/tunisie-le-deficit-commercial-franchit-les-52-milliards-de-dinars-750x430.jpg\" data-bs-srcset=\"{&quot;baseurl&quot;:&quot;https:\\\/\\\/www.plumeseconomiques.com\\\/fr\\\/wp-content\\\/uploads\\\/2026\\\/04\\\/&quot;,&quot;sizes&quot;:{&quot;210&quot;:&quot;tunisie-le-deficit-commercial-franchit-les-52-milliards-de-dinars-210x136.jpg&quot;,&quot;279&quot;:&quot;tunisie-le-deficit-commercial-franchit-les-52-milliards-de-dinars-279x220.jpg&quot;,&quot;357&quot;:&quot;tunisie-le-deficit-commercial-franchit-les-52-milliards-de-dinars-357x210.jpg&quot;,&quot;750&quot;:&quot;tunisie-le-deficit-commercial-franchit-les-52-milliards-de-dinars-750x430.jpg&quot;,&quot;950&quot;:&quot;tunisie-le-deficit-commercial-franchit-les-52-milliards-de-dinars.jpg&quot;}}\"\t\t\t\t\t\tclass=\"img-holder\" href=\"https:\/\/plumeseconomiques.com\/fr\/a-la-une\/tunisie-le-deficit-commercial-franchit-les-52-milliards-de-dinars\/\"><\/a>\n\t\t\t\t\t\t\t<\/div>\n\t\t<h2 class=\"title\">\t\t<a href=\"https:\/\/plumeseconomiques.com\/fr\/a-la-une\/tunisie-le-deficit-commercial-franchit-les-52-milliards-de-dinars\/\" class=\"post-url post-title\">\n\t\t\tTunisie : le d\u00e9ficit commercial franchit les 5,2 milliards de dinars\t\t<\/a>\n\t\t<\/h2>\t\t<div class=\"post-meta\">\n\n\t\t\t\t\t\t\t<a href=\"https:\/\/plumeseconomiques.com\/fr\/author\/plumes\/\"\n\t\t\t\t   title=\"Parcourir les articles Auteur\"\n\t\t\t\t   class=\"post-author-a\">\n\t\t\t\t\t<i class=\"post-author author\">\n\t\t\t\t\t\tPlumes\t\t\t\t\t<\/i>\n\t\t\t\t<\/a>\n\t\t\t\t\t\t\t<span class=\"time\"><time class=\"post-published updated\"\n\t\t\t\t                         datetime=\"2026-04-15T22:39:17+01:00\">Avr 15, 2026<\/time><\/span>\n\t\t\t\t<a href=\"https:\/\/plumeseconomiques.com\/fr\/a-la-une\/tunisie-le-deficit-commercial-franchit-les-52-milliards-de-dinars\/#disqus_thread\" title=\"Laisser un commentaire sur: &quot;Tunisie : le d\u00e9ficit commercial franchit les 5,2 milliards de dinars&quot;\" class=\"comments\"><i class=\"fa fa-comments-o\"><\/i> <\/a>\t\t<\/div>\n\t\t\t\t\t\t\t<div class=\"post-summary\">\n\t\t\t\tL\u2019Institut national de la statistique (INS) annonce un d\u00e9ficit commercial de 5 232,7 millions de dinars (MD) au premier trimestre 2026, contre 5 049,5 MD un an plus t\u00f4t. Les hydrocarbures plombent toujours la balance, malgr\u00e9 un exc\u00e9dent inattendu dans le secteur alimentaire.\t\t\t<\/div>\n\t\t\t\t\t<a class=\"read-more\"\n\t\t\t   href=\"https:\/\/plumeseconomiques.com\/fr\/a-la-une\/tunisie-le-deficit-commercial-franchit-les-52-milliards-de-dinars\/\">Lire la suite...<\/a>\n\t\t\t\t<\/div>\n\t<\/article >\n\t<\/div>\n\t\n\t<\/div><div class=\"bs-slider-controls main-term-82\"><div class=\"bs-control-nav  bs-control-nav-style-1\"><\/div><\/div><\/div><\/div><div class=\"vc_custom_1772744154374 bs-listing bs-listing-listing-grid-1 bs-listing-single-tab\">\t<div class=\"listing listing-grid listing-grid-1 clearfix columns-3\">\n\t\t<article class=\"post-69894 type-post format-standard has-post-thumbnail   listing-item listing-item-grid listing-item-grid-1 main-term-82\">\n\t<div class=\"item-inner\">\n\t\t\t\t\t<div class=\"featured clearfix\">\n\t\t\t\t\t\t\t\t<a  alt=\"agriculture tunisienne\" title=\"Agriculture tunisienne 2026 : Entre r\u00e9silience, risques climatiques et leviers de croissance\" data-src=\"https:\/\/www.plumeseconomiques.com\/fr\/wp-content\/uploads\/2026\/03\/agriculture-tunisienne-357x210.jpg\" data-bs-srcset=\"{&quot;baseurl&quot;:&quot;https:\\\/\\\/www.plumeseconomiques.com\\\/fr\\\/wp-content\\\/uploads\\\/2026\\\/03\\\/&quot;,&quot;sizes&quot;:{&quot;210&quot;:&quot;agriculture-tunisienne-210x136.jpg&quot;,&quot;279&quot;:&quot;agriculture-tunisienne-279x220.jpg&quot;,&quot;357&quot;:&quot;agriculture-tunisienne-357x210.jpg&quot;,&quot;750&quot;:&quot;agriculture-tunisienne-750x430.jpg&quot;,&quot;1200&quot;:&quot;agriculture-tunisienne.jpg&quot;}}\"\t\t\t\t\t\tclass=\"img-holder\" href=\"https:\/\/plumeseconomiques.com\/fr\/a-la-une\/agriculture-tunisienne-2026-entre-resilience-risques-climatiques-et-leviers-de-croissance\/\"><\/a>\n\n\t\t\t\t\t\t\t<\/div>\n\t\t<h2 class=\"title\">\t\t<a href=\"https:\/\/plumeseconomiques.com\/fr\/a-la-une\/agriculture-tunisienne-2026-entre-resilience-risques-climatiques-et-leviers-de-croissance\/\" class=\"post-title post-url\">\n\t\t\tAgriculture tunisienne 2026 : Entre r\u00e9silience, risques&hellip;\t\t<\/a>\n\t\t<\/h2>\t\t<div class=\"post-meta\">\n\n\t\t\t\t\t\t\t<a href=\"https:\/\/plumeseconomiques.com\/fr\/author\/plumes\/\"\n\t\t\t\t   title=\"Parcourir les articles Auteur\"\n\t\t\t\t   class=\"post-author-a\">\n\t\t\t\t\t<i class=\"post-author author\">\n\t\t\t\t\t\tPlumes\t\t\t\t\t<\/i>\n\t\t\t\t<\/a>\n\t\t\t\t\t\t\t<span class=\"time\"><time class=\"post-published updated\"\n\t\t\t\t                         datetime=\"2026-03-31T10:00:15+01:00\">Mar 31, 2026<\/time><\/span>\n\t\t\t\t<a href=\"https:\/\/plumeseconomiques.com\/fr\/a-la-une\/agriculture-tunisienne-2026-entre-resilience-risques-climatiques-et-leviers-de-croissance\/#disqus_thread\" title=\"Laisser un commentaire sur: &quot;Agriculture tunisienne 2026 : Entre r\u00e9silience, risques climatiques et leviers de croissance&quot;\" class=\"comments\"><i class=\"fa fa-comments-o\"><\/i> <\/a>\t\t<\/div>\n\t\t\t<\/div>\n\t<\/article >\n\t<article class=\"post-69872 type-post format-standard has-post-thumbnail   listing-item listing-item-grid listing-item-grid-1 main-term-82\">\n\t<div class=\"item-inner\">\n\t\t\t\t\t<div class=\"featured clearfix\">\n\t\t\t\t\t\t\t\t<a  alt=\"global economic crisis\" title=\"FMI : alerte sur un choc mondial \u2014 pourquoi l\u2019\u00e9conomie peut basculer rapidement\" data-src=\"https:\/\/www.plumeseconomiques.com\/fr\/wp-content\/uploads\/2026\/03\/global-economic-crisis-357x210.jpg\" data-bs-srcset=\"{&quot;baseurl&quot;:&quot;https:\\\/\\\/www.plumeseconomiques.com\\\/fr\\\/wp-content\\\/uploads\\\/2026\\\/03\\\/&quot;,&quot;sizes&quot;:{&quot;210&quot;:&quot;global-economic-crisis-210x136.jpg&quot;,&quot;279&quot;:&quot;global-economic-crisis-279x220.jpg&quot;,&quot;357&quot;:&quot;global-economic-crisis-357x210.jpg&quot;,&quot;750&quot;:&quot;global-economic-crisis-750x430.jpg&quot;,&quot;1200&quot;:&quot;global-economic-crisis.jpg&quot;}}\"\t\t\t\t\t\tclass=\"img-holder\" href=\"https:\/\/plumeseconomiques.com\/fr\/a-la-une\/fmi-alerte-sur-un-choc-mondial-pourquoi-leconomie-peut-basculer-rapidement\/\"><\/a>\n\n\t\t\t\t\t\t\t<\/div>\n\t\t<h2 class=\"title\">\t\t<a href=\"https:\/\/plumeseconomiques.com\/fr\/a-la-une\/fmi-alerte-sur-un-choc-mondial-pourquoi-leconomie-peut-basculer-rapidement\/\" class=\"post-title post-url\">\n\t\t\tFMI : alerte sur un choc mondial \u2014 pourquoi l\u2019\u00e9conomie peut&hellip;\t\t<\/a>\n\t\t<\/h2>\t\t<div class=\"post-meta\">\n\n\t\t\t\t\t\t\t<a href=\"https:\/\/plumeseconomiques.com\/fr\/author\/plumes\/\"\n\t\t\t\t   title=\"Parcourir les articles Auteur\"\n\t\t\t\t   class=\"post-author-a\">\n\t\t\t\t\t<i class=\"post-author author\">\n\t\t\t\t\t\tPlumes\t\t\t\t\t<\/i>\n\t\t\t\t<\/a>\n\t\t\t\t\t\t\t<span class=\"time\"><time class=\"post-published updated\"\n\t\t\t\t                         datetime=\"2026-03-31T08:58:32+01:00\">Mar 31, 2026<\/time><\/span>\n\t\t\t\t<a href=\"https:\/\/plumeseconomiques.com\/fr\/a-la-une\/fmi-alerte-sur-un-choc-mondial-pourquoi-leconomie-peut-basculer-rapidement\/#disqus_thread\" title=\"Laisser un commentaire sur: &quot;FMI : alerte sur un choc mondial \u2014 pourquoi l\u2019\u00e9conomie peut basculer rapidement&quot;\" class=\"comments\"><i class=\"fa fa-comments-o\"><\/i> <\/a>\t\t<\/div>\n\t\t\t<\/div>\n\t<\/article >\n\t<article class=\"post-69677 type-post format-standard has-post-thumbnail   listing-item listing-item-grid listing-item-grid-1 main-term-82\">\n\t<div class=\"item-inner\">\n\t\t\t\t\t<div class=\"featured clearfix\">\n\t\t\t\t\t\t\t\t<a  alt=\"tunisie digitale en 2026\" title=\"La Tunisie digitale en 2026 : entre promesses tenues et retards structurels\" data-src=\"https:\/\/www.plumeseconomiques.com\/fr\/wp-content\/uploads\/2026\/03\/tunisie-digitale-en-2026-357x210.jpg\" data-bs-srcset=\"{&quot;baseurl&quot;:&quot;https:\\\/\\\/www.plumeseconomiques.com\\\/fr\\\/wp-content\\\/uploads\\\/2026\\\/03\\\/&quot;,&quot;sizes&quot;:{&quot;210&quot;:&quot;tunisie-digitale-en-2026-210x136.jpg&quot;,&quot;279&quot;:&quot;tunisie-digitale-en-2026-279x220.jpg&quot;,&quot;357&quot;:&quot;tunisie-digitale-en-2026-357x210.jpg&quot;,&quot;750&quot;:&quot;tunisie-digitale-en-2026-750x430.jpg&quot;,&quot;1200&quot;:&quot;tunisie-digitale-en-2026.jpg&quot;}}\"\t\t\t\t\t\tclass=\"img-holder\" href=\"https:\/\/plumeseconomiques.com\/fr\/a-la-une\/la-tunisie-digitale-en-2026-entre-promesses-tenues-et-retards-structurels\/\"><\/a>\n\n\t\t\t\t\t\t\t<\/div>\n\t\t<h2 class=\"title\">\t\t<a href=\"https:\/\/plumeseconomiques.com\/fr\/a-la-une\/la-tunisie-digitale-en-2026-entre-promesses-tenues-et-retards-structurels\/\" class=\"post-title post-url\">\n\t\t\tLa Tunisie digitale en 2026 : entre promesses tenues et&hellip;\t\t<\/a>\n\t\t<\/h2>\t\t<div class=\"post-meta\">\n\n\t\t\t\t\t\t\t<a href=\"https:\/\/plumeseconomiques.com\/fr\/author\/plumes\/\"\n\t\t\t\t   title=\"Parcourir les articles Auteur\"\n\t\t\t\t   class=\"post-author-a\">\n\t\t\t\t\t<i class=\"post-author author\">\n\t\t\t\t\t\tPlumes\t\t\t\t\t<\/i>\n\t\t\t\t<\/a>\n\t\t\t\t\t\t\t<span class=\"time\"><time class=\"post-published updated\"\n\t\t\t\t                         datetime=\"2026-03-23T09:35:46+01:00\">Mar 23, 2026<\/time><\/span>\n\t\t\t\t<a href=\"https:\/\/plumeseconomiques.com\/fr\/a-la-une\/la-tunisie-digitale-en-2026-entre-promesses-tenues-et-retards-structurels\/#disqus_thread\" title=\"Laisser un commentaire sur: &quot;La Tunisie digitale en 2026 : entre promesses tenues et retards structurels&quot;\" class=\"comments\"><i class=\"fa fa-comments-o\"><\/i> <\/a>\t\t<\/div>\n\t\t\t<\/div>\n\t<\/article >\n\t<\/div>\n\t<\/div><div class=\"bscb-58809 bsb-have-heading-color bs-listing bs-listing-listing-classic bs-listing-single-tab pagination-animate\">\t\t<h3 class=\"section-heading sh-t6 sh-s10 main-term-74\">\n\n\t\t\n\t\t\t\t\t\t\t<a href=\"https:\/\/plumeseconomiques.com\/fr\/magazine\/sous-le-zoom\/\" class=\"main-link\">\n\t\t\t\t\t\t\t<span class=\"h-text main-term-74\">\n\t\t\t\t\t\t\t\tSous le Zoom\t\t\t\t\t\t\t<\/span>\n\t\t\t\t<\/a>\n\t\t\t\n\t\t\n\t\t<\/h3>\n\t\t<div class=\"bs-slider-items-container\" data-slider-animation-speed=\"750\" data-slider-autoplay=\"1\" data-slider-control-dots=\"off\" data-slider-control-next-prev=\"style-1\" data-autoplaySpeed=\"3000\">\t\t<div class=\"bs-pagination-wrapper main-term-74 slider bs-slider-first-item bs-slider-item bs-items-3\">\n\t\t\t<div class=\"listing listing-classic listing-classic-1 clearfix  columns-1\">\n\t\t<article class=\"post-70310 type-post format-standard has-post-thumbnail   listing-item listing-item-classic listing-item-classic-1 main-term-74 bsw-8 \">\n\t<div class=\"listing-inner item-inner\">\n\t\t\t\t\t<div class=\"featured clearfix\">\n\t\t\t\t\t\t\t\t<a  alt=\"pib r\u00e9el\" title=\"PIB r\u00e9el vs officiel : le classement qui change tout en Europe\" data-src=\"https:\/\/www.plumeseconomiques.com\/fr\/wp-content\/uploads\/2026\/04\/pib-reel-750x430.jpg\" data-bs-srcset=\"{&quot;baseurl&quot;:&quot;https:\\\/\\\/www.plumeseconomiques.com\\\/fr\\\/wp-content\\\/uploads\\\/2026\\\/04\\\/&quot;,&quot;sizes&quot;:{&quot;210&quot;:&quot;pib-reel-210x136.jpg&quot;,&quot;279&quot;:&quot;pib-reel-279x220.jpg&quot;,&quot;357&quot;:&quot;pib-reel-357x210.jpg&quot;,&quot;750&quot;:&quot;pib-reel-750x430.jpg&quot;,&quot;1200&quot;:&quot;pib-reel.jpg&quot;}}\"\t\t\t\t\t\tclass=\"img-holder\" href=\"https:\/\/plumeseconomiques.com\/fr\/magazine\/sous-le-zoom\/pib-reel-vs-officiel-le-classement-qui-change-tout-en-europe\/\"><\/a>\n\t\t\t\t\t\t\t<\/div>\n\t\t<h2 class=\"title\">\t\t<a href=\"https:\/\/plumeseconomiques.com\/fr\/magazine\/sous-le-zoom\/pib-reel-vs-officiel-le-classement-qui-change-tout-en-europe\/\" class=\"post-url post-title\">\n\t\t\tPIB r\u00e9el vs officiel : le classement qui change tout en Europe\t\t<\/a>\n\t\t<\/h2>\t\t<div class=\"post-meta\">\n\n\t\t\t\t\t\t\t<a href=\"https:\/\/plumeseconomiques.com\/fr\/author\/plumes\/\"\n\t\t\t\t   title=\"Parcourir les articles Auteur\"\n\t\t\t\t   class=\"post-author-a\">\n\t\t\t\t\t<i class=\"post-author author\">\n\t\t\t\t\t\tPlumes\t\t\t\t\t<\/i>\n\t\t\t\t<\/a>\n\t\t\t\t\t\t\t<span class=\"time\"><time class=\"post-published updated\"\n\t\t\t\t                         datetime=\"2026-04-21T10:38:15+01:00\">Avr 21, 2026<\/time><\/span>\n\t\t\t\t<a href=\"https:\/\/plumeseconomiques.com\/fr\/magazine\/sous-le-zoom\/pib-reel-vs-officiel-le-classement-qui-change-tout-en-europe\/#disqus_thread\" title=\"Laisser un commentaire sur: &quot;PIB r\u00e9el vs officiel : le classement qui change tout en Europe&quot;\" class=\"comments\"><i class=\"fa fa-comments-o\"><\/i> <\/a>\t\t<\/div>\n\t\t\t\t\t\t\t<div class=\"post-summary\">\n\t\t\t\tSi l\u2019on change de prisme \u2014 en passant du PIB nominal au PIB en parit\u00e9 de pouvoir d\u2019achat \u2014 une autre Europe appara\u00eet. Plus industrielle. Moins d\u00e9pendante des devises. Et surtout, plus d\u00e9rangeante pour les id\u00e9es re\u00e7ues.\t\t\t<\/div>\n\t\t\t\t\t<a class=\"read-more\"\n\t\t\t   href=\"https:\/\/plumeseconomiques.com\/fr\/magazine\/sous-le-zoom\/pib-reel-vs-officiel-le-classement-qui-change-tout-en-europe\/\">Lire la suite...<\/a>\n\t\t\t\t<\/div>\n\t<\/article >\n\t<\/div>\n\t\n\t<\/div>\t\t<div class=\"bs-pagination-wrapper main-term-74 slider  bs-slider-item bs-items-3\">\n\t\t\t<div class=\"listing listing-classic listing-classic-1 clearfix  columns-1\">\n\t\t<article class=\"post-70304 type-post format-standard has-post-thumbnail   listing-item listing-item-classic listing-item-classic-1 main-term-74 bsw-8 \">\n\t<div class=\"listing-inner item-inner\">\n\t\t\t\t\t<div class=\"featured clearfix\">\n\t\t\t\t\t\t\t\t<a  alt=\"mythe du carburant\" title=\"Le mythe du carburant pas cher : la r\u00e9alit\u00e9 cach\u00e9e des prix mondiaux\" data-src=\"https:\/\/www.plumeseconomiques.com\/fr\/wp-content\/uploads\/2026\/04\/mythe-du-carburant-750x430.jpg\" data-bs-srcset=\"{&quot;baseurl&quot;:&quot;https:\\\/\\\/www.plumeseconomiques.com\\\/fr\\\/wp-content\\\/uploads\\\/2026\\\/04\\\/&quot;,&quot;sizes&quot;:{&quot;210&quot;:&quot;mythe-du-carburant-210x136.jpg&quot;,&quot;279&quot;:&quot;mythe-du-carburant-279x220.jpg&quot;,&quot;357&quot;:&quot;mythe-du-carburant-357x210.jpg&quot;,&quot;750&quot;:&quot;mythe-du-carburant-750x430.jpg&quot;,&quot;1200&quot;:&quot;mythe-du-carburant.jpg&quot;}}\"\t\t\t\t\t\tclass=\"img-holder\" href=\"https:\/\/plumeseconomiques.com\/fr\/magazine\/sous-le-zoom\/le-mythe-du-carburant-pas-cher-la-realite-cachee-des-prix-mondiaux\/\"><\/a>\n\t\t\t\t\t\t\t<\/div>\n\t\t<h2 class=\"title\">\t\t<a href=\"https:\/\/plumeseconomiques.com\/fr\/magazine\/sous-le-zoom\/le-mythe-du-carburant-pas-cher-la-realite-cachee-des-prix-mondiaux\/\" class=\"post-url post-title\">\n\t\t\tLe mythe du carburant pas cher : la r\u00e9alit\u00e9 cach\u00e9e des prix mondiaux\t\t<\/a>\n\t\t<\/h2>\t\t<div class=\"post-meta\">\n\n\t\t\t\t\t\t\t<a href=\"https:\/\/plumeseconomiques.com\/fr\/author\/plumes\/\"\n\t\t\t\t   title=\"Parcourir les articles Auteur\"\n\t\t\t\t   class=\"post-author-a\">\n\t\t\t\t\t<i class=\"post-author author\">\n\t\t\t\t\t\tPlumes\t\t\t\t\t<\/i>\n\t\t\t\t<\/a>\n\t\t\t\t\t\t\t<span class=\"time\"><time class=\"post-published updated\"\n\t\t\t\t                         datetime=\"2026-04-20T09:36:57+01:00\">Avr 20, 2026<\/time><\/span>\n\t\t\t\t<a href=\"https:\/\/plumeseconomiques.com\/fr\/magazine\/sous-le-zoom\/le-mythe-du-carburant-pas-cher-la-realite-cachee-des-prix-mondiaux\/#disqus_thread\" title=\"Laisser un commentaire sur: &quot;Le mythe du carburant pas cher : la r\u00e9alit\u00e9 cach\u00e9e des prix mondiaux&quot;\" class=\"comments\"><i class=\"fa fa-comments-o\"><\/i> <\/a>\t\t<\/div>\n\t\t\t\t\t\t\t<div class=\"post-summary\">\n\t\t\t\tPrix essence monde analyse 2026 comparatif pays p\u00e9trole impact guerre march\u00e9 carburant inflation \u00e9nergie\t\t\t<\/div>\n\t\t\t\t\t<a class=\"read-more\"\n\t\t\t   href=\"https:\/\/plumeseconomiques.com\/fr\/magazine\/sous-le-zoom\/le-mythe-du-carburant-pas-cher-la-realite-cachee-des-prix-mondiaux\/\">Lire la suite...<\/a>\n\t\t\t\t<\/div>\n\t<\/article >\n\t<\/div>\n\t\n\t<\/div>\t\t<div class=\"bs-pagination-wrapper main-term-74 slider  bs-slider-item bs-items-3\">\n\t\t\t<div class=\"listing listing-classic listing-classic-1 clearfix  columns-1\">\n\t\t<article class=\"post-70225 type-post format-standard has-post-thumbnail   listing-item listing-item-classic listing-item-classic-1 main-term-74 bsw-8 \">\n\t<div class=\"listing-inner item-inner\">\n\t\t\t\t\t<div class=\"featured clearfix\">\n\t\t\t\t\t\t\t\t<a  alt=\"inflation en ralentissement\" title=\"Inflation en Tunisie : pourquoi la baisse \u00e0 5 % ne soulage toujours pas le pouvoir d\u2019achat\" data-src=\"https:\/\/www.plumeseconomiques.com\/fr\/wp-content\/uploads\/2026\/04\/inflation-en-ralentissement-750x430.jpg\" data-bs-srcset=\"{&quot;baseurl&quot;:&quot;https:\\\/\\\/www.plumeseconomiques.com\\\/fr\\\/wp-content\\\/uploads\\\/2026\\\/04\\\/&quot;,&quot;sizes&quot;:{&quot;210&quot;:&quot;inflation-en-ralentissement-210x136.jpg&quot;,&quot;279&quot;:&quot;inflation-en-ralentissement-279x220.jpg&quot;,&quot;357&quot;:&quot;inflation-en-ralentissement-357x210.jpg&quot;,&quot;750&quot;:&quot;inflation-en-ralentissement-750x430.jpg&quot;,&quot;1200&quot;:&quot;inflation-en-ralentissement.jpg&quot;}}\"\t\t\t\t\t\tclass=\"img-holder\" href=\"https:\/\/plumeseconomiques.com\/fr\/magazine\/sous-le-zoom\/inflation-en-tunisie-pourquoi-la-baisse-a-5-ne-soulage-toujours-pas-le-pouvoir-dachat\/\"><\/a>\n\t\t\t\t\t\t\t<\/div>\n\t\t<h2 class=\"title\">\t\t<a href=\"https:\/\/plumeseconomiques.com\/fr\/magazine\/sous-le-zoom\/inflation-en-tunisie-pourquoi-la-baisse-a-5-ne-soulage-toujours-pas-le-pouvoir-dachat\/\" class=\"post-url post-title\">\n\t\t\tInflation en Tunisie : pourquoi la baisse \u00e0 5 % ne soulage toujours pas le pouvoir&hellip;\t\t<\/a>\n\t\t<\/h2>\t\t<div class=\"post-meta\">\n\n\t\t\t\t\t\t\t<a href=\"https:\/\/plumeseconomiques.com\/fr\/author\/plumes\/\"\n\t\t\t\t   title=\"Parcourir les articles Auteur\"\n\t\t\t\t   class=\"post-author-a\">\n\t\t\t\t\t<i class=\"post-author author\">\n\t\t\t\t\t\tPlumes\t\t\t\t\t<\/i>\n\t\t\t\t<\/a>\n\t\t\t\t\t\t\t<span class=\"time\"><time class=\"post-published updated\"\n\t\t\t\t                         datetime=\"2026-04-16T10:42:14+01:00\">Avr 16, 2026<\/time><\/span>\n\t\t\t\t<a href=\"https:\/\/plumeseconomiques.com\/fr\/magazine\/sous-le-zoom\/inflation-en-tunisie-pourquoi-la-baisse-a-5-ne-soulage-toujours-pas-le-pouvoir-dachat\/#disqus_thread\" title=\"Laisser un commentaire sur: &quot;Inflation en Tunisie : pourquoi la baisse \u00e0 5 % ne soulage toujours pas le pouvoir d\u2019achat&quot;\" class=\"comments\"><i class=\"fa fa-comments-o\"><\/i> <\/a>\t\t<\/div>\n\t\t\t\t\t\t\t<div class=\"post-summary\">\n\t\t\t\tUne inflation en ralentissement\u2026 mais toujours douloureuse\r\n\r\n\r\n\r\n\r\n\r\n\r\n\r\n\r\n\r\n\r\n\r\n\r\n\r\nEn mars 2026, la Tunisie enregistre une inflation d\u2019environ 5 %, contre 7 % un an auparavant. Sur le papier, le signal est positif : la hausse des prix ralentit.Dans la r\u00e9alit\u00e9, rien ne change vraiment pour les m\u00e9nages.\r\nCe d\u00e9calage s\u2019explique&hellip;\t\t\t<\/div>\n\t\t\t\t\t<a class=\"read-more\"\n\t\t\t   href=\"https:\/\/plumeseconomiques.com\/fr\/magazine\/sous-le-zoom\/inflation-en-tunisie-pourquoi-la-baisse-a-5-ne-soulage-toujours-pas-le-pouvoir-dachat\/\">Lire la suite...<\/a>\n\t\t\t\t<\/div>\n\t<\/article >\n\t<\/div>\n\t\n\t<\/div><div class=\"bs-slider-controls main-term-74\"><div class=\"bs-control-nav  bs-control-nav-style-1\"><\/div><\/div><\/div><\/div><div class=\"vc_custom_1772064929949 bs-listing bs-listing-listing-grid-1 bs-listing-single-tab\">\t<div class=\"listing listing-grid listing-grid-1 clearfix columns-3\">\n\t\t<article class=\"post-70164 type-post format-standard has-post-thumbnail   listing-item listing-item-grid listing-item-grid-1 main-term-74\">\n\t<div class=\"item-inner\">\n\t\t\t\t\t<div class=\"featured clearfix\">\n\t\t\t\t\t\t\t\t<a  alt=\"top exports en afrique\" title=\"Tunisia 2020 : Attijari bank s&rsquo;affiche au service de l&rsquo;investissement et &#8230;\" data-src=\"https:\/\/www.plumeseconomiques.com\/fr\/wp-content\/uploads\/2026\/04\/top-exports-en-afrique-357x210.jpg\" data-bs-srcset=\"{&quot;baseurl&quot;:&quot;https:\\\/\\\/www.plumeseconomiques.com\\\/fr\\\/wp-content\\\/uploads\\\/2026\\\/04\\\/&quot;,&quot;sizes&quot;:{&quot;210&quot;:&quot;top-exports-en-afrique-210x136.jpg&quot;,&quot;279&quot;:&quot;top-exports-en-afrique-279x220.jpg&quot;,&quot;357&quot;:&quot;top-exports-en-afrique-357x210.jpg&quot;,&quot;750&quot;:&quot;top-exports-en-afrique-750x430.jpg&quot;,&quot;1200&quot;:&quot;top-exports-en-afrique.jpg&quot;}}\"\t\t\t\t\t\tclass=\"img-holder\" href=\"https:\/\/plumeseconomiques.com\/fr\/magazine\/sous-le-zoom\/tunisia-2020-attijari-bank-saffiche-au-service-de-linvestissement-et\/\"><\/a>\n\n\t\t\t\t\t\t\t<\/div>\n\t\t<h2 class=\"title\">\t\t<a href=\"https:\/\/plumeseconomiques.com\/fr\/magazine\/sous-le-zoom\/tunisia-2020-attijari-bank-saffiche-au-service-de-linvestissement-et\/\" class=\"post-title post-url\">\n\t\t\tTunisia 2020 : Attijari bank s&rsquo;affiche au service de&hellip;\t\t<\/a>\n\t\t<\/h2>\t\t<div class=\"post-meta\">\n\n\t\t\t\t\t\t\t<a href=\"https:\/\/plumeseconomiques.com\/fr\/author\/plumes\/\"\n\t\t\t\t   title=\"Parcourir les articles Auteur\"\n\t\t\t\t   class=\"post-author-a\">\n\t\t\t\t\t<i class=\"post-author author\">\n\t\t\t\t\t\tPlumes\t\t\t\t\t<\/i>\n\t\t\t\t<\/a>\n\t\t\t\t\t\t\t<span class=\"time\"><time class=\"post-published updated\"\n\t\t\t\t                         datetime=\"2026-04-13T11:31:31+01:00\">Avr 13, 2026<\/time><\/span>\n\t\t\t\t<a href=\"https:\/\/plumeseconomiques.com\/fr\/magazine\/sous-le-zoom\/tunisia-2020-attijari-bank-saffiche-au-service-de-linvestissement-et\/#disqus_thread\" title=\"Laisser un commentaire sur: &quot;Tunisia 2020 : Attijari bank s&rsquo;affiche au service de l&rsquo;investissement et &#8230;&quot;\" class=\"comments\"><i class=\"fa fa-comments-o\"><\/i> <\/a>\t\t<\/div>\n\t\t\t<\/div>\n\t<\/article >\n\t<article class=\"post-70143 type-post format-standard has-post-thumbnail   listing-item listing-item-grid listing-item-grid-1 main-term-74\">\n\t<div class=\"item-inner\">\n\t\t\t\t\t<div class=\"featured clearfix\">\n\t\t\t\t\t\t\t\t<a  alt=\"fiesp ii\" title=\"FIESP II : La coop\u00e9ration public-priv\u00e9, levier d\u2019excellence pour l\u2019industrie de la plasturgie\" data-src=\"https:\/\/www.plumeseconomiques.com\/fr\/wp-content\/uploads\/2026\/04\/fiesp-ii-357x210.png\" data-bs-srcset=\"{&quot;baseurl&quot;:&quot;https:\\\/\\\/www.plumeseconomiques.com\\\/fr\\\/wp-content\\\/uploads\\\/2026\\\/04\\\/&quot;,&quot;sizes&quot;:{&quot;210&quot;:&quot;fiesp-ii-210x136.png&quot;,&quot;279&quot;:&quot;fiesp-ii-279x220.png&quot;,&quot;357&quot;:&quot;fiesp-ii-357x210.png&quot;,&quot;750&quot;:&quot;fiesp-ii-750x430.png&quot;,&quot;950&quot;:&quot;fiesp-ii.png&quot;}}\"\t\t\t\t\t\tclass=\"img-holder\" href=\"https:\/\/plumeseconomiques.com\/fr\/magazine\/sous-le-zoom\/fiesp-ii-la-cooperation-public-prive-levier-dexcellence-pour-lindustrie-de-la-plasturgie\/\"><\/a>\n\n\t\t\t\t\t\t\t<\/div>\n\t\t<h2 class=\"title\">\t\t<a href=\"https:\/\/plumeseconomiques.com\/fr\/magazine\/sous-le-zoom\/fiesp-ii-la-cooperation-public-prive-levier-dexcellence-pour-lindustrie-de-la-plasturgie\/\" class=\"post-title post-url\">\n\t\t\tFIESP II : La coop\u00e9ration public-priv\u00e9, levier d\u2019excellence&hellip;\t\t<\/a>\n\t\t<\/h2>\t\t<div class=\"post-meta\">\n\n\t\t\t\t\t\t\t<a href=\"https:\/\/plumeseconomiques.com\/fr\/author\/plumes\/\"\n\t\t\t\t   title=\"Parcourir les articles Auteur\"\n\t\t\t\t   class=\"post-author-a\">\n\t\t\t\t\t<i class=\"post-author author\">\n\t\t\t\t\t\tPlumes\t\t\t\t\t<\/i>\n\t\t\t\t<\/a>\n\t\t\t\t\t\t\t<span class=\"time\"><time class=\"post-published updated\"\n\t\t\t\t                         datetime=\"2026-04-11T20:42:37+01:00\">Avr 11, 2026<\/time><\/span>\n\t\t\t\t<a href=\"https:\/\/plumeseconomiques.com\/fr\/magazine\/sous-le-zoom\/fiesp-ii-la-cooperation-public-prive-levier-dexcellence-pour-lindustrie-de-la-plasturgie\/#disqus_thread\" title=\"Laisser un commentaire sur: &quot;FIESP II : La coop\u00e9ration public-priv\u00e9, levier d\u2019excellence pour l\u2019industrie de la plasturgie&quot;\" class=\"comments\"><i class=\"fa fa-comments-o\"><\/i> <\/a>\t\t<\/div>\n\t\t\t<\/div>\n\t<\/article >\n\t<article class=\"post-70132 type-post format-standard has-post-thumbnail   listing-item listing-item-grid listing-item-grid-1 main-term-74\">\n\t<div class=\"item-inner\">\n\t\t\t\t\t<div class=\"featured clearfix\">\n\t\t\t\t\t\t\t\t<a  alt=\"population arabe 2026 1\" title=\"Population arabe 2026 classement des pays arabes \u00c9gypte Alg\u00e9rie Tunisie en chiffres\" data-src=\"https:\/\/www.plumeseconomiques.com\/fr\/wp-content\/uploads\/2026\/04\/population-arabe-2026-1-357x210.jpg\" data-bs-srcset=\"{&quot;baseurl&quot;:&quot;https:\\\/\\\/www.plumeseconomiques.com\\\/fr\\\/wp-content\\\/uploads\\\/2026\\\/04\\\/&quot;,&quot;sizes&quot;:{&quot;210&quot;:&quot;population-arabe-2026-1-210x136.jpg&quot;,&quot;279&quot;:&quot;population-arabe-2026-1-279x220.jpg&quot;,&quot;357&quot;:&quot;population-arabe-2026-1-357x210.jpg&quot;,&quot;750&quot;:&quot;population-arabe-2026-1-750x430.jpg&quot;,&quot;1200&quot;:&quot;population-arabe-2026-1.jpg&quot;}}\"\t\t\t\t\t\tclass=\"img-holder\" href=\"https:\/\/plumeseconomiques.com\/fr\/magazine\/sous-le-zoom\/population-arabe-2026-classement-des-pays-arabes-egypte-algerie-tunisie-en-chiffres\/\"><\/a>\n\n\t\t\t\t\t\t\t<\/div>\n\t\t<h2 class=\"title\">\t\t<a href=\"https:\/\/plumeseconomiques.com\/fr\/magazine\/sous-le-zoom\/population-arabe-2026-classement-des-pays-arabes-egypte-algerie-tunisie-en-chiffres\/\" class=\"post-title post-url\">\n\t\t\tPopulation arabe 2026 classement des pays arabes \u00c9gypte&hellip;\t\t<\/a>\n\t\t<\/h2>\t\t<div class=\"post-meta\">\n\n\t\t\t\t\t\t\t<a href=\"https:\/\/plumeseconomiques.com\/fr\/author\/plumes\/\"\n\t\t\t\t   title=\"Parcourir les articles Auteur\"\n\t\t\t\t   class=\"post-author-a\">\n\t\t\t\t\t<i class=\"post-author author\">\n\t\t\t\t\t\tPlumes\t\t\t\t\t<\/i>\n\t\t\t\t<\/a>\n\t\t\t\t\t\t\t<span class=\"time\"><time class=\"post-published updated\"\n\t\t\t\t                         datetime=\"2026-04-10T09:51:07+01:00\">Avr 10, 2026<\/time><\/span>\n\t\t\t\t<a href=\"https:\/\/plumeseconomiques.com\/fr\/magazine\/sous-le-zoom\/population-arabe-2026-classement-des-pays-arabes-egypte-algerie-tunisie-en-chiffres\/#disqus_thread\" title=\"Laisser un commentaire sur: &quot;Population arabe 2026 classement des pays arabes \u00c9gypte Alg\u00e9rie Tunisie en chiffres&quot;\" class=\"comments\"><i class=\"fa fa-comments-o\"><\/i> <\/a>\t\t<\/div>\n\t\t\t<\/div>\n\t<\/article >\n\t<\/div>\n\t<\/div><div class=\"bscb-83006 bsb-have-heading-color bs-listing bs-listing-listing-classic bs-listing-single-tab pagination-animate\">\t\t<h3 class=\"section-heading sh-t6 sh-s10 main-term-6447\">\n\n\t\t\n\t\t\t\t\t\t\t<a href=\"https:\/\/plumeseconomiques.com\/fr\/success-stories\/\" class=\"main-link\">\n\t\t\t\t\t\t\t<span class=\"h-text main-term-6447\">\n\t\t\t\t\t\t\t\tsuccess stories\t\t\t\t\t\t\t<\/span>\n\t\t\t\t<\/a>\n\t\t\t\n\t\t\n\t\t<\/h3>\n\t\t<div class=\"bs-slider-items-container\" data-slider-animation-speed=\"750\" data-slider-autoplay=\"1\" data-slider-control-dots=\"off\" data-slider-control-next-prev=\"style-1\" data-autoplaySpeed=\"3000\">\t\t<div class=\"bs-pagination-wrapper main-term-6447 slider bs-slider-first-item bs-slider-item bs-items-3\">\n\t\t\t<div class=\"listing listing-classic listing-classic-1 clearfix  columns-1\">\n\t\t<article class=\"post-69167 type-post format-standard has-post-thumbnail   listing-item listing-item-classic listing-item-classic-1 main-term-6447 bsw-8 \">\n\t<div class=\"listing-inner item-inner\">\n\t\t\t\t\t<div class=\"featured clearfix\">\n\t\t\t\t\t\t\t\t<a  alt=\"spacenet charguia\" title=\"SpaceNet Tunisie : 20 ans pour b\u00e2tir le leader du e-commerce high-tech\" data-src=\"https:\/\/www.plumeseconomiques.com\/fr\/wp-content\/uploads\/2026\/03\/spacenet-charguia-750x430.jpg\" data-bs-srcset=\"{&quot;baseurl&quot;:&quot;https:\\\/\\\/www.plumeseconomiques.com\\\/fr\\\/wp-content\\\/uploads\\\/2026\\\/03\\\/&quot;,&quot;sizes&quot;:{&quot;210&quot;:&quot;spacenet-charguia-210x136.jpg&quot;,&quot;279&quot;:&quot;spacenet-charguia-279x220.jpg&quot;,&quot;357&quot;:&quot;spacenet-charguia-357x210.jpg&quot;,&quot;750&quot;:&quot;spacenet-charguia-750x430.jpg&quot;,&quot;1200&quot;:&quot;spacenet-charguia.jpg&quot;}}\"\t\t\t\t\t\tclass=\"img-holder\" href=\"https:\/\/plumeseconomiques.com\/fr\/success-stories\/spacenet-tunisie-20-ans-pour-batir-le-leader-du-e-commerce-high-tech\/\"><\/a>\n\t\t\t\t\t\t\t<\/div>\n\t\t<h2 class=\"title\">\t\t<a href=\"https:\/\/plumeseconomiques.com\/fr\/success-stories\/spacenet-tunisie-20-ans-pour-batir-le-leader-du-e-commerce-high-tech\/\" class=\"post-url post-title\">\n\t\t\tSpaceNet Tunisie : 20 ans pour b\u00e2tir le leader du e-commerce high-tech\t\t<\/a>\n\t\t<\/h2>\t\t<div class=\"post-meta\">\n\n\t\t\t\t\t\t\t<a href=\"https:\/\/plumeseconomiques.com\/fr\/author\/plumes\/\"\n\t\t\t\t   title=\"Parcourir les articles Auteur\"\n\t\t\t\t   class=\"post-author-a\">\n\t\t\t\t\t<i class=\"post-author author\">\n\t\t\t\t\t\tPlumes\t\t\t\t\t<\/i>\n\t\t\t\t<\/a>\n\t\t\t\t\t\t\t<span class=\"time\"><time class=\"post-published updated\"\n\t\t\t\t                         datetime=\"2026-03-06T09:28:29+01:00\">Mar 6, 2026<\/time><\/span>\n\t\t\t\t<a href=\"https:\/\/plumeseconomiques.com\/fr\/success-stories\/spacenet-tunisie-20-ans-pour-batir-le-leader-du-e-commerce-high-tech\/#disqus_thread\" title=\"Laisser un commentaire sur: &quot;SpaceNet Tunisie : 20 ans pour b\u00e2tir le leader du e-commerce high-tech&quot;\" class=\"comments\"><i class=\"fa fa-comments-o\"><\/i> <\/a>\t\t<\/div>\n\t\t\t\t\t\t\t<div class=\"post-summary\">\n\t\t\t\tEn Tunisie, le commerce technologique est encore domin\u00e9 par la m\u00e9fiance, les produits non officiels et les SAV fant\u00f4mes. SpaceNet a d\u00e9cid\u00e9, il y a vingt ans, de jouer diff\u00e9remment. R\u00e9sultat : un mod\u00e8le omnicanal solide, 40 000 r\u00e9f\u00e9rences officielles, et une communaut\u00e9 qui ach\u00e8te en confiance.\r\n\r\nDe la boutique locale au leader e-commerce high-tech&hellip;\t\t\t<\/div>\n\t\t\t\t\t<a class=\"read-more\"\n\t\t\t   href=\"https:\/\/plumeseconomiques.com\/fr\/success-stories\/spacenet-tunisie-20-ans-pour-batir-le-leader-du-e-commerce-high-tech\/\">Lire la suite...<\/a>\n\t\t\t\t<\/div>\n\t<\/article >\n\t<\/div>\n\t\n\t<\/div>\t\t<div class=\"bs-pagination-wrapper main-term-6447 slider  bs-slider-item bs-items-3\">\n\t\t\t<div class=\"listing listing-classic listing-classic-1 clearfix  columns-1\">\n\t\t<article class=\"post-69032 type-post format-standard has-post-thumbnail   listing-item listing-item-classic listing-item-classic-1 main-term-6447 bsw-8 \">\n\t<div class=\"listing-inner item-inner\">\n\t\t\t\t\t<div class=\"featured clearfix\">\n\t\t\t\t\t\t\t\t<a  alt=\"takieddine ben messaoud takiacademy\" title=\"TakiEddine Ben Messaoud : du tableau noir \u00e0 l\u2019empire num\u00e9rique de l\u2019\u00e9ducation\" data-src=\"https:\/\/www.plumeseconomiques.com\/fr\/wp-content\/uploads\/2026\/03\/takieddine-ben-messaoud-takiacademy-750x430.jpg\" data-bs-srcset=\"{&quot;baseurl&quot;:&quot;https:\\\/\\\/www.plumeseconomiques.com\\\/fr\\\/wp-content\\\/uploads\\\/2026\\\/03\\\/&quot;,&quot;sizes&quot;:{&quot;210&quot;:&quot;takieddine-ben-messaoud-takiacademy-210x136.jpg&quot;,&quot;279&quot;:&quot;takieddine-ben-messaoud-takiacademy-279x220.jpg&quot;,&quot;357&quot;:&quot;takieddine-ben-messaoud-takiacademy-357x210.jpg&quot;,&quot;750&quot;:&quot;takieddine-ben-messaoud-takiacademy-750x430.jpg&quot;,&quot;1081&quot;:&quot;takieddine-ben-messaoud-takiacademy.jpg&quot;}}\"\t\t\t\t\t\tclass=\"img-holder\" href=\"https:\/\/plumeseconomiques.com\/fr\/success-stories\/takieddine-ben-messaoud-du-tableau-noir-a-lempire-numerique-de-leducation\/\"><\/a>\n\t\t\t\t\t\t\t<\/div>\n\t\t<h2 class=\"title\">\t\t<a href=\"https:\/\/plumeseconomiques.com\/fr\/success-stories\/takieddine-ben-messaoud-du-tableau-noir-a-lempire-numerique-de-leducation\/\" class=\"post-url post-title\">\n\t\t\tTakiEddine Ben Messaoud : du tableau noir \u00e0 l\u2019empire num\u00e9rique de l\u2019\u00e9ducation\t\t<\/a>\n\t\t<\/h2>\t\t<div class=\"post-meta\">\n\n\t\t\t\t\t\t\t<a href=\"https:\/\/plumeseconomiques.com\/fr\/author\/plumes\/\"\n\t\t\t\t   title=\"Parcourir les articles Auteur\"\n\t\t\t\t   class=\"post-author-a\">\n\t\t\t\t\t<i class=\"post-author author\">\n\t\t\t\t\t\tPlumes\t\t\t\t\t<\/i>\n\t\t\t\t<\/a>\n\t\t\t\t\t\t\t<span class=\"time\"><time class=\"post-published updated\"\n\t\t\t\t                         datetime=\"2026-03-02T10:50:31+01:00\">Mar 2, 2026<\/time><\/span>\n\t\t\t\t<a href=\"https:\/\/plumeseconomiques.com\/fr\/success-stories\/takieddine-ben-messaoud-du-tableau-noir-a-lempire-numerique-de-leducation\/#disqus_thread\" title=\"Laisser un commentaire sur: &quot;TakiEddine Ben Messaoud : du tableau noir \u00e0 l\u2019empire num\u00e9rique de l\u2019\u00e9ducation&quot;\" class=\"comments\"><i class=\"fa fa-comments-o\"><\/i> <\/a>\t\t<\/div>\n\t\t\t\t\t\t\t<div class=\"post-summary\">\n\t\t\t\tOuverture immersive : un choix qui change tout\r\nC\u2019\u00e9tait en 2013, dans un petit bureau improvis\u00e9 \u00e0 Tunis, que TakiEddine Ben Messaoud fit un choix lourd de sens. Devant lui, quelques centaines de dinars r\u00e9unis \u00e0 force de cours particuliers et de sacrifices personnels. Devait-il continuer \u00e0 enseigner seul, dans des chambres et caf\u00e9s, ou se lancer&hellip;\t\t\t<\/div>\n\t\t\t\t\t<a class=\"read-more\"\n\t\t\t   href=\"https:\/\/plumeseconomiques.com\/fr\/success-stories\/takieddine-ben-messaoud-du-tableau-noir-a-lempire-numerique-de-leducation\/\">Lire la suite...<\/a>\n\t\t\t\t<\/div>\n\t<\/article >\n\t<\/div>\n\t\n\t<\/div>\t\t<div class=\"bs-pagination-wrapper main-term-6447 slider  bs-slider-item bs-items-3\">\n\t\t\t<div class=\"listing listing-classic listing-classic-1 clearfix  columns-1\">\n\t\t<article class=\"post-68757 type-post format-standard has-post-thumbnail   listing-item listing-item-classic listing-item-classic-1 main-term-6447 bsw-8 \">\n\t<div class=\"listing-inner item-inner\">\n\t\t\t\t\t<div class=\"featured clearfix\">\n\t\t\t\t\t\t\t\t<a  alt=\"habib bouzagrou\" title=\"Habib Bouzagrou : De l\u2019incendie de son usine \u00e0 la r\u00e9ussite d\u2019une marque tunisienne\" data-src=\"https:\/\/www.plumeseconomiques.com\/fr\/wp-content\/uploads\/2026\/02\/habib-bouzagrou-750x430.jpg\" data-bs-srcset=\"{&quot;baseurl&quot;:&quot;https:\\\/\\\/www.plumeseconomiques.com\\\/fr\\\/wp-content\\\/uploads\\\/2026\\\/02\\\/&quot;,&quot;sizes&quot;:{&quot;210&quot;:&quot;habib-bouzagrou-210x136.jpg&quot;,&quot;279&quot;:&quot;habib-bouzagrou-279x220.jpg&quot;,&quot;357&quot;:&quot;habib-bouzagrou-357x210.jpg&quot;,&quot;750&quot;:&quot;habib-bouzagrou-750x430.jpg&quot;,&quot;1200&quot;:&quot;habib-bouzagrou.jpg&quot;}}\"\t\t\t\t\t\tclass=\"img-holder\" href=\"https:\/\/plumeseconomiques.com\/fr\/success-stories\/habib-bouzagrou-de-lincendie-de-son-usine-a-la-reussite-dune-marque-tunisienne\/\"><\/a>\n\t\t\t\t\t\t\t<\/div>\n\t\t<h2 class=\"title\">\t\t<a href=\"https:\/\/plumeseconomiques.com\/fr\/success-stories\/habib-bouzagrou-de-lincendie-de-son-usine-a-la-reussite-dune-marque-tunisienne\/\" class=\"post-url post-title\">\n\t\t\tHabib Bouzagrou : De l\u2019incendie de son usine \u00e0 la r\u00e9ussite d\u2019une marque tunisienne\t\t<\/a>\n\t\t<\/h2>\t\t<div class=\"post-meta\">\n\n\t\t\t\t\t\t\t<a href=\"https:\/\/plumeseconomiques.com\/fr\/author\/plumes\/\"\n\t\t\t\t   title=\"Parcourir les articles Auteur\"\n\t\t\t\t   class=\"post-author-a\">\n\t\t\t\t\t<i class=\"post-author author\">\n\t\t\t\t\t\tPlumes\t\t\t\t\t<\/i>\n\t\t\t\t<\/a>\n\t\t\t\t\t\t\t<span class=\"time\"><time class=\"post-published updated\"\n\t\t\t\t                         datetime=\"2026-02-26T00:53:26+01:00\">F\u00e9v 26, 2026<\/time><\/span>\n\t\t\t\t<a href=\"https:\/\/plumeseconomiques.com\/fr\/success-stories\/habib-bouzagrou-de-lincendie-de-son-usine-a-la-reussite-dune-marque-tunisienne\/#disqus_thread\" title=\"Laisser un commentaire sur: &quot;Habib Bouzagrou : De l\u2019incendie de son usine \u00e0 la r\u00e9ussite d\u2019une marque tunisienne&quot;\" class=\"comments\"><i class=\"fa fa-comments-o\"><\/i> <\/a>\t\t<\/div>\n\t\t\t\t\t\t\t<div class=\"post-summary\">\n\t\t\t\tPour Habib Bouzagrou, ce moment arrive pendant la r\u00e9volution tunisienne. Son usine de glaces est incendi\u00e9e, le mat\u00e9riel dispara\u00eet, et l\u2019assurance refuse d\u2019indemniser. Le capital s\u2019\u00e9vapore. Ce n\u2019est pas une m\u00e9taphore : il se retrouve r\u00e9ellement sans ressources.\t\t\t<\/div>\n\t\t\t\t\t<a class=\"read-more\"\n\t\t\t   href=\"https:\/\/plumeseconomiques.com\/fr\/success-stories\/habib-bouzagrou-de-lincendie-de-son-usine-a-la-reussite-dune-marque-tunisienne\/\">Lire la suite...<\/a>\n\t\t\t\t<\/div>\n\t<\/article >\n\t<\/div>\n\t\n\t<\/div><div class=\"bs-slider-controls main-term-6447\"><div class=\"bs-control-nav  bs-control-nav-style-1\"><\/div><\/div><\/div><\/div><div class=\"vc_custom_1772062823359 bs-listing bs-listing-listing-grid-1 bs-listing-single-tab\">\t<div class=\"listing listing-grid listing-grid-1 clearfix columns-3\">\n\t\t<article class=\"post-68767 type-post format-standard has-post-thumbnail   listing-item listing-item-grid listing-item-grid-1 main-term-6447\">\n\t<div class=\"item-inner\">\n\t\t\t\t\t<div class=\"featured clearfix\">\n\t\t\t\t\t\t\t\t<a  alt=\"teycyr chtioui chkarty\" title=\"Chkarty : Teycyr Chtioui transforme le textile recycl\u00e9 en succ\u00e8s social\" data-src=\"https:\/\/www.plumeseconomiques.com\/fr\/wp-content\/uploads\/2026\/02\/teycyr-chtioui-chkarty-357x210.jpg\" data-bs-srcset=\"{&quot;baseurl&quot;:&quot;https:\\\/\\\/www.plumeseconomiques.com\\\/fr\\\/wp-content\\\/uploads\\\/2026\\\/02\\\/&quot;,&quot;sizes&quot;:{&quot;210&quot;:&quot;teycyr-chtioui-chkarty-210x136.jpg&quot;,&quot;279&quot;:&quot;teycyr-chtioui-chkarty-279x220.jpg&quot;,&quot;357&quot;:&quot;teycyr-chtioui-chkarty-357x210.jpg&quot;,&quot;750&quot;:&quot;teycyr-chtioui-chkarty-750x430.jpg&quot;,&quot;1200&quot;:&quot;teycyr-chtioui-chkarty.jpg&quot;}}\"\t\t\t\t\t\tclass=\"img-holder\" href=\"https:\/\/plumeseconomiques.com\/fr\/success-stories\/chkarty-teycyr-chtioui-transforme-le-textile-recycle-en-succes-social\/\"><\/a>\n\n\t\t\t\t\t\t\t<\/div>\n\t\t<h2 class=\"title\">\t\t<a href=\"https:\/\/plumeseconomiques.com\/fr\/success-stories\/chkarty-teycyr-chtioui-transforme-le-textile-recycle-en-succes-social\/\" class=\"post-title post-url\">\n\t\t\tChkarty : Teycyr Chtioui transforme le textile recycl\u00e9 en&hellip;\t\t<\/a>\n\t\t<\/h2>\t\t<div class=\"post-meta\">\n\n\t\t\t\t\t\t\t<a href=\"https:\/\/plumeseconomiques.com\/fr\/author\/plumes\/\"\n\t\t\t\t   title=\"Parcourir les articles Auteur\"\n\t\t\t\t   class=\"post-author-a\">\n\t\t\t\t\t<i class=\"post-author author\">\n\t\t\t\t\t\tPlumes\t\t\t\t\t<\/i>\n\t\t\t\t<\/a>\n\t\t\t\t\t\t\t<span class=\"time\"><time class=\"post-published updated\"\n\t\t\t\t                         datetime=\"2026-02-26T00:24:47+01:00\">F\u00e9v 26, 2026<\/time><\/span>\n\t\t\t\t<a href=\"https:\/\/plumeseconomiques.com\/fr\/success-stories\/chkarty-teycyr-chtioui-transforme-le-textile-recycle-en-succes-social\/#disqus_thread\" title=\"Laisser un commentaire sur: &quot;Chkarty : Teycyr Chtioui transforme le textile recycl\u00e9 en succ\u00e8s social&quot;\" class=\"comments\"><i class=\"fa fa-comments-o\"><\/i> <\/a>\t\t<\/div>\n\t\t\t<\/div>\n\t<\/article >\n\t<article class=\"post-68772 type-post format-standard has-post-thumbnail   listing-item listing-item-grid listing-item-grid-1 main-term-6447\">\n\t<div class=\"item-inner\">\n\t\t\t\t\t<div class=\"featured clearfix\">\n\t\t\t\t\t\t\t\t<a  alt=\"issam sma\u00ef\" title=\"Quand une id\u00e9e devient mission : le pari \u00e9nergique d\u2019Issam Sma\u00ef\" data-src=\"https:\/\/www.plumeseconomiques.com\/fr\/wp-content\/uploads\/2026\/02\/issam-smai-357x210.jpg\" data-bs-srcset=\"{&quot;baseurl&quot;:&quot;https:\\\/\\\/www.plumeseconomiques.com\\\/fr\\\/wp-content\\\/uploads\\\/2026\\\/02\\\/&quot;,&quot;sizes&quot;:{&quot;210&quot;:&quot;issam-smai-210x136.jpg&quot;,&quot;279&quot;:&quot;issam-smai-279x220.jpg&quot;,&quot;357&quot;:&quot;issam-smai-357x210.jpg&quot;,&quot;750&quot;:&quot;issam-smai-750x430.jpg&quot;,&quot;1200&quot;:&quot;issam-smai.jpg&quot;}}\"\t\t\t\t\t\tclass=\"img-holder\" href=\"https:\/\/plumeseconomiques.com\/fr\/success-stories\/quand-une-idee-devient-mission-le-pari-energique-dissam-smai\/\"><\/a>\n\n\t\t\t\t\t\t\t<\/div>\n\t\t<h2 class=\"title\">\t\t<a href=\"https:\/\/plumeseconomiques.com\/fr\/success-stories\/quand-une-idee-devient-mission-le-pari-energique-dissam-smai\/\" class=\"post-title post-url\">\n\t\t\tQuand une id\u00e9e devient mission : le pari \u00e9nergique d\u2019Issam&hellip;\t\t<\/a>\n\t\t<\/h2>\t\t<div class=\"post-meta\">\n\n\t\t\t\t\t\t\t<a href=\"https:\/\/plumeseconomiques.com\/fr\/author\/plumes\/\"\n\t\t\t\t   title=\"Parcourir les articles Auteur\"\n\t\t\t\t   class=\"post-author-a\">\n\t\t\t\t\t<i class=\"post-author author\">\n\t\t\t\t\t\tPlumes\t\t\t\t\t<\/i>\n\t\t\t\t<\/a>\n\t\t\t\t\t\t\t<span class=\"time\"><time class=\"post-published updated\"\n\t\t\t\t                         datetime=\"2026-02-26T00:17:28+01:00\">F\u00e9v 26, 2026<\/time><\/span>\n\t\t\t\t<a href=\"https:\/\/plumeseconomiques.com\/fr\/success-stories\/quand-une-idee-devient-mission-le-pari-energique-dissam-smai\/#disqus_thread\" title=\"Laisser un commentaire sur: &quot;Quand une id\u00e9e devient mission : le pari \u00e9nergique d\u2019Issam Sma\u00ef&quot;\" class=\"comments\"><i class=\"fa fa-comments-o\"><\/i> <\/a>\t\t<\/div>\n\t\t\t<\/div>\n\t<\/article >\n\t<article class=\"post-68777 type-post format-standard has-post-thumbnail   listing-item listing-item-grid listing-item-grid-1 main-term-6447\">\n\t<div class=\"item-inner\">\n\t\t\t\t\t<div class=\"featured clearfix\">\n\t\t\t\t\t\t\t\t<a  alt=\"mariem idriss 2026\" title=\"Mariem Idriss : entre h\u00e9ritage familial et vision moderne\" data-src=\"https:\/\/www.plumeseconomiques.com\/fr\/wp-content\/uploads\/2026\/02\/mariem-idriss-2026-357x210.png\" data-bs-srcset=\"{&quot;baseurl&quot;:&quot;https:\\\/\\\/www.plumeseconomiques.com\\\/fr\\\/wp-content\\\/uploads\\\/2026\\\/02\\\/&quot;,&quot;sizes&quot;:{&quot;210&quot;:&quot;mariem-idriss-2026-210x136.png&quot;,&quot;279&quot;:&quot;mariem-idriss-2026-279x220.png&quot;,&quot;357&quot;:&quot;mariem-idriss-2026-357x210.png&quot;,&quot;750&quot;:&quot;mariem-idriss-2026-750x430.png&quot;,&quot;1200&quot;:&quot;mariem-idriss-2026.png&quot;}}\"\t\t\t\t\t\tclass=\"img-holder\" href=\"https:\/\/plumeseconomiques.com\/fr\/success-stories\/mariem-idriss-entre-heritage-familial-et-vision-moderne\/\"><\/a>\n\n\t\t\t\t\t\t\t<\/div>\n\t\t<h2 class=\"title\">\t\t<a href=\"https:\/\/plumeseconomiques.com\/fr\/success-stories\/mariem-idriss-entre-heritage-familial-et-vision-moderne\/\" class=\"post-title post-url\">\n\t\t\tMariem Idriss : entre h\u00e9ritage familial et vision moderne\t\t<\/a>\n\t\t<\/h2>\t\t<div class=\"post-meta\">\n\n\t\t\t\t\t\t\t<a href=\"https:\/\/plumeseconomiques.com\/fr\/author\/plumes\/\"\n\t\t\t\t   title=\"Parcourir les articles Auteur\"\n\t\t\t\t   class=\"post-author-a\">\n\t\t\t\t\t<i class=\"post-author author\">\n\t\t\t\t\t\tPlumes\t\t\t\t\t<\/i>\n\t\t\t\t<\/a>\n\t\t\t\t\t\t\t<span class=\"time\"><time class=\"post-published updated\"\n\t\t\t\t                         datetime=\"2026-02-25T02:55:56+01:00\">F\u00e9v 25, 2026<\/time><\/span>\n\t\t\t\t<a href=\"https:\/\/plumeseconomiques.com\/fr\/success-stories\/mariem-idriss-entre-heritage-familial-et-vision-moderne\/#disqus_thread\" title=\"Laisser un commentaire sur: &quot;Mariem Idriss : entre h\u00e9ritage familial et vision moderne&quot;\" class=\"comments\"><i class=\"fa fa-comments-o\"><\/i> <\/a>\t\t<\/div>\n\t\t\t<\/div>\n\t<\/article >\n\t<\/div>\n\t<\/div>[\/vc_column_inner][\/vc_row_inner][\/vc_column][vc_column width=\u00a0\u00bb1\/4&Prime;]<div class=\"bscb-45062 bsb-have-heading-color bs-listing bs-listing-listing-grid-1 bs-listing-single-tab pagination-animate\">\t\t<h3 class=\"section-heading sh-t4 sh-s6 main-term-61\">\n\n\t\t\n\t\t\t\t\t\t\t<a href=\"https:\/\/plumeseconomiques.com\/fr\/news\/\" class=\"main-link\">\n\t\t\t\t\t\t\t<span class=\"h-text main-term-61\">\n\t\t\t\t\t\t\t\tNews\t\t\t\t\t\t\t<\/span>\n\t\t\t\t<\/a>\n\t\t\t\n\t\t\n\t\t<\/h3>\n\t\t<div class=\"bs-slider-items-container\" data-slider-animation-speed=\"750\" data-slider-autoplay=\"0\" data-slider-control-dots=\"off\" data-slider-control-next-prev=\"style-1\" data-autoplaySpeed=\"3000\">\t\t<div class=\"bs-pagination-wrapper main-term-61 slider bs-slider-first-item bs-slider-item bs-items-4\">\n\t\t\t<div class=\"listing listing-grid listing-grid-1 clearfix columns-1\">\n\t\t<article class=\"post-70280 type-post format-standard has-post-thumbnail   listing-item listing-item-grid listing-item-grid-1 main-term-61\">\n\t<div class=\"item-inner\">\n\t\t\t\t\t<div class=\"featured clearfix\">\n\t\t\t\t\t\t\t\t<a  alt=\"herv\u00e9 kamdem nomm\u00e9 directeur g\u00e9n\u00e9ral de philip morris international en tunisie et libye\" title=\"Herv\u00e9 Kamdem nomm\u00e9 Directeur G\u00e9n\u00e9ral de Philip Morris International en Tunisie et Libye\" data-src=\"https:\/\/www.plumeseconomiques.com\/fr\/wp-content\/uploads\/2026\/04\/herve-kamdem-nomme-directeur-general-de-philip-morris-international-en-tunisie-et-libye-357x210.jpg\" data-bs-srcset=\"{&quot;baseurl&quot;:&quot;https:\\\/\\\/www.plumeseconomiques.com\\\/fr\\\/wp-content\\\/uploads\\\/2026\\\/04\\\/&quot;,&quot;sizes&quot;:{&quot;210&quot;:&quot;herve-kamdem-nomme-directeur-general-de-philip-morris-international-en-tunisie-et-libye-210x136.jpg&quot;,&quot;279&quot;:&quot;herve-kamdem-nomme-directeur-general-de-philip-morris-international-en-tunisie-et-libye-279x220.jpg&quot;,&quot;357&quot;:&quot;herve-kamdem-nomme-directeur-general-de-philip-morris-international-en-tunisie-et-libye-357x210.jpg&quot;,&quot;750&quot;:&quot;herve-kamdem-nomme-directeur-general-de-philip-morris-international-en-tunisie-et-libye-750x430.jpg&quot;,&quot;950&quot;:&quot;herve-kamdem-nomme-directeur-general-de-philip-morris-international-en-tunisie-et-libye.jpg&quot;}}\"\t\t\t\t\t\tclass=\"img-holder\" href=\"https:\/\/plumeseconomiques.com\/fr\/news\/herve-kamdem-nomme-directeur-general-de-philip-morris-international-en-tunisie-et-libye\/\"><\/a>\n\n\t\t\t\t\t\t\t<\/div>\n\t\t<h2 class=\"title\">\t\t<a href=\"https:\/\/plumeseconomiques.com\/fr\/news\/herve-kamdem-nomme-directeur-general-de-philip-morris-international-en-tunisie-et-libye\/\" class=\"post-title post-url\">\n\t\t\tHerv\u00e9 Kamdem nomm\u00e9 Directeur G\u00e9n\u00e9ral de Philip Morris International en&hellip;\t\t<\/a>\n\t\t<\/h2>\t\t<div class=\"post-meta\">\n\n\t\t\t\t\t\t\t<a href=\"https:\/\/plumeseconomiques.com\/fr\/author\/plumes\/\"\n\t\t\t\t   title=\"Parcourir les articles Auteur\"\n\t\t\t\t   class=\"post-author-a\">\n\t\t\t\t\t<i class=\"post-author author\">\n\t\t\t\t\t\tPlumes\t\t\t\t\t<\/i>\n\t\t\t\t<\/a>\n\t\t\t\t\t<\/div>\n\t\t\t<\/div>\n\t<\/article >\n\t<article class=\"post-70241 type-post format-standard has-post-thumbnail   listing-item listing-item-grid listing-item-grid-1 main-term-61\">\n\t<div class=\"item-inner\">\n\t\t\t\t\t<div class=\"featured clearfix\">\n\t\t\t\t\t\t\t\t<a  alt=\"appel \u00e0 projets 2026\" title=\"Appel \u00e0 projets 2026 : jusqu\u2019\u00e0 10 millions d\u2019euros pour financer l\u2019investissement en Tunisie\" data-src=\"https:\/\/www.plumeseconomiques.com\/fr\/wp-content\/uploads\/2026\/04\/appel-a-projets-2026-357x210.jpg\" data-bs-srcset=\"{&quot;baseurl&quot;:&quot;https:\\\/\\\/www.plumeseconomiques.com\\\/fr\\\/wp-content\\\/uploads\\\/2026\\\/04\\\/&quot;,&quot;sizes&quot;:{&quot;210&quot;:&quot;appel-a-projets-2026-210x136.jpg&quot;,&quot;279&quot;:&quot;appel-a-projets-2026-279x220.jpg&quot;,&quot;357&quot;:&quot;appel-a-projets-2026-357x210.jpg&quot;,&quot;750&quot;:&quot;appel-a-projets-2026-750x430.jpg&quot;,&quot;1200&quot;:&quot;appel-a-projets-2026.jpg&quot;}}\"\t\t\t\t\t\tclass=\"img-holder\" href=\"https:\/\/plumeseconomiques.com\/fr\/news\/appel-a-projets-2026-jusqua-10-millions-deuros-pour-financer-linvestissement-en-tunisie\/\"><\/a>\n\n\t\t\t\t\t\t\t<\/div>\n\t\t<h2 class=\"title\">\t\t<a href=\"https:\/\/plumeseconomiques.com\/fr\/news\/appel-a-projets-2026-jusqua-10-millions-deuros-pour-financer-linvestissement-en-tunisie\/\" class=\"post-title post-url\">\n\t\t\tAppel \u00e0 projets 2026 : jusqu\u2019\u00e0 10 millions d\u2019euros pour financer&hellip;\t\t<\/a>\n\t\t<\/h2>\t\t<div class=\"post-meta\">\n\n\t\t\t\t\t\t\t<a href=\"https:\/\/plumeseconomiques.com\/fr\/author\/plumes\/\"\n\t\t\t\t   title=\"Parcourir les articles Auteur\"\n\t\t\t\t   class=\"post-author-a\">\n\t\t\t\t\t<i class=\"post-author author\">\n\t\t\t\t\t\tPlumes\t\t\t\t\t<\/i>\n\t\t\t\t<\/a>\n\t\t\t\t\t<\/div>\n\t\t\t<\/div>\n\t<\/article >\n\t<article class=\"post-70230 type-post format-standard has-post-thumbnail   listing-item listing-item-grid listing-item-grid-1 main-term-61\">\n\t<div class=\"item-inner\">\n\t\t\t\t\t<div class=\"featured clearfix\">\n\t\t\t\t\t\t\t\t<a  alt=\"mat\u00e9riaux de construction\" title=\"Tunisie : les prix des mat\u00e9riaux de construction repartent \u00e0 la hausse\" data-src=\"https:\/\/www.plumeseconomiques.com\/fr\/wp-content\/uploads\/2026\/04\/materiaux-de-construction-357x210.jpg\" data-bs-srcset=\"{&quot;baseurl&quot;:&quot;https:\\\/\\\/www.plumeseconomiques.com\\\/fr\\\/wp-content\\\/uploads\\\/2026\\\/04\\\/&quot;,&quot;sizes&quot;:{&quot;210&quot;:&quot;materiaux-de-construction-210x136.jpg&quot;,&quot;279&quot;:&quot;materiaux-de-construction-279x220.jpg&quot;,&quot;357&quot;:&quot;materiaux-de-construction-357x210.jpg&quot;,&quot;750&quot;:&quot;materiaux-de-construction-750x430.jpg&quot;,&quot;1200&quot;:&quot;materiaux-de-construction.jpg&quot;}}\"\t\t\t\t\t\tclass=\"img-holder\" href=\"https:\/\/plumeseconomiques.com\/fr\/news\/tunisie-les-prix-des-materiaux-de-construction-repartent-a-la-hausse\/\"><\/a>\n\n\t\t\t\t\t\t\t<\/div>\n\t\t<h2 class=\"title\">\t\t<a href=\"https:\/\/plumeseconomiques.com\/fr\/news\/tunisie-les-prix-des-materiaux-de-construction-repartent-a-la-hausse\/\" class=\"post-title post-url\">\n\t\t\tTunisie : les prix des mat\u00e9riaux de construction repartent \u00e0 la hausse\t\t<\/a>\n\t\t<\/h2>\t\t<div class=\"post-meta\">\n\n\t\t\t\t\t\t\t<a href=\"https:\/\/plumeseconomiques.com\/fr\/author\/plumes\/\"\n\t\t\t\t   title=\"Parcourir les articles Auteur\"\n\t\t\t\t   class=\"post-author-a\">\n\t\t\t\t\t<i class=\"post-author author\">\n\t\t\t\t\t\tPlumes\t\t\t\t\t<\/i>\n\t\t\t\t<\/a>\n\t\t\t\t\t<\/div>\n\t\t\t<\/div>\n\t<\/article >\n\t<article class=\"post-70201 type-post format-standard has-post-thumbnail   listing-item listing-item-grid listing-item-grid-1 main-term-61\">\n\t<div class=\"item-inner\">\n\t\t\t\t\t<div class=\"featured clearfix\">\n\t\t\t\t\t\t\t\t<a  alt=\"trois \u00e9quipes tunisiennes brillent \u00e0 la comp\u00e9tition r\u00e9gionale\" title=\"Trois \u00e9quipes tunisiennes brillent \u00e0 la comp\u00e9tition r\u00e9gionale Huawei ICT et d\u00e9crochent leur place pour la finale mondiale en Chine\" data-src=\"https:\/\/www.plumeseconomiques.com\/fr\/wp-content\/uploads\/2026\/04\/trois-equipes-tunisiennes-brillent-a-la-competition-regionale-357x210.jpeg\" data-bs-srcset=\"{&quot;baseurl&quot;:&quot;https:\\\/\\\/www.plumeseconomiques.com\\\/fr\\\/wp-content\\\/uploads\\\/2026\\\/04\\\/&quot;,&quot;sizes&quot;:{&quot;210&quot;:&quot;trois-equipes-tunisiennes-brillent-a-la-competition-regionale-210x136.jpeg&quot;,&quot;279&quot;:&quot;trois-equipes-tunisiennes-brillent-a-la-competition-regionale-279x220.jpeg&quot;,&quot;357&quot;:&quot;trois-equipes-tunisiennes-brillent-a-la-competition-regionale-357x210.jpeg&quot;,&quot;750&quot;:&quot;trois-equipes-tunisiennes-brillent-a-la-competition-regionale-750x430.jpeg&quot;,&quot;950&quot;:&quot;trois-equipes-tunisiennes-brillent-a-la-competition-regionale.jpeg&quot;}}\"\t\t\t\t\t\tclass=\"img-holder\" href=\"https:\/\/plumeseconomiques.com\/fr\/news\/trois-equipes-tunisiennes-brillent-a-la-competition-regionale-huawei-ict-et-decrochent-leur-place-pour-la-finale-mondiale-en-chine\/\"><\/a>\n\n\t\t\t\t\t\t\t<\/div>\n\t\t<h2 class=\"title\">\t\t<a href=\"https:\/\/plumeseconomiques.com\/fr\/news\/trois-equipes-tunisiennes-brillent-a-la-competition-regionale-huawei-ict-et-decrochent-leur-place-pour-la-finale-mondiale-en-chine\/\" class=\"post-title post-url\">\n\t\t\tTrois \u00e9quipes tunisiennes brillent \u00e0 la comp\u00e9tition r\u00e9gionale Huawei&hellip;\t\t<\/a>\n\t\t<\/h2>\t\t<div class=\"post-meta\">\n\n\t\t\t\t\t\t\t<a href=\"https:\/\/plumeseconomiques.com\/fr\/author\/plumes\/\"\n\t\t\t\t   title=\"Parcourir les articles Auteur\"\n\t\t\t\t   class=\"post-author-a\">\n\t\t\t\t\t<i class=\"post-author author\">\n\t\t\t\t\t\tPlumes\t\t\t\t\t<\/i>\n\t\t\t\t<\/a>\n\t\t\t\t\t<\/div>\n\t\t\t<\/div>\n\t<\/article >\n\t<article class=\"post-70196 type-post format-standard has-post-thumbnail   listing-item listing-item-grid listing-item-grid-1 main-term-61\">\n\t<div class=\"item-inner\">\n\t\t\t\t\t<div class=\"featured clearfix\">\n\t\t\t\t\t\t\t\t<a  alt=\"visuel fr\" title=\"Hassen Arfaoui de 216 Capital s\u00e9lectionn\u00e9 pour rejoindre le programme Stanford \u00d7 500 Global VC Unlocked : Silicon Valley\" data-src=\"https:\/\/www.plumeseconomiques.com\/fr\/wp-content\/uploads\/2026\/04\/visuel-fr-357x210.jpeg\" data-bs-srcset=\"{&quot;baseurl&quot;:&quot;https:\\\/\\\/www.plumeseconomiques.com\\\/fr\\\/wp-content\\\/uploads\\\/2026\\\/04\\\/&quot;,&quot;sizes&quot;:{&quot;210&quot;:&quot;visuel-fr-210x136.jpeg&quot;,&quot;279&quot;:&quot;visuel-fr-279x220.jpeg&quot;,&quot;357&quot;:&quot;visuel-fr-357x210.jpeg&quot;,&quot;750&quot;:&quot;visuel-fr-750x430.jpeg&quot;,&quot;950&quot;:&quot;visuel-fr.jpeg&quot;}}\"\t\t\t\t\t\tclass=\"img-holder\" href=\"https:\/\/plumeseconomiques.com\/fr\/news\/hassen-arfaoui-de-216-capital-selectionne-pour-rejoindre-le-programme-stanford-x-500-global-vc-unlocked-silicon-valley\/\"><\/a>\n\n\t\t\t\t\t\t\t<\/div>\n\t\t<h2 class=\"title\">\t\t<a href=\"https:\/\/plumeseconomiques.com\/fr\/news\/hassen-arfaoui-de-216-capital-selectionne-pour-rejoindre-le-programme-stanford-x-500-global-vc-unlocked-silicon-valley\/\" class=\"post-title post-url\">\n\t\t\tHassen Arfaoui de 216 Capital s\u00e9lectionn\u00e9 pour rejoindre le programme&hellip;\t\t<\/a>\n\t\t<\/h2>\t\t<div class=\"post-meta\">\n\n\t\t\t\t\t\t\t<a href=\"https:\/\/plumeseconomiques.com\/fr\/author\/plumes\/\"\n\t\t\t\t   title=\"Parcourir les articles Auteur\"\n\t\t\t\t   class=\"post-author-a\">\n\t\t\t\t\t<i class=\"post-author author\">\n\t\t\t\t\t\tPlumes\t\t\t\t\t<\/i>\n\t\t\t\t<\/a>\n\t\t\t\t\t<\/div>\n\t\t\t<\/div>\n\t<\/article >\n\t<\/div>\n\t\n\t<\/div>\t\t<div class=\"bs-pagination-wrapper main-term-61 slider  bs-slider-item bs-items-4\">\n\t\t\t<div class=\"listing listing-grid listing-grid-1 clearfix columns-1\">\n\t\t<article class=\"post-70110 type-post format-standard has-post-thumbnail   listing-item listing-item-grid listing-item-grid-1 main-term-61\">\n\t<div class=\"item-inner\">\n\t\t\t\t\t<div class=\"featured clearfix\">\n\t\t\t\t\t\t\t\t<a  alt=\"attijariwafa bank gitex africa\" title=\"Attijariwafa bank au GITEX Africa : l\u2019innovation bancaire \u00e0 l\u2019assaut du num\u00e9rique africain\" data-src=\"https:\/\/www.plumeseconomiques.com\/fr\/wp-content\/uploads\/2026\/04\/attijariwafa-bank-gitex-africa-357x210.jpg\" data-bs-srcset=\"{&quot;baseurl&quot;:&quot;https:\\\/\\\/www.plumeseconomiques.com\\\/fr\\\/wp-content\\\/uploads\\\/2026\\\/04\\\/&quot;,&quot;sizes&quot;:{&quot;210&quot;:&quot;attijariwafa-bank-gitex-africa-210x136.jpg&quot;,&quot;279&quot;:&quot;attijariwafa-bank-gitex-africa-279x220.jpg&quot;,&quot;357&quot;:&quot;attijariwafa-bank-gitex-africa-357x210.jpg&quot;,&quot;750&quot;:&quot;attijariwafa-bank-gitex-africa-750x430.jpg&quot;,&quot;1269&quot;:&quot;attijariwafa-bank-gitex-africa.jpg&quot;}}\"\t\t\t\t\t\tclass=\"img-holder\" href=\"https:\/\/plumeseconomiques.com\/fr\/news\/attijariwafa-bank-au-gitex-africa-linnovation-bancaire-a-lassaut-du-numerique-africain\/\"><\/a>\n\n\t\t\t\t\t\t\t<\/div>\n\t\t<h2 class=\"title\">\t\t<a href=\"https:\/\/plumeseconomiques.com\/fr\/news\/attijariwafa-bank-au-gitex-africa-linnovation-bancaire-a-lassaut-du-numerique-africain\/\" class=\"post-title post-url\">\n\t\t\tAttijariwafa bank au GITEX Africa : l\u2019innovation bancaire \u00e0 l\u2019assaut&hellip;\t\t<\/a>\n\t\t<\/h2>\t\t<div class=\"post-meta\">\n\n\t\t\t\t\t\t\t<a href=\"https:\/\/plumeseconomiques.com\/fr\/author\/plumes\/\"\n\t\t\t\t   title=\"Parcourir les articles Auteur\"\n\t\t\t\t   class=\"post-author-a\">\n\t\t\t\t\t<i class=\"post-author author\">\n\t\t\t\t\t\tPlumes\t\t\t\t\t<\/i>\n\t\t\t\t<\/a>\n\t\t\t\t\t<\/div>\n\t\t\t<\/div>\n\t<\/article >\n\t<article class=\"post-70175 type-post format-standard has-post-thumbnail   listing-item listing-item-grid listing-item-grid-1 main-term-61\">\n\t<div class=\"item-inner\">\n\t\t\t\t\t<div class=\"featured clearfix\">\n\t\t\t\t\t\t\t\t<a  alt=\"AGIL organise des journ\u00e9es portes ouvertes \u00e0 la f\u00eate de ses 60 ans\" title=\"Agil Energy met \u00e0 l\u2019\u00e9preuve ses dispositifs de gestion de crise lors d\u2019une op\u00e9ration blanche \u00e0 dimension internationale\" data-src=\"https:\/\/www.plumeseconomiques.com\/fr\/wp-content\/uploads\/2021\/06\/AGIL-organise-des-journees-portes-ouvertes-a-la-fete-de-ses-60-ans-357x210.jpg\" data-bs-srcset=\"{&quot;baseurl&quot;:&quot;https:\\\/\\\/www.plumeseconomiques.com\\\/fr\\\/wp-content\\\/uploads\\\/2021\\\/06\\\/&quot;,&quot;sizes&quot;:{&quot;210&quot;:&quot;AGIL-organise-des-journees-portes-ouvertes-a-la-fete-de-ses-60-ans-210x136.jpg&quot;,&quot;279&quot;:&quot;AGIL-organise-des-journees-portes-ouvertes-a-la-fete-de-ses-60-ans-279x220.jpg&quot;,&quot;357&quot;:&quot;AGIL-organise-des-journees-portes-ouvertes-a-la-fete-de-ses-60-ans-357x210.jpg&quot;,&quot;680&quot;:&quot;AGIL-organise-des-journees-portes-ouvertes-a-la-fete-de-ses-60-ans.jpg&quot;}}\"\t\t\t\t\t\tclass=\"img-holder\" href=\"https:\/\/plumeseconomiques.com\/fr\/news\/agil-energy-met-a-lepreuve-ses-dispositifs-de-gestion-de-crise-lors-dune-operation-blanche-a-dimension-internationale\/\"><\/a>\n\n\t\t\t\t\t\t\t<\/div>\n\t\t<h2 class=\"title\">\t\t<a href=\"https:\/\/plumeseconomiques.com\/fr\/news\/agil-energy-met-a-lepreuve-ses-dispositifs-de-gestion-de-crise-lors-dune-operation-blanche-a-dimension-internationale\/\" class=\"post-title post-url\">\n\t\t\tAgil Energy met \u00e0 l\u2019\u00e9preuve ses dispositifs de gestion de crise lors&hellip;\t\t<\/a>\n\t\t<\/h2>\t\t<div class=\"post-meta\">\n\n\t\t\t\t\t\t\t<a href=\"https:\/\/plumeseconomiques.com\/fr\/author\/plumes\/\"\n\t\t\t\t   title=\"Parcourir les articles Auteur\"\n\t\t\t\t   class=\"post-author-a\">\n\t\t\t\t\t<i class=\"post-author author\">\n\t\t\t\t\t\tPlumes\t\t\t\t\t<\/i>\n\t\t\t\t<\/a>\n\t\t\t\t\t<\/div>\n\t\t\t<\/div>\n\t<\/article >\n\t<article class=\"post-70158 type-post format-standard has-post-thumbnail   listing-item listing-item-grid listing-item-grid-1 main-term-61\">\n\t<div class=\"item-inner\">\n\t\t\t\t\t<div class=\"featured clearfix\">\n\t\t\t\t\t\t\t\t<a  alt=\"you(th)care day\" title=\"YOU(TH)CARE DAY\u00a0: Une journ\u00e9e de rencontre pour connecter les jeunes et les acteurs engag\u00e9s pour l\u2019environnement\" data-src=\"https:\/\/www.plumeseconomiques.com\/fr\/wp-content\/uploads\/2026\/04\/youthcare-day-357x210.jpg\" data-bs-srcset=\"{&quot;baseurl&quot;:&quot;https:\\\/\\\/www.plumeseconomiques.com\\\/fr\\\/wp-content\\\/uploads\\\/2026\\\/04\\\/&quot;,&quot;sizes&quot;:{&quot;210&quot;:&quot;youthcare-day-210x136.jpg&quot;,&quot;279&quot;:&quot;youthcare-day-279x220.jpg&quot;,&quot;357&quot;:&quot;youthcare-day-357x210.jpg&quot;,&quot;750&quot;:&quot;youthcare-day-750x430.jpg&quot;,&quot;950&quot;:&quot;youthcare-day.jpg&quot;}}\"\t\t\t\t\t\tclass=\"img-holder\" href=\"https:\/\/plumeseconomiques.com\/fr\/news\/youthcare-day-une-journee-de-rencontre-pour-connecter-les-jeunes-et-les-acteurs-engages-pour-lenvironnement\/\"><\/a>\n\n\t\t\t\t\t\t\t<\/div>\n\t\t<h2 class=\"title\">\t\t<a href=\"https:\/\/plumeseconomiques.com\/fr\/news\/youthcare-day-une-journee-de-rencontre-pour-connecter-les-jeunes-et-les-acteurs-engages-pour-lenvironnement\/\" class=\"post-title post-url\">\n\t\t\tYOU(TH)CARE DAY\u00a0: Une journ\u00e9e de rencontre pour connecter les jeunes&hellip;\t\t<\/a>\n\t\t<\/h2>\t\t<div class=\"post-meta\">\n\n\t\t\t\t\t\t\t<a href=\"https:\/\/plumeseconomiques.com\/fr\/author\/plumes\/\"\n\t\t\t\t   title=\"Parcourir les articles Auteur\"\n\t\t\t\t   class=\"post-author-a\">\n\t\t\t\t\t<i class=\"post-author author\">\n\t\t\t\t\t\tPlumes\t\t\t\t\t<\/i>\n\t\t\t\t<\/a>\n\t\t\t\t\t<\/div>\n\t\t\t<\/div>\n\t<\/article >\n\t<article class=\"post-70138 type-post format-standard has-post-thumbnail   listing-item listing-item-grid listing-item-grid-1 main-term-61\">\n\t<div class=\"item-inner\">\n\t\t\t\t\t<div class=\"featured clearfix\">\n\t\t\t\t\t\t\t\t<a  alt=\"saison m\u00e9diterran\u00e9e 2026 200 \u00e9v\u00e9nements culturels pour r\u00e9inventer le lien entre les deux rives\" title=\"Saison M\u00e9diterran\u00e9e 2026 : 200 \u00e9v\u00e9nements culturels pour r\u00e9inventer le lien entre les deux rives\" data-src=\"https:\/\/www.plumeseconomiques.com\/fr\/wp-content\/uploads\/2026\/04\/saison-mediterranee-2026-200-evenements-culturels-pour-reinventer-le-lien-entre-les-deux-rives-357x210.jpg\" data-bs-srcset=\"{&quot;baseurl&quot;:&quot;https:\\\/\\\/www.plumeseconomiques.com\\\/fr\\\/wp-content\\\/uploads\\\/2026\\\/04\\\/&quot;,&quot;sizes&quot;:{&quot;210&quot;:&quot;saison-mediterranee-2026-200-evenements-culturels-pour-reinventer-le-lien-entre-les-deux-rives-210x136.jpg&quot;,&quot;279&quot;:&quot;saison-mediterranee-2026-200-evenements-culturels-pour-reinventer-le-lien-entre-les-deux-rives-279x220.jpg&quot;,&quot;357&quot;:&quot;saison-mediterranee-2026-200-evenements-culturels-pour-reinventer-le-lien-entre-les-deux-rives-357x210.jpg&quot;,&quot;750&quot;:&quot;saison-mediterranee-2026-200-evenements-culturels-pour-reinventer-le-lien-entre-les-deux-rives-750x430.jpg&quot;,&quot;950&quot;:&quot;saison-mediterranee-2026-200-evenements-culturels-pour-reinventer-le-lien-entre-les-deux-rives.jpg&quot;}}\"\t\t\t\t\t\tclass=\"img-holder\" href=\"https:\/\/plumeseconomiques.com\/fr\/news\/saison-mediterranee-2026-200-evenements-culturels-pour-reinventer-le-lien-entre-les-deux-rives\/\"><\/a>\n\n\t\t\t\t\t\t\t<\/div>\n\t\t<h2 class=\"title\">\t\t<a href=\"https:\/\/plumeseconomiques.com\/fr\/news\/saison-mediterranee-2026-200-evenements-culturels-pour-reinventer-le-lien-entre-les-deux-rives\/\" class=\"post-title post-url\">\n\t\t\tSaison M\u00e9diterran\u00e9e 2026 : 200 \u00e9v\u00e9nements culturels pour r\u00e9inventer le&hellip;\t\t<\/a>\n\t\t<\/h2>\t\t<div class=\"post-meta\">\n\n\t\t\t\t\t\t\t<a href=\"https:\/\/plumeseconomiques.com\/fr\/author\/plumes\/\"\n\t\t\t\t   title=\"Parcourir les articles Auteur\"\n\t\t\t\t   class=\"post-author-a\">\n\t\t\t\t\t<i class=\"post-author author\">\n\t\t\t\t\t\tPlumes\t\t\t\t\t<\/i>\n\t\t\t\t<\/a>\n\t\t\t\t\t<\/div>\n\t\t\t<\/div>\n\t<\/article >\n\t<article class=\"post-70115 type-post format-standard has-post-thumbnail   listing-item listing-item-grid listing-item-grid-1 main-term-61\">\n\t<div class=\"item-inner\">\n\t\t\t\t\t<div class=\"featured clearfix\">\n\t\t\t\t\t\t\t\t<a  alt=\"nabeul 2026\" title=\"Cette ville tunisienne plus abordable que Hammamet attire les retrait\u00e9s europ\u00e9ens\" data-src=\"https:\/\/www.plumeseconomiques.com\/fr\/wp-content\/uploads\/2026\/04\/nabeul-2026-357x210.jpg\" data-bs-srcset=\"{&quot;baseurl&quot;:&quot;https:\\\/\\\/www.plumeseconomiques.com\\\/fr\\\/wp-content\\\/uploads\\\/2026\\\/04\\\/&quot;,&quot;sizes&quot;:{&quot;210&quot;:&quot;nabeul-2026-210x136.jpg&quot;,&quot;279&quot;:&quot;nabeul-2026-279x220.jpg&quot;,&quot;357&quot;:&quot;nabeul-2026-357x210.jpg&quot;,&quot;750&quot;:&quot;nabeul-2026-750x430.jpg&quot;,&quot;1269&quot;:&quot;nabeul-2026.jpg&quot;}}\"\t\t\t\t\t\tclass=\"img-holder\" href=\"https:\/\/plumeseconomiques.com\/fr\/non-classe\/cette-ville-tunisienne-plus-abordable-que-hammamet-attire-les-retraites-europeens\/\"><\/a>\n\n\t\t\t\t\t\t\t<\/div>\n\t\t<h2 class=\"title\">\t\t<a href=\"https:\/\/plumeseconomiques.com\/fr\/non-classe\/cette-ville-tunisienne-plus-abordable-que-hammamet-attire-les-retraites-europeens\/\" class=\"post-title post-url\">\n\t\t\tCette ville tunisienne plus abordable que Hammamet attire les&hellip;\t\t<\/a>\n\t\t<\/h2>\t\t<div class=\"post-meta\">\n\n\t\t\t\t\t\t\t<a href=\"https:\/\/plumeseconomiques.com\/fr\/author\/plumes\/\"\n\t\t\t\t   title=\"Parcourir les articles Auteur\"\n\t\t\t\t   class=\"post-author-a\">\n\t\t\t\t\t<i class=\"post-author author\">\n\t\t\t\t\t\tPlumes\t\t\t\t\t<\/i>\n\t\t\t\t<\/a>\n\t\t\t\t\t<\/div>\n\t\t\t<\/div>\n\t<\/article >\n\t<\/div>\n\t\n\t<\/div>\t\t<div class=\"bs-pagination-wrapper main-term-61 slider  bs-slider-item bs-items-4\">\n\t\t\t<div class=\"listing listing-grid listing-grid-1 clearfix columns-1\">\n\t\t<article class=\"post-70105 type-post format-standard has-post-thumbnail   listing-item listing-item-grid listing-item-grid-1 main-term-61\">\n\t<div class=\"item-inner\">\n\t\t\t\t\t<div class=\"featured clearfix\">\n\t\t\t\t\t\t\t\t<a  alt=\"essect\" title=\"ESSECT : une certification ISO 21001 qui repositionne l\u2019enseignement sup\u00e9rieur tunisien\" data-src=\"https:\/\/www.plumeseconomiques.com\/fr\/wp-content\/uploads\/2026\/04\/essect-357x210.jpg\" data-bs-srcset=\"{&quot;baseurl&quot;:&quot;https:\\\/\\\/www.plumeseconomiques.com\\\/fr\\\/wp-content\\\/uploads\\\/2026\\\/04\\\/&quot;,&quot;sizes&quot;:{&quot;210&quot;:&quot;essect-210x136.jpg&quot;,&quot;279&quot;:&quot;essect-279x220.jpg&quot;,&quot;357&quot;:&quot;essect-357x210.jpg&quot;,&quot;750&quot;:&quot;essect-750x430.jpg&quot;,&quot;1269&quot;:&quot;essect.jpg&quot;}}\"\t\t\t\t\t\tclass=\"img-holder\" href=\"https:\/\/plumeseconomiques.com\/fr\/news\/essect-une-certification-iso-21001-qui-repositionne-lenseignement-superieur-tunisien\/\"><\/a>\n\n\t\t\t\t\t\t\t<\/div>\n\t\t<h2 class=\"title\">\t\t<a href=\"https:\/\/plumeseconomiques.com\/fr\/news\/essect-une-certification-iso-21001-qui-repositionne-lenseignement-superieur-tunisien\/\" class=\"post-title post-url\">\n\t\t\tESSECT : une certification ISO 21001 qui repositionne l\u2019enseignement&hellip;\t\t<\/a>\n\t\t<\/h2>\t\t<div class=\"post-meta\">\n\n\t\t\t\t\t\t\t<a href=\"https:\/\/plumeseconomiques.com\/fr\/author\/plumes\/\"\n\t\t\t\t   title=\"Parcourir les articles Auteur\"\n\t\t\t\t   class=\"post-author-a\">\n\t\t\t\t\t<i class=\"post-author author\">\n\t\t\t\t\t\tPlumes\t\t\t\t\t<\/i>\n\t\t\t\t<\/a>\n\t\t\t\t\t<\/div>\n\t\t\t<\/div>\n\t<\/article >\n\t<article class=\"post-70100 type-post format-standard has-post-thumbnail   listing-item listing-item-grid listing-item-grid-1 main-term-61\">\n\t<div class=\"item-inner\">\n\t\t\t\t\t<div class=\"featured clearfix\">\n\t\t\t\t\t\t\t\t<a  alt=\"prix des billets d&#039;avion\" title=\"Choc p\u00e9trolier : pourquoi les prix des billets d\u2019avion vont exploser en France\" data-src=\"https:\/\/www.plumeseconomiques.com\/fr\/wp-content\/uploads\/2026\/04\/prix-des-billets-davion-357x210.jpg\" data-bs-srcset=\"{&quot;baseurl&quot;:&quot;https:\\\/\\\/www.plumeseconomiques.com\\\/fr\\\/wp-content\\\/uploads\\\/2026\\\/04\\\/&quot;,&quot;sizes&quot;:{&quot;210&quot;:&quot;prix-des-billets-davion-210x136.jpg&quot;,&quot;279&quot;:&quot;prix-des-billets-davion-279x220.jpg&quot;,&quot;357&quot;:&quot;prix-des-billets-davion-357x210.jpg&quot;,&quot;750&quot;:&quot;prix-des-billets-davion-750x430.jpg&quot;,&quot;1269&quot;:&quot;prix-des-billets-davion.jpg&quot;}}\"\t\t\t\t\t\tclass=\"img-holder\" href=\"https:\/\/plumeseconomiques.com\/fr\/news\/choc-petrolier-pourquoi-les-prix-des-billets-davion-vont-exploser-en-france\/\"><\/a>\n\n\t\t\t\t\t\t\t<\/div>\n\t\t<h2 class=\"title\">\t\t<a href=\"https:\/\/plumeseconomiques.com\/fr\/news\/choc-petrolier-pourquoi-les-prix-des-billets-davion-vont-exploser-en-france\/\" class=\"post-title post-url\">\n\t\t\tChoc p\u00e9trolier : pourquoi les prix des billets d\u2019avion vont exploser&hellip;\t\t<\/a>\n\t\t<\/h2>\t\t<div class=\"post-meta\">\n\n\t\t\t\t\t\t\t<a href=\"https:\/\/plumeseconomiques.com\/fr\/author\/plumes\/\"\n\t\t\t\t   title=\"Parcourir les articles Auteur\"\n\t\t\t\t   class=\"post-author-a\">\n\t\t\t\t\t<i class=\"post-author author\">\n\t\t\t\t\t\tPlumes\t\t\t\t\t<\/i>\n\t\t\t\t<\/a>\n\t\t\t\t\t<\/div>\n\t\t\t<\/div>\n\t<\/article >\n\t<article class=\"post-70095 type-post format-standard has-post-thumbnail   listing-item listing-item-grid listing-item-grid-1 main-term-61\">\n\t<div class=\"item-inner\">\n\t\t\t\t\t<div class=\"featured clearfix\">\n\t\t\t\t\t\t\t\t<a  alt=\"gaz naturel 2026\" title=\"Nouvelle d\u00e9couverte de gaz en M\u00e9diterran\u00e9e \u2014 un levier strat\u00e9gique face \u00e0 la crise \u00e9nerg\u00e9tique\" data-src=\"https:\/\/www.plumeseconomiques.com\/fr\/wp-content\/uploads\/2026\/04\/gaz-naturel-2026-357x210.jpg\" data-bs-srcset=\"{&quot;baseurl&quot;:&quot;https:\\\/\\\/www.plumeseconomiques.com\\\/fr\\\/wp-content\\\/uploads\\\/2026\\\/04\\\/&quot;,&quot;sizes&quot;:{&quot;210&quot;:&quot;gaz-naturel-2026-210x136.jpg&quot;,&quot;279&quot;:&quot;gaz-naturel-2026-279x220.jpg&quot;,&quot;357&quot;:&quot;gaz-naturel-2026-357x210.jpg&quot;,&quot;750&quot;:&quot;gaz-naturel-2026-750x430.jpg&quot;,&quot;1269&quot;:&quot;gaz-naturel-2026.jpg&quot;}}\"\t\t\t\t\t\tclass=\"img-holder\" href=\"https:\/\/plumeseconomiques.com\/fr\/news\/nouvelle-decouverte-de-gaz-en-mediterranee-un-levier-strategique-face-a-la-crise-energetique\/\"><\/a>\n\n\t\t\t\t\t\t\t<\/div>\n\t\t<h2 class=\"title\">\t\t<a href=\"https:\/\/plumeseconomiques.com\/fr\/news\/nouvelle-decouverte-de-gaz-en-mediterranee-un-levier-strategique-face-a-la-crise-energetique\/\" class=\"post-title post-url\">\n\t\t\tNouvelle d\u00e9couverte de gaz en M\u00e9diterran\u00e9e \u2014 un levier strat\u00e9gique&hellip;\t\t<\/a>\n\t\t<\/h2>\t\t<div class=\"post-meta\">\n\n\t\t\t\t\t\t\t<a href=\"https:\/\/plumeseconomiques.com\/fr\/author\/plumes\/\"\n\t\t\t\t   title=\"Parcourir les articles Auteur\"\n\t\t\t\t   class=\"post-author-a\">\n\t\t\t\t\t<i class=\"post-author author\">\n\t\t\t\t\t\tPlumes\t\t\t\t\t<\/i>\n\t\t\t\t<\/a>\n\t\t\t\t\t<\/div>\n\t\t\t<\/div>\n\t<\/article >\n\t<article class=\"post-70071 type-post format-standard has-post-thumbnail   listing-item listing-item-grid listing-item-grid-1 main-term-61\">\n\t<div class=\"item-inner\">\n\t\t\t\t\t<div class=\"featured clearfix\">\n\t\t\t\t\t\t\t\t<a  alt=\"inflation Tunisie 2026\" title=\"Inflation en Tunisie : stabilit\u00e9 \u00e0 5% en mars 2026 mais pressions persistantes sur l\u2019alimentation\" data-src=\"https:\/\/www.plumeseconomiques.com\/fr\/wp-content\/uploads\/2026\/02\/inflation-Tunisie-2026-357x210.jpg\" data-bs-srcset=\"{&quot;baseurl&quot;:&quot;https:\\\/\\\/www.plumeseconomiques.com\\\/fr\\\/wp-content\\\/uploads\\\/2026\\\/02\\\/&quot;,&quot;sizes&quot;:{&quot;210&quot;:&quot;inflation-Tunisie-2026-210x136.jpg&quot;,&quot;279&quot;:&quot;inflation-Tunisie-2026-279x220.jpg&quot;,&quot;357&quot;:&quot;inflation-Tunisie-2026-357x210.jpg&quot;,&quot;750&quot;:&quot;inflation-Tunisie-2026-750x430.jpg&quot;,&quot;1200&quot;:&quot;inflation-Tunisie-2026.jpg&quot;}}\"\t\t\t\t\t\tclass=\"img-holder\" href=\"https:\/\/plumeseconomiques.com\/fr\/news\/inflation-en-tunisie-stabilite-a-5-en-mars-2026-mais-pressions-persistantes-sur-lalimentation\/\"><\/a>\n\n\t\t\t\t\t\t\t<\/div>\n\t\t<h2 class=\"title\">\t\t<a href=\"https:\/\/plumeseconomiques.com\/fr\/news\/inflation-en-tunisie-stabilite-a-5-en-mars-2026-mais-pressions-persistantes-sur-lalimentation\/\" class=\"post-title post-url\">\n\t\t\tInflation en Tunisie : stabilit\u00e9 \u00e0 5% en mars 2026 mais pressions&hellip;\t\t<\/a>\n\t\t<\/h2>\t\t<div class=\"post-meta\">\n\n\t\t\t\t\t\t\t<a href=\"https:\/\/plumeseconomiques.com\/fr\/author\/plumes\/\"\n\t\t\t\t   title=\"Parcourir les articles Auteur\"\n\t\t\t\t   class=\"post-author-a\">\n\t\t\t\t\t<i class=\"post-author author\">\n\t\t\t\t\t\tPlumes\t\t\t\t\t<\/i>\n\t\t\t\t<\/a>\n\t\t\t\t\t<\/div>\n\t\t\t<\/div>\n\t<\/article >\n\t<article class=\"post-70066 type-post format-standard has-post-thumbnail   listing-item listing-item-grid listing-item-grid-1 main-term-61\">\n\t<div class=\"item-inner\">\n\t\t\t\t\t<div class=\"featured clearfix\">\n\t\t\t\t\t\t\t\t<a  alt=\"sofiene hemissi\" title=\"Tunisie : acc\u00e9l\u00e9ration de la transformation num\u00e9rique de l\u2019administration en 2026\" data-src=\"https:\/\/www.plumeseconomiques.com\/fr\/wp-content\/uploads\/2026\/04\/sofiene-hemissi-357x210.jpg\" data-bs-srcset=\"{&quot;baseurl&quot;:&quot;https:\\\/\\\/www.plumeseconomiques.com\\\/fr\\\/wp-content\\\/uploads\\\/2026\\\/04\\\/&quot;,&quot;sizes&quot;:{&quot;210&quot;:&quot;sofiene-hemissi-210x136.jpg&quot;,&quot;279&quot;:&quot;sofiene-hemissi-279x220.jpg&quot;,&quot;357&quot;:&quot;sofiene-hemissi-357x210.jpg&quot;,&quot;750&quot;:&quot;sofiene-hemissi-750x430.jpg&quot;,&quot;1200&quot;:&quot;sofiene-hemissi.jpg&quot;}}\"\t\t\t\t\t\tclass=\"img-holder\" href=\"https:\/\/plumeseconomiques.com\/fr\/news\/tunisie-acceleration-de-la-transformation-numerique-de-ladministration-en-2026\/\"><\/a>\n\n\t\t\t\t\t\t\t<\/div>\n\t\t<h2 class=\"title\">\t\t<a href=\"https:\/\/plumeseconomiques.com\/fr\/news\/tunisie-acceleration-de-la-transformation-numerique-de-ladministration-en-2026\/\" class=\"post-title post-url\">\n\t\t\tTunisie : acc\u00e9l\u00e9ration de la transformation num\u00e9rique de&hellip;\t\t<\/a>\n\t\t<\/h2>\t\t<div class=\"post-meta\">\n\n\t\t\t\t\t\t\t<a href=\"https:\/\/plumeseconomiques.com\/fr\/author\/plumes\/\"\n\t\t\t\t   title=\"Parcourir les articles Auteur\"\n\t\t\t\t   class=\"post-author-a\">\n\t\t\t\t\t<i class=\"post-author author\">\n\t\t\t\t\t\tPlumes\t\t\t\t\t<\/i>\n\t\t\t\t<\/a>\n\t\t\t\t\t<\/div>\n\t\t\t<\/div>\n\t<\/article >\n\t<\/div>\n\t\n\t<\/div>\t\t<div class=\"bs-pagination-wrapper main-term-61 slider  bs-slider-item bs-items-4\">\n\t\t\t<div class=\"listing listing-grid listing-grid-1 clearfix columns-1\">\n\t\t<article class=\"post-70060 type-post format-standard has-post-thumbnail   listing-item listing-item-grid listing-item-grid-1 main-term-61\">\n\t<div class=\"item-inner\">\n\t\t\t\t\t<div class=\"featured clearfix\">\n\t\t\t\t\t\t\t\t<a  alt=\"abysses afrique\" title=\"Une nouvelle fronti\u00e8re : le tourisme des abysses\" data-src=\"https:\/\/www.plumeseconomiques.com\/fr\/wp-content\/uploads\/2026\/04\/abysses-afrique-357x210.jpg\" data-bs-srcset=\"{&quot;baseurl&quot;:&quot;https:\\\/\\\/www.plumeseconomiques.com\\\/fr\\\/wp-content\\\/uploads\\\/2026\\\/04\\\/&quot;,&quot;sizes&quot;:{&quot;210&quot;:&quot;abysses-afrique-210x136.jpg&quot;,&quot;279&quot;:&quot;abysses-afrique-279x220.jpg&quot;,&quot;357&quot;:&quot;abysses-afrique-357x210.jpg&quot;,&quot;750&quot;:&quot;abysses-afrique-750x430.jpg&quot;,&quot;1200&quot;:&quot;abysses-afrique.jpg&quot;}}\"\t\t\t\t\t\tclass=\"img-holder\" href=\"https:\/\/plumeseconomiques.com\/fr\/news\/une-nouvelle-frontiere-le-tourisme-des-abysses\/\"><\/a>\n\n\t\t\t\t\t\t\t<\/div>\n\t\t<h2 class=\"title\">\t\t<a href=\"https:\/\/plumeseconomiques.com\/fr\/news\/une-nouvelle-frontiere-le-tourisme-des-abysses\/\" class=\"post-title post-url\">\n\t\t\tUne nouvelle fronti\u00e8re : le tourisme des abysses\t\t<\/a>\n\t\t<\/h2>\t\t<div class=\"post-meta\">\n\n\t\t\t\t\t\t\t<a href=\"https:\/\/plumeseconomiques.com\/fr\/author\/plumes\/\"\n\t\t\t\t   title=\"Parcourir les articles Auteur\"\n\t\t\t\t   class=\"post-author-a\">\n\t\t\t\t\t<i class=\"post-author author\">\n\t\t\t\t\t\tPlumes\t\t\t\t\t<\/i>\n\t\t\t\t<\/a>\n\t\t\t\t\t<\/div>\n\t\t\t<\/div>\n\t<\/article >\n\t<article class=\"post-70055 type-post format-standard has-post-thumbnail   listing-item listing-item-grid listing-item-grid-1 main-term-61\">\n\t<div class=\"item-inner\">\n\t\t\t\t\t<div class=\"featured clearfix\">\n\t\t\t\t\t\t\t\t<a  alt=\"chine togo\" title=\"La Chine renforce son soutien alimentaire et agricole au Togo\" data-src=\"https:\/\/www.plumeseconomiques.com\/fr\/wp-content\/uploads\/2026\/04\/chine-togo-357x210.jpg\" data-bs-srcset=\"{&quot;baseurl&quot;:&quot;https:\\\/\\\/www.plumeseconomiques.com\\\/fr\\\/wp-content\\\/uploads\\\/2026\\\/04\\\/&quot;,&quot;sizes&quot;:{&quot;210&quot;:&quot;chine-togo-210x136.jpg&quot;,&quot;279&quot;:&quot;chine-togo-279x220.jpg&quot;,&quot;357&quot;:&quot;chine-togo-357x210.jpg&quot;,&quot;750&quot;:&quot;chine-togo-750x430.jpg&quot;,&quot;1200&quot;:&quot;chine-togo.jpg&quot;}}\"\t\t\t\t\t\tclass=\"img-holder\" href=\"https:\/\/plumeseconomiques.com\/fr\/news\/la-chine-renforce-son-soutien-alimentaire-et-agricole-au-togo\/\"><\/a>\n\n\t\t\t\t\t\t\t<\/div>\n\t\t<h2 class=\"title\">\t\t<a href=\"https:\/\/plumeseconomiques.com\/fr\/news\/la-chine-renforce-son-soutien-alimentaire-et-agricole-au-togo\/\" class=\"post-title post-url\">\n\t\t\tLa Chine renforce son soutien alimentaire et agricole au Togo\t\t<\/a>\n\t\t<\/h2>\t\t<div class=\"post-meta\">\n\n\t\t\t\t\t\t\t<a href=\"https:\/\/plumeseconomiques.com\/fr\/author\/plumes\/\"\n\t\t\t\t   title=\"Parcourir les articles Auteur\"\n\t\t\t\t   class=\"post-author-a\">\n\t\t\t\t\t<i class=\"post-author author\">\n\t\t\t\t\t\tPlumes\t\t\t\t\t<\/i>\n\t\t\t\t<\/a>\n\t\t\t\t\t<\/div>\n\t\t\t<\/div>\n\t<\/article >\n\t<article class=\"post-70050 type-post format-standard has-post-thumbnail   listing-item listing-item-grid listing-item-grid-1 main-term-61\">\n\t<div class=\"item-inner\">\n\t\t\t\t\t<div class=\"featured clearfix\">\n\t\t\t\t\t\t\t\t<a  alt=\"l&#039;esp\u00e9rance de vie tunisie\" title=\"La Tunisie face au vieillissement : une hausse notable de l\u2019esp\u00e9rance de vie\" data-src=\"https:\/\/www.plumeseconomiques.com\/fr\/wp-content\/uploads\/2026\/04\/lesperance-de-vie-tunisie-357x210.jpg\" data-bs-srcset=\"{&quot;baseurl&quot;:&quot;https:\\\/\\\/www.plumeseconomiques.com\\\/fr\\\/wp-content\\\/uploads\\\/2026\\\/04\\\/&quot;,&quot;sizes&quot;:{&quot;210&quot;:&quot;lesperance-de-vie-tunisie-210x136.jpg&quot;,&quot;279&quot;:&quot;lesperance-de-vie-tunisie-279x220.jpg&quot;,&quot;357&quot;:&quot;lesperance-de-vie-tunisie-357x210.jpg&quot;,&quot;750&quot;:&quot;lesperance-de-vie-tunisie-750x430.jpg&quot;,&quot;1200&quot;:&quot;lesperance-de-vie-tunisie.jpg&quot;}}\"\t\t\t\t\t\tclass=\"img-holder\" href=\"https:\/\/plumeseconomiques.com\/fr\/news\/la-tunisie-face-au-vieillissement-une-hausse-notable-de-lesperance-de-vie\/\"><\/a>\n\n\t\t\t\t\t\t\t<\/div>\n\t\t<h2 class=\"title\">\t\t<a href=\"https:\/\/plumeseconomiques.com\/fr\/news\/la-tunisie-face-au-vieillissement-une-hausse-notable-de-lesperance-de-vie\/\" class=\"post-title post-url\">\n\t\t\tLa Tunisie face au vieillissement : une hausse notable de l\u2019esp\u00e9rance&hellip;\t\t<\/a>\n\t\t<\/h2>\t\t<div class=\"post-meta\">\n\n\t\t\t\t\t\t\t<a href=\"https:\/\/plumeseconomiques.com\/fr\/author\/plumes\/\"\n\t\t\t\t   title=\"Parcourir les articles Auteur\"\n\t\t\t\t   class=\"post-author-a\">\n\t\t\t\t\t<i class=\"post-author author\">\n\t\t\t\t\t\tPlumes\t\t\t\t\t<\/i>\n\t\t\t\t<\/a>\n\t\t\t\t\t<\/div>\n\t\t\t<\/div>\n\t<\/article >\n\t<article class=\"post-70026 type-post format-standard has-post-thumbnail   listing-item listing-item-grid listing-item-grid-1 main-term-61\">\n\t<div class=\"item-inner\">\n\t\t\t\t\t<div class=\"featured clearfix\">\n\t\t\t\t\t\t\t\t<a  alt=\"tunisie destination ghana\" title=\"Destination Ghana : le visa devient gratuit pour les Tunisiens\u00a0\" data-src=\"https:\/\/www.plumeseconomiques.com\/fr\/wp-content\/uploads\/2026\/04\/tunisie-destination-ghana-357x210.jpg\" data-bs-srcset=\"{&quot;baseurl&quot;:&quot;https:\\\/\\\/www.plumeseconomiques.com\\\/fr\\\/wp-content\\\/uploads\\\/2026\\\/04\\\/&quot;,&quot;sizes&quot;:{&quot;210&quot;:&quot;tunisie-destination-ghana-210x136.jpg&quot;,&quot;279&quot;:&quot;tunisie-destination-ghana-279x220.jpg&quot;,&quot;357&quot;:&quot;tunisie-destination-ghana-357x210.jpg&quot;,&quot;750&quot;:&quot;tunisie-destination-ghana-750x430.jpg&quot;,&quot;1200&quot;:&quot;tunisie-destination-ghana.jpg&quot;}}\"\t\t\t\t\t\tclass=\"img-holder\" href=\"https:\/\/plumeseconomiques.com\/fr\/news\/destination-ghana-le-visa-devient-gratuit-pour-les-tunisiens\/\"><\/a>\n\n\t\t\t\t\t\t\t<\/div>\n\t\t<h2 class=\"title\">\t\t<a href=\"https:\/\/plumeseconomiques.com\/fr\/news\/destination-ghana-le-visa-devient-gratuit-pour-les-tunisiens\/\" class=\"post-title post-url\">\n\t\t\tDestination Ghana : le visa devient gratuit pour les Tunisiens\u00a0\t\t<\/a>\n\t\t<\/h2>\t\t<div class=\"post-meta\">\n\n\t\t\t\t\t\t\t<a href=\"https:\/\/plumeseconomiques.com\/fr\/author\/plumes\/\"\n\t\t\t\t   title=\"Parcourir les articles Auteur\"\n\t\t\t\t   class=\"post-author-a\">\n\t\t\t\t\t<i class=\"post-author author\">\n\t\t\t\t\t\tPlumes\t\t\t\t\t<\/i>\n\t\t\t\t<\/a>\n\t\t\t\t\t<\/div>\n\t\t\t<\/div>\n\t<\/article >\n\t<article class=\"post-70020 type-post format-standard has-post-thumbnail   listing-item listing-item-grid listing-item-grid-1 main-term-61\">\n\t<div class=\"item-inner\">\n\t\t\t\t\t<div class=\"featured clearfix\">\n\t\t\t\t\t\t\t\t<a  alt=\"pays africains les plus attractifs 1\" title=\"Les 38 pays Africains les plus attractifs pour les multinationales en 2026\" data-src=\"https:\/\/www.plumeseconomiques.com\/fr\/wp-content\/uploads\/2026\/04\/pays-africains-les-plus-attractifs-1-357x210.jpg\" data-bs-srcset=\"{&quot;baseurl&quot;:&quot;https:\\\/\\\/www.plumeseconomiques.com\\\/fr\\\/wp-content\\\/uploads\\\/2026\\\/04\\\/&quot;,&quot;sizes&quot;:{&quot;210&quot;:&quot;pays-africains-les-plus-attractifs-1-210x136.jpg&quot;,&quot;279&quot;:&quot;pays-africains-les-plus-attractifs-1-279x220.jpg&quot;,&quot;357&quot;:&quot;pays-africains-les-plus-attractifs-1-357x210.jpg&quot;,&quot;750&quot;:&quot;pays-africains-les-plus-attractifs-1-750x430.jpg&quot;,&quot;1200&quot;:&quot;pays-africains-les-plus-attractifs-1.jpg&quot;}}\"\t\t\t\t\t\tclass=\"img-holder\" href=\"https:\/\/plumeseconomiques.com\/fr\/news\/les-38-pays-africains-les-plus-attractifs-pour-les-multinationales-en-2026\/\"><\/a>\n\n\t\t\t\t\t\t\t<\/div>\n\t\t<h2 class=\"title\">\t\t<a href=\"https:\/\/plumeseconomiques.com\/fr\/news\/les-38-pays-africains-les-plus-attractifs-pour-les-multinationales-en-2026\/\" class=\"post-title post-url\">\n\t\t\tLes 38 pays Africains les plus attractifs pour les multinationales en&hellip;\t\t<\/a>\n\t\t<\/h2>\t\t<div class=\"post-meta\">\n\n\t\t\t\t\t\t\t<a href=\"https:\/\/plumeseconomiques.com\/fr\/author\/plumes\/\"\n\t\t\t\t   title=\"Parcourir les articles Auteur\"\n\t\t\t\t   class=\"post-author-a\">\n\t\t\t\t\t<i class=\"post-author author\">\n\t\t\t\t\t\tPlumes\t\t\t\t\t<\/i>\n\t\t\t\t<\/a>\n\t\t\t\t\t<\/div>\n\t\t\t<\/div>\n\t<\/article >\n\t<\/div>\n\t\n\t<\/div><div class=\"bs-slider-controls main-term-61\"><div class=\"bs-control-nav  bs-control-nav-style-1\"><\/div><\/div><\/div><\/div><div class=\"bscb-73283 bsb-have-heading-color bs-listing bs-listing-listing-grid-1 bs-listing-single-tab pagination-animate\">\t\t<h3 class=\"section-heading sh-t4 sh-s6 main-term-81\">\n\n\t\t\n\t\t\t\t\t\t\t<a href=\"https:\/\/plumeseconomiques.com\/fr\/finance\/\" class=\"main-link\">\n\t\t\t\t\t\t\t<span class=\"h-text main-term-81\">\n\t\t\t\t\t\t\t\tFinance\t\t\t\t\t\t\t<\/span>\n\t\t\t\t<\/a>\n\t\t\t\n\t\t\n\t\t<\/h3>\n\t\t<div class=\"bs-slider-items-container\" data-slider-animation-speed=\"750\" data-slider-autoplay=\"0\" data-slider-control-dots=\"off\" data-slider-control-next-prev=\"style-1\" data-autoplaySpeed=\"3000\">\t\t<div class=\"bs-pagination-wrapper main-term-81 slider bs-slider-first-item bs-slider-item bs-items-4\">\n\t\t\t<div class=\"listing listing-grid listing-grid-1 clearfix columns-1\">\n\t\t<article class=\"post-69999 type-post format-standard has-post-thumbnail   listing-item listing-item-grid listing-item-grid-1 main-term-81\">\n\t<div class=\"item-inner\">\n\t\t\t\t\t<div class=\"featured clearfix\">\n\t\t\t\t\t\t\t\t<a  alt=\"shelter afrique development bank\" title=\"Shelter Afrique Development Bank s\u2019installe \u00e0 Abidjan : un tournant pour le financement du logement en Afrique de l\u2019Ouest\" data-src=\"https:\/\/www.plumeseconomiques.com\/fr\/wp-content\/uploads\/2026\/04\/shelter-afrique-development-bank-357x210.jpg\" data-bs-srcset=\"{&quot;baseurl&quot;:&quot;https:\\\/\\\/www.plumeseconomiques.com\\\/fr\\\/wp-content\\\/uploads\\\/2026\\\/04\\\/&quot;,&quot;sizes&quot;:{&quot;210&quot;:&quot;shelter-afrique-development-bank-210x136.jpg&quot;,&quot;279&quot;:&quot;shelter-afrique-development-bank-279x220.jpg&quot;,&quot;357&quot;:&quot;shelter-afrique-development-bank-357x210.jpg&quot;,&quot;750&quot;:&quot;shelter-afrique-development-bank-750x430.jpg&quot;,&quot;1200&quot;:&quot;shelter-afrique-development-bank.jpg&quot;}}\"\t\t\t\t\t\tclass=\"img-holder\" href=\"https:\/\/plumeseconomiques.com\/fr\/finance\/shelter-afrique-development-bank-sinstalle-a-abidjan-un-tournant-pour-le-financement-du-logement-en-afrique-de-louest\/\"><\/a>\n\n\t\t\t\t\t\t\t<\/div>\n\t\t<h2 class=\"title\">\t\t<a href=\"https:\/\/plumeseconomiques.com\/fr\/finance\/shelter-afrique-development-bank-sinstalle-a-abidjan-un-tournant-pour-le-financement-du-logement-en-afrique-de-louest\/\" class=\"post-title post-url\">\n\t\t\tShelter Afrique Development Bank s\u2019installe \u00e0 Abidjan : un tournant&hellip;\t\t<\/a>\n\t\t<\/h2>\t\t<div class=\"post-meta\">\n\n\t\t\t\t\t\t\t<a href=\"https:\/\/plumeseconomiques.com\/fr\/author\/plumes\/\"\n\t\t\t\t   title=\"Parcourir les articles Auteur\"\n\t\t\t\t   class=\"post-author-a\">\n\t\t\t\t\t<i class=\"post-author author\">\n\t\t\t\t\t\tPlumes\t\t\t\t\t<\/i>\n\t\t\t\t<\/a>\n\t\t\t\t\t<\/div>\n\t\t\t<\/div>\n\t<\/article >\n\t<article class=\"post-69791 type-post format-standard has-post-thumbnail   listing-item listing-item-grid listing-item-grid-1 main-term-81\">\n\t<div class=\"item-inner\">\n\t\t\t\t\t<div class=\"featured clearfix\">\n\t\t\t\t\t\t\t\t<a  alt=\"sfd-plumeseconomiques\" title=\"Le Fonds saoudien pour le d\u00e9veloppement investit 75 millions de dollars dans un corridor routier strat\u00e9gique au Cameroun\" data-src=\"https:\/\/www.plumeseconomiques.com\/fr\/wp-content\/uploads\/2026\/03\/sfd_logo_1774344222-357x210.jpg\" data-bs-srcset=\"{&quot;baseurl&quot;:&quot;https:\\\/\\\/www.plumeseconomiques.com\\\/fr\\\/wp-content\\\/uploads\\\/2026\\\/03\\\/&quot;,&quot;sizes&quot;:{&quot;210&quot;:&quot;sfd_logo_1774344222-210x136.jpg&quot;,&quot;279&quot;:&quot;sfd_logo_1774344222-279x220.jpg&quot;,&quot;357&quot;:&quot;sfd_logo_1774344222-357x210.jpg&quot;,&quot;750&quot;:&quot;sfd_logo_1774344222-750x430.jpg&quot;,&quot;950&quot;:&quot;sfd_logo_1774344222.jpg&quot;}}\"\t\t\t\t\t\tclass=\"img-holder\" href=\"https:\/\/plumeseconomiques.com\/fr\/international-echo\/le-fonds-saoudien-pour-le-developpement-investit-75-millions-de-dollars-dans-un-corridor-routier-strategique-au-cameroun\/\"><\/a>\n\n\t\t\t\t\t\t\t<\/div>\n\t\t<h2 class=\"title\">\t\t<a href=\"https:\/\/plumeseconomiques.com\/fr\/international-echo\/le-fonds-saoudien-pour-le-developpement-investit-75-millions-de-dollars-dans-un-corridor-routier-strategique-au-cameroun\/\" class=\"post-title post-url\">\n\t\t\tLe Fonds saoudien pour le d\u00e9veloppement investit 75 millions de&hellip;\t\t<\/a>\n\t\t<\/h2>\t\t<div class=\"post-meta\">\n\n\t\t\t\t\t\t\t<a href=\"https:\/\/plumeseconomiques.com\/fr\/author\/plumes\/\"\n\t\t\t\t   title=\"Parcourir les articles Auteur\"\n\t\t\t\t   class=\"post-author-a\">\n\t\t\t\t\t<i class=\"post-author author\">\n\t\t\t\t\t\tPlumes\t\t\t\t\t<\/i>\n\t\t\t\t<\/a>\n\t\t\t\t\t<\/div>\n\t\t\t<\/div>\n\t<\/article >\n\t<article class=\"post-69478 type-post format-standard has-post-thumbnail   listing-item listing-item-grid listing-item-grid-1 main-term-81\">\n\t<div class=\"item-inner\">\n\t\t\t\t\t<div class=\"featured clearfix\">\n\t\t\t\t\t\t\t\t<a  alt=\"revenu national brut arabe\" title=\"Le Revenu National Brut des pays arabes et la position de la Tunisie\" data-src=\"https:\/\/www.plumeseconomiques.com\/fr\/wp-content\/uploads\/2026\/03\/revenu-national-brut-arabe-357x210.jpg\" data-bs-srcset=\"{&quot;baseurl&quot;:&quot;https:\\\/\\\/www.plumeseconomiques.com\\\/fr\\\/wp-content\\\/uploads\\\/2026\\\/03\\\/&quot;,&quot;sizes&quot;:{&quot;210&quot;:&quot;revenu-national-brut-arabe-210x136.jpg&quot;,&quot;279&quot;:&quot;revenu-national-brut-arabe-279x220.jpg&quot;,&quot;357&quot;:&quot;revenu-national-brut-arabe-357x210.jpg&quot;,&quot;750&quot;:&quot;revenu-national-brut-arabe-750x430.jpg&quot;,&quot;1200&quot;:&quot;revenu-national-brut-arabe.jpg&quot;}}\"\t\t\t\t\t\tclass=\"img-holder\" href=\"https:\/\/plumeseconomiques.com\/fr\/finance\/le-revenu-national-brut-des-pays-arabes-et-la-position-de-la-tunisie\/\"><\/a>\n\n\t\t\t\t\t\t\t<\/div>\n\t\t<h2 class=\"title\">\t\t<a href=\"https:\/\/plumeseconomiques.com\/fr\/finance\/le-revenu-national-brut-des-pays-arabes-et-la-position-de-la-tunisie\/\" class=\"post-title post-url\">\n\t\t\tLe Revenu National Brut des pays arabes et la position de la Tunisie\t\t<\/a>\n\t\t<\/h2>\t\t<div class=\"post-meta\">\n\n\t\t\t\t\t\t\t<a href=\"https:\/\/plumeseconomiques.com\/fr\/author\/plumes\/\"\n\t\t\t\t   title=\"Parcourir les articles Auteur\"\n\t\t\t\t   class=\"post-author-a\">\n\t\t\t\t\t<i class=\"post-author author\">\n\t\t\t\t\t\tPlumes\t\t\t\t\t<\/i>\n\t\t\t\t<\/a>\n\t\t\t\t\t<\/div>\n\t\t\t<\/div>\n\t<\/article >\n\t<article class=\"post-69416 type-post format-standard has-post-thumbnail   listing-item listing-item-grid listing-item-grid-1 main-term-81\">\n\t<div class=\"item-inner\">\n\t\t\t\t\t<div class=\"featured clearfix\">\n\t\t\t\t\t\t\t\t<a  alt=\"BAD\" title=\"BAD : 6,5 millions d\u2019euros pour financer les start-up tech en Afrique francophone\" data-src=\"https:\/\/www.plumeseconomiques.com\/fr\/wp-content\/uploads\/2023\/12\/BAD-357x210.jpg\" data-bs-srcset=\"{&quot;baseurl&quot;:&quot;https:\\\/\\\/www.plumeseconomiques.com\\\/fr\\\/wp-content\\\/uploads\\\/2023\\\/12\\\/&quot;,&quot;sizes&quot;:{&quot;210&quot;:&quot;BAD-210x136.jpg&quot;,&quot;279&quot;:&quot;BAD-279x220.jpg&quot;,&quot;357&quot;:&quot;BAD-357x210.jpg&quot;,&quot;680&quot;:&quot;BAD.jpg&quot;}}\"\t\t\t\t\t\tclass=\"img-holder\" href=\"https:\/\/plumeseconomiques.com\/fr\/finance\/bad-65-millions-deuros-pour-financer-les-start-up-tech-en-afrique-francophone\/\"><\/a>\n\n\t\t\t\t\t\t\t<\/div>\n\t\t<h2 class=\"title\">\t\t<a href=\"https:\/\/plumeseconomiques.com\/fr\/finance\/bad-65-millions-deuros-pour-financer-les-start-up-tech-en-afrique-francophone\/\" class=\"post-title post-url\">\n\t\t\tBAD : 6,5 millions d\u2019euros pour financer les start-up tech en Afrique&hellip;\t\t<\/a>\n\t\t<\/h2>\t\t<div class=\"post-meta\">\n\n\t\t\t\t\t\t\t<a href=\"https:\/\/plumeseconomiques.com\/fr\/author\/plumes\/\"\n\t\t\t\t   title=\"Parcourir les articles Auteur\"\n\t\t\t\t   class=\"post-author-a\">\n\t\t\t\t\t<i class=\"post-author author\">\n\t\t\t\t\t\tPlumes\t\t\t\t\t<\/i>\n\t\t\t\t<\/a>\n\t\t\t\t\t<\/div>\n\t\t\t<\/div>\n\t<\/article >\n\t<\/div>\n\t\n\t<\/div>\t\t<div class=\"bs-pagination-wrapper main-term-81 slider  bs-slider-item bs-items-4\">\n\t\t\t<div class=\"listing listing-grid listing-grid-1 clearfix columns-1\">\n\t\t<article class=\"post-69246 type-post format-standard has-post-thumbnail   listing-item listing-item-grid listing-item-grid-1 main-term-81\">\n\t<div class=\"item-inner\">\n\t\t\t\t\t<div class=\"featured clearfix\">\n\t\t\t\t\t\t\t\t<a  alt=\"direction g\u00e9n\u00e9rale des \u00c9tudes et de la l\u00e9gislation fiscale\" title=\"Tunisie : un nouveau dispositif pour r\u00e9gler les dettes fiscales en 2026\" data-src=\"https:\/\/www.plumeseconomiques.com\/fr\/wp-content\/uploads\/2026\/03\/direction-generale-des-etudes-et-de-la-legislation-fiscale-357x210.jpg\" data-bs-srcset=\"{&quot;baseurl&quot;:&quot;https:\\\/\\\/www.plumeseconomiques.com\\\/fr\\\/wp-content\\\/uploads\\\/2026\\\/03\\\/&quot;,&quot;sizes&quot;:{&quot;210&quot;:&quot;direction-generale-des-etudes-et-de-la-legislation-fiscale-210x136.jpg&quot;,&quot;279&quot;:&quot;direction-generale-des-etudes-et-de-la-legislation-fiscale-279x220.jpg&quot;,&quot;357&quot;:&quot;direction-generale-des-etudes-et-de-la-legislation-fiscale-357x210.jpg&quot;,&quot;750&quot;:&quot;direction-generale-des-etudes-et-de-la-legislation-fiscale-750x430.jpg&quot;,&quot;1200&quot;:&quot;direction-generale-des-etudes-et-de-la-legislation-fiscale.jpg&quot;}}\"\t\t\t\t\t\tclass=\"img-holder\" href=\"https:\/\/plumeseconomiques.com\/fr\/finance\/tunisie-un-nouveau-dispositif-pour-regler-les-dettes-fiscales-en-2026\/\"><\/a>\n\n\t\t\t\t\t\t\t<\/div>\n\t\t<h2 class=\"title\">\t\t<a href=\"https:\/\/plumeseconomiques.com\/fr\/finance\/tunisie-un-nouveau-dispositif-pour-regler-les-dettes-fiscales-en-2026\/\" class=\"post-title post-url\">\n\t\t\tTunisie : un nouveau dispositif pour r\u00e9gler les dettes fiscales en&hellip;\t\t<\/a>\n\t\t<\/h2>\t\t<div class=\"post-meta\">\n\n\t\t\t\t\t\t\t<a href=\"https:\/\/plumeseconomiques.com\/fr\/author\/plumes\/\"\n\t\t\t\t   title=\"Parcourir les articles Auteur\"\n\t\t\t\t   class=\"post-author-a\">\n\t\t\t\t\t<i class=\"post-author author\">\n\t\t\t\t\t\tPlumes\t\t\t\t\t<\/i>\n\t\t\t\t<\/a>\n\t\t\t\t\t<\/div>\n\t\t\t<\/div>\n\t<\/article >\n\t<article class=\"post-69176 type-post format-standard has-post-thumbnail   listing-item listing-item-grid listing-item-grid-1 main-term-81\">\n\t<div class=\"item-inner\">\n\t\t\t\t\t<div class=\"featured clearfix\">\n\t\t\t\t\t\t\t\t<a  alt=\"Point Bourse - Le Tunindex se rel\u00e2che de 0,32%\" title=\"Bourse de Tunis : Le Tunindex encha\u00eene une 3\u1d49 s\u00e9ance cons\u00e9cutive dans le rouge\" data-src=\"https:\/\/www.plumeseconomiques.com\/fr\/wp-content\/uploads\/2023\/03\/Plumeseconomiques-La-bourse-de-Tunis-Rouge-357x210.jpg\" data-bs-srcset=\"{&quot;baseurl&quot;:&quot;https:\\\/\\\/www.plumeseconomiques.com\\\/fr\\\/wp-content\\\/uploads\\\/2023\\\/03\\\/&quot;,&quot;sizes&quot;:{&quot;210&quot;:&quot;Plumeseconomiques-La-bourse-de-Tunis-Rouge-210x136.jpg&quot;,&quot;279&quot;:&quot;Plumeseconomiques-La-bourse-de-Tunis-Rouge-279x220.jpg&quot;,&quot;357&quot;:&quot;Plumeseconomiques-La-bourse-de-Tunis-Rouge-357x210.jpg&quot;,&quot;680&quot;:&quot;Plumeseconomiques-La-bourse-de-Tunis-Rouge.jpg&quot;}}\"\t\t\t\t\t\tclass=\"img-holder\" href=\"https:\/\/plumeseconomiques.com\/fr\/finance\/bourse-de-tunis-le-tunindex-enchaine-une-3%e1%b5%89-seance-consecutive-dans-le-rouge\/\"><\/a>\n\n\t\t\t\t\t\t\t<\/div>\n\t\t<h2 class=\"title\">\t\t<a href=\"https:\/\/plumeseconomiques.com\/fr\/finance\/bourse-de-tunis-le-tunindex-enchaine-une-3%e1%b5%89-seance-consecutive-dans-le-rouge\/\" class=\"post-title post-url\">\n\t\t\tBourse de Tunis : Le Tunindex encha\u00eene une 3\u1d49 s\u00e9ance cons\u00e9cutive dans&hellip;\t\t<\/a>\n\t\t<\/h2>\t\t<div class=\"post-meta\">\n\n\t\t\t\t\t\t\t<a href=\"https:\/\/plumeseconomiques.com\/fr\/author\/plumes\/\"\n\t\t\t\t   title=\"Parcourir les articles Auteur\"\n\t\t\t\t   class=\"post-author-a\">\n\t\t\t\t\t<i class=\"post-author author\">\n\t\t\t\t\t\tPlumes\t\t\t\t\t<\/i>\n\t\t\t\t<\/a>\n\t\t\t\t\t<\/div>\n\t\t\t<\/div>\n\t<\/article >\n\t<article class=\"post-68543 type-post format-standard has-post-thumbnail   listing-item listing-item-grid listing-item-grid-1 main-term-81\">\n\t<div class=\"item-inner\">\n\t\t\t\t\t<div class=\"featured clearfix\">\n\t\t\t\t\t\t\t\t<a  alt=\"actionnaires tunisiens\" title=\"Les Tunisiens et la Bourse : un march\u00e9 qui bloque\u202f\" data-src=\"https:\/\/www.plumeseconomiques.com\/fr\/wp-content\/uploads\/2026\/02\/actionnaires-tunisiens-357x210.jpg\" data-bs-srcset=\"{&quot;baseurl&quot;:&quot;https:\\\/\\\/www.plumeseconomiques.com\\\/fr\\\/wp-content\\\/uploads\\\/2026\\\/02\\\/&quot;,&quot;sizes&quot;:{&quot;210&quot;:&quot;actionnaires-tunisiens-210x136.jpg&quot;,&quot;279&quot;:&quot;actionnaires-tunisiens-279x220.jpg&quot;,&quot;357&quot;:&quot;actionnaires-tunisiens-357x210.jpg&quot;,&quot;750&quot;:&quot;actionnaires-tunisiens-750x430.jpg&quot;,&quot;1200&quot;:&quot;actionnaires-tunisiens.jpg&quot;}}\"\t\t\t\t\t\tclass=\"img-holder\" href=\"https:\/\/plumeseconomiques.com\/fr\/finance\/les-tunisiens-et-la-bourse-un-marche-qui-bloque\/\"><\/a>\n\n\t\t\t\t\t\t\t<\/div>\n\t\t<h2 class=\"title\">\t\t<a href=\"https:\/\/plumeseconomiques.com\/fr\/finance\/les-tunisiens-et-la-bourse-un-marche-qui-bloque\/\" class=\"post-title post-url\">\n\t\t\tLes Tunisiens et la Bourse : un march\u00e9 qui bloque\u202f\t\t<\/a>\n\t\t<\/h2>\t\t<div class=\"post-meta\">\n\n\t\t\t\t\t\t\t<a href=\"https:\/\/plumeseconomiques.com\/fr\/author\/plumes\/\"\n\t\t\t\t   title=\"Parcourir les articles Auteur\"\n\t\t\t\t   class=\"post-author-a\">\n\t\t\t\t\t<i class=\"post-author author\">\n\t\t\t\t\t\tPlumes\t\t\t\t\t<\/i>\n\t\t\t\t<\/a>\n\t\t\t\t\t<\/div>\n\t\t\t<\/div>\n\t<\/article >\n\t<article class=\"post-68680 type-post format-standard has-post-thumbnail   listing-item listing-item-grid listing-item-grid-1 main-term-81\">\n\t<div class=\"item-inner\">\n\t\t\t\t\t<div class=\"featured clearfix\">\n\t\t\t\t\t\t\t\t<a  alt=\"facture electronique 2026\" title=\"Tunisie : pol\u00e9mique autour de la facturation \u00e9lectronique\" data-src=\"https:\/\/www.plumeseconomiques.com\/fr\/wp-content\/uploads\/2026\/02\/facture-electronique-2026-357x210.jpg\" data-bs-srcset=\"{&quot;baseurl&quot;:&quot;https:\\\/\\\/www.plumeseconomiques.com\\\/fr\\\/wp-content\\\/uploads\\\/2026\\\/02\\\/&quot;,&quot;sizes&quot;:{&quot;210&quot;:&quot;facture-electronique-2026-210x136.jpg&quot;,&quot;279&quot;:&quot;facture-electronique-2026-279x220.jpg&quot;,&quot;357&quot;:&quot;facture-electronique-2026-357x210.jpg&quot;,&quot;750&quot;:&quot;facture-electronique-2026-750x430.jpg&quot;,&quot;1200&quot;:&quot;facture-electronique-2026.jpg&quot;}}\"\t\t\t\t\t\tclass=\"img-holder\" href=\"https:\/\/plumeseconomiques.com\/fr\/finance\/tunisie-polemique-autour-de-la-facturation-electronique\/\"><\/a>\n\n\t\t\t\t\t\t\t<\/div>\n\t\t<h2 class=\"title\">\t\t<a href=\"https:\/\/plumeseconomiques.com\/fr\/finance\/tunisie-polemique-autour-de-la-facturation-electronique\/\" class=\"post-title post-url\">\n\t\t\tTunisie : pol\u00e9mique autour de la facturation \u00e9lectronique\t\t<\/a>\n\t\t<\/h2>\t\t<div class=\"post-meta\">\n\n\t\t\t\t\t\t\t<a href=\"https:\/\/plumeseconomiques.com\/fr\/author\/plumes\/\"\n\t\t\t\t   title=\"Parcourir les articles Auteur\"\n\t\t\t\t   class=\"post-author-a\">\n\t\t\t\t\t<i class=\"post-author author\">\n\t\t\t\t\t\tPlumes\t\t\t\t\t<\/i>\n\t\t\t\t<\/a>\n\t\t\t\t\t<\/div>\n\t\t\t<\/div>\n\t<\/article >\n\t<\/div>\n\t\n\t<\/div>\t\t<div class=\"bs-pagination-wrapper main-term-81 slider  bs-slider-item bs-items-4\">\n\t\t\t<div class=\"listing listing-grid listing-grid-1 clearfix columns-1\">\n\t\t<article class=\"post-68127 type-post format-standard has-post-thumbnail   listing-item listing-item-grid listing-item-grid-1 main-term-81\">\n\t<div class=\"item-inner\">\n\t\t\t\t\t<div class=\"featured clearfix\">\n\t\t\t\t\t\t\t\t<a  alt=\"dette en tunisie 2026\" title=\"Dette int\u00e9rieure tunisienne : un frein au cr\u00e9dit et \u00e0 l\u2019\u00e9conomie\" data-src=\"https:\/\/www.plumeseconomiques.com\/fr\/wp-content\/uploads\/2026\/02\/dette-en-tunisie-2026-357x210.jpg\" data-bs-srcset=\"{&quot;baseurl&quot;:&quot;https:\\\/\\\/www.plumeseconomiques.com\\\/fr\\\/wp-content\\\/uploads\\\/2026\\\/02\\\/&quot;,&quot;sizes&quot;:{&quot;210&quot;:&quot;dette-en-tunisie-2026-210x136.jpg&quot;,&quot;279&quot;:&quot;dette-en-tunisie-2026-279x220.jpg&quot;,&quot;357&quot;:&quot;dette-en-tunisie-2026-357x210.jpg&quot;,&quot;750&quot;:&quot;dette-en-tunisie-2026-750x430.jpg&quot;,&quot;1280&quot;:&quot;dette-en-tunisie-2026.jpg&quot;}}\"\t\t\t\t\t\tclass=\"img-holder\" href=\"https:\/\/plumeseconomiques.com\/fr\/finance\/dette-interieure-tunisienne-un-frein-au-credit-et-a-leconomie\/\"><\/a>\n\n\t\t\t\t\t\t\t<\/div>\n\t\t<h2 class=\"title\">\t\t<a href=\"https:\/\/plumeseconomiques.com\/fr\/finance\/dette-interieure-tunisienne-un-frein-au-credit-et-a-leconomie\/\" class=\"post-title post-url\">\n\t\t\tDette int\u00e9rieure tunisienne : un frein au cr\u00e9dit et \u00e0 l\u2019\u00e9conomie\t\t<\/a>\n\t\t<\/h2>\t\t<div class=\"post-meta\">\n\n\t\t\t\t\t\t\t<a href=\"https:\/\/plumeseconomiques.com\/fr\/author\/plumes\/\"\n\t\t\t\t   title=\"Parcourir les articles Auteur\"\n\t\t\t\t   class=\"post-author-a\">\n\t\t\t\t\t<i class=\"post-author author\">\n\t\t\t\t\t\tPlumes\t\t\t\t\t<\/i>\n\t\t\t\t<\/a>\n\t\t\t\t\t<\/div>\n\t\t\t<\/div>\n\t<\/article >\n\t<article class=\"post-68142 type-post format-standard has-post-thumbnail   listing-item listing-item-grid listing-item-grid-1 main-term-81\">\n\t<div class=\"item-inner\">\n\t\t\t\t\t<div class=\"featured clearfix\">\n\t\t\t\t\t\t\t\t<a  alt=\"paiement mobile tunisie\" title=\"Paiement mobile en Tunisie : pourquoi \u00e7a bloque encore\" data-src=\"https:\/\/www.plumeseconomiques.com\/fr\/wp-content\/uploads\/2026\/02\/paiement-mobile-tunisie-357x210.jpg\" data-bs-srcset=\"{&quot;baseurl&quot;:&quot;https:\\\/\\\/www.plumeseconomiques.com\\\/fr\\\/wp-content\\\/uploads\\\/2026\\\/02\\\/&quot;,&quot;sizes&quot;:{&quot;210&quot;:&quot;paiement-mobile-tunisie-210x136.jpg&quot;,&quot;279&quot;:&quot;paiement-mobile-tunisie-279x220.jpg&quot;,&quot;357&quot;:&quot;paiement-mobile-tunisie-357x210.jpg&quot;,&quot;750&quot;:&quot;paiement-mobile-tunisie-750x430.jpg&quot;,&quot;1280&quot;:&quot;paiement-mobile-tunisie.jpg&quot;}}\"\t\t\t\t\t\tclass=\"img-holder\" href=\"https:\/\/plumeseconomiques.com\/fr\/finance\/paiement-mobile-en-tunisie-pourquoi-ca-bloque-encore\/\"><\/a>\n\n\t\t\t\t\t\t\t<\/div>\n\t\t<h2 class=\"title\">\t\t<a href=\"https:\/\/plumeseconomiques.com\/fr\/finance\/paiement-mobile-en-tunisie-pourquoi-ca-bloque-encore\/\" class=\"post-title post-url\">\n\t\t\tPaiement mobile en Tunisie : pourquoi \u00e7a bloque encore\t\t<\/a>\n\t\t<\/h2>\t\t<div class=\"post-meta\">\n\n\t\t\t\t\t\t\t<a href=\"https:\/\/plumeseconomiques.com\/fr\/author\/plumes\/\"\n\t\t\t\t   title=\"Parcourir les articles Auteur\"\n\t\t\t\t   class=\"post-author-a\">\n\t\t\t\t\t<i class=\"post-author author\">\n\t\t\t\t\t\tPlumes\t\t\t\t\t<\/i>\n\t\t\t\t<\/a>\n\t\t\t\t\t<\/div>\n\t\t\t<\/div>\n\t<\/article >\n\t<article class=\"post-67991 type-post format-standard has-post-thumbnail   listing-item listing-item-grid listing-item-grid-1 main-term-81\">\n\t<div class=\"item-inner\">\n\t\t\t\t\t<div class=\"featured clearfix\">\n\t\t\t\t\t\t\t\t<a  alt=\"roche\" title=\"Matthieu Galais prend les r\u00eanes de Roche Tunisie &#038; Libye : une mission humaine au c\u0153ur de la transformation sanitaire\" data-src=\"https:\/\/www.plumeseconomiques.com\/fr\/wp-content\/uploads\/2025\/12\/roche-357x210.jpg\" data-bs-srcset=\"{&quot;baseurl&quot;:&quot;https:\\\/\\\/www.plumeseconomiques.com\\\/fr\\\/wp-content\\\/uploads\\\/2025\\\/12\\\/&quot;,&quot;sizes&quot;:{&quot;210&quot;:&quot;roche-210x136.jpg&quot;,&quot;279&quot;:&quot;roche-279x220.jpg&quot;,&quot;357&quot;:&quot;roche-357x210.jpg&quot;,&quot;750&quot;:&quot;roche-750x430.jpg&quot;,&quot;950&quot;:&quot;roche.jpg&quot;}}\"\t\t\t\t\t\tclass=\"img-holder\" href=\"https:\/\/plumeseconomiques.com\/fr\/news\/matthieu-galais-prend-les-renes-de-roche-tunisie-libye-une-mission-humaine-au-coeur-de-la-transformation-sanitaire\/\"><\/a>\n\n\t\t\t\t\t\t\t<\/div>\n\t\t<h2 class=\"title\">\t\t<a href=\"https:\/\/plumeseconomiques.com\/fr\/news\/matthieu-galais-prend-les-renes-de-roche-tunisie-libye-une-mission-humaine-au-coeur-de-la-transformation-sanitaire\/\" class=\"post-title post-url\">\n\t\t\tMatthieu Galais prend les r\u00eanes de Roche Tunisie &#038; Libye : une&hellip;\t\t<\/a>\n\t\t<\/h2>\t\t<div class=\"post-meta\">\n\n\t\t\t\t\t\t\t<a href=\"https:\/\/plumeseconomiques.com\/fr\/author\/plumes\/\"\n\t\t\t\t   title=\"Parcourir les articles Auteur\"\n\t\t\t\t   class=\"post-author-a\">\n\t\t\t\t\t<i class=\"post-author author\">\n\t\t\t\t\t\tPlumes\t\t\t\t\t<\/i>\n\t\t\t\t<\/a>\n\t\t\t\t\t<\/div>\n\t\t\t<\/div>\n\t<\/article >\n\t<article class=\"post-67536 type-post format-standard has-post-thumbnail   listing-item listing-item-grid listing-item-grid-1 main-term-81\">\n\t<div class=\"item-inner\">\n\t\t\t\t\t<div class=\"featured clearfix\">\n\t\t\t\t\t\t\t\t<a  alt=\"whatsapp image 2025 10 15 at 15.58.07\" title=\"La capitalisation boursi\u00e8re de la BRVM progresse de 1000 milliards FCFA en 4 mois\" data-src=\"https:\/\/www.plumeseconomiques.com\/fr\/wp-content\/uploads\/2025\/10\/whatsapp-image-2025-10-15-at-15.58.07-357x210.jpeg\" data-bs-srcset=\"{&quot;baseurl&quot;:&quot;https:\\\/\\\/www.plumeseconomiques.com\\\/fr\\\/wp-content\\\/uploads\\\/2025\\\/10\\\/&quot;,&quot;sizes&quot;:{&quot;210&quot;:&quot;whatsapp-image-2025-10-15-at-15.58.07-210x136.jpeg&quot;,&quot;279&quot;:&quot;whatsapp-image-2025-10-15-at-15.58.07-279x220.jpeg&quot;,&quot;357&quot;:&quot;whatsapp-image-2025-10-15-at-15.58.07-357x210.jpeg&quot;,&quot;750&quot;:&quot;whatsapp-image-2025-10-15-at-15.58.07-750x430.jpeg&quot;,&quot;950&quot;:&quot;whatsapp-image-2025-10-15-at-15.58.07.jpeg&quot;}}\"\t\t\t\t\t\tclass=\"img-holder\" href=\"https:\/\/plumeseconomiques.com\/fr\/finance\/la-capitalisation-boursiere-de-la-brvm-progresse-de-1000-milliards-fcfa-en-4-mois\/\"><\/a>\n\n\t\t\t\t\t\t\t<\/div>\n\t\t<h2 class=\"title\">\t\t<a href=\"https:\/\/plumeseconomiques.com\/fr\/finance\/la-capitalisation-boursiere-de-la-brvm-progresse-de-1000-milliards-fcfa-en-4-mois\/\" class=\"post-title post-url\">\n\t\t\tLa capitalisation boursi\u00e8re de la BRVM progresse de 1000 milliards&hellip;\t\t<\/a>\n\t\t<\/h2>\t\t<div class=\"post-meta\">\n\n\t\t\t\t\t\t\t<a href=\"https:\/\/plumeseconomiques.com\/fr\/author\/plumes\/\"\n\t\t\t\t   title=\"Parcourir les articles Auteur\"\n\t\t\t\t   class=\"post-author-a\">\n\t\t\t\t\t<i class=\"post-author author\">\n\t\t\t\t\t\tPlumes\t\t\t\t\t<\/i>\n\t\t\t\t<\/a>\n\t\t\t\t\t<\/div>\n\t\t\t<\/div>\n\t<\/article >\n\t<\/div>\n\t\n\t<\/div>\t\t<div class=\"bs-pagination-wrapper main-term-81 slider  bs-slider-item bs-items-4\">\n\t\t\t<div class=\"listing listing-grid listing-grid-1 clearfix columns-1\">\n\t\t<article class=\"post-67501 type-post format-standard has-post-thumbnail   listing-item listing-item-grid listing-item-grid-1 main-term-81\">\n\t<div class=\"item-inner\">\n\t\t\t\t\t<div class=\"featured clearfix\">\n\t\t\t\t\t\t\t\t<a  alt=\"brvm ring the bell for financial literacy (1)\" title=\"LA BRVM c\u00e9l\u00e8bre l&rsquo;\u00e9dition 2025 de \u201cRING THE BELL FOR FINANCIAL LITERACY\u201d et r\u00e9affirme son engagement pour une \u00e9ducation financi\u00e8re inclusive et responsable\" data-src=\"https:\/\/www.plumeseconomiques.com\/fr\/wp-content\/uploads\/2025\/10\/brvm-ring-the-bell-for-financial-literacy-1-357x210.jpeg\" data-bs-srcset=\"{&quot;baseurl&quot;:&quot;https:\\\/\\\/www.plumeseconomiques.com\\\/fr\\\/wp-content\\\/uploads\\\/2025\\\/10\\\/&quot;,&quot;sizes&quot;:{&quot;210&quot;:&quot;brvm-ring-the-bell-for-financial-literacy-1-210x136.jpeg&quot;,&quot;279&quot;:&quot;brvm-ring-the-bell-for-financial-literacy-1-279x220.jpeg&quot;,&quot;357&quot;:&quot;brvm-ring-the-bell-for-financial-literacy-1-357x210.jpeg&quot;,&quot;750&quot;:&quot;brvm-ring-the-bell-for-financial-literacy-1-750x430.jpeg&quot;,&quot;950&quot;:&quot;brvm-ring-the-bell-for-financial-literacy-1.jpeg&quot;}}\"\t\t\t\t\t\tclass=\"img-holder\" href=\"https:\/\/plumeseconomiques.com\/fr\/finance\/la-brvm-celebre-ledition-2025-de-ring-the-bell-for-financial-literacy-et-reaffirme-son-engagement-pour-une-education-financiere-inclusive-et-responsable\/\"><\/a>\n\n\t\t\t\t\t\t\t<\/div>\n\t\t<h2 class=\"title\">\t\t<a href=\"https:\/\/plumeseconomiques.com\/fr\/finance\/la-brvm-celebre-ledition-2025-de-ring-the-bell-for-financial-literacy-et-reaffirme-son-engagement-pour-une-education-financiere-inclusive-et-responsable\/\" class=\"post-title post-url\">\n\t\t\tLA BRVM c\u00e9l\u00e8bre l&rsquo;\u00e9dition 2025 de \u201cRING THE BELL FOR FINANCIAL&hellip;\t\t<\/a>\n\t\t<\/h2>\t\t<div class=\"post-meta\">\n\n\t\t\t\t\t\t\t<a href=\"https:\/\/plumeseconomiques.com\/fr\/author\/plumes\/\"\n\t\t\t\t   title=\"Parcourir les articles Auteur\"\n\t\t\t\t   class=\"post-author-a\">\n\t\t\t\t\t<i class=\"post-author author\">\n\t\t\t\t\t\tPlumes\t\t\t\t\t<\/i>\n\t\t\t\t<\/a>\n\t\t\t\t\t<\/div>\n\t\t\t<\/div>\n\t<\/article >\n\t<article class=\"post-67337 type-post format-standard has-post-thumbnail   listing-item listing-item-grid listing-item-grid-1 main-term-81\">\n\t<div class=\"item-inner\">\n\t\t\t\t\t<div class=\"featured clearfix\">\n\t\t\t\t\t\t\t\t<a  alt=\"La Bourse de Tunis a continu\u00e9 sa course dans le vert\" title=\"Bourse de Tunis : les r\u00e9sultats des soci\u00e9t\u00e9s cot\u00e9es en hausse de 9,3% au S1-2025, un dynamisme port\u00e9 par le secteur financier\" data-src=\"https:\/\/www.plumeseconomiques.com\/fr\/wp-content\/uploads\/2019\/01\/bourse_tunis-plumeseconomiques-950x500-357x210.jpg\" data-bs-srcset=\"{&quot;baseurl&quot;:&quot;https:\\\/\\\/www.plumeseconomiques.com\\\/fr\\\/wp-content\\\/uploads\\\/2019\\\/01\\\/&quot;,&quot;sizes&quot;:{&quot;210&quot;:&quot;bourse_tunis-plumeseconomiques-950x500-210x136.jpg&quot;,&quot;279&quot;:&quot;bourse_tunis-plumeseconomiques-950x500-279x220.jpg&quot;,&quot;357&quot;:&quot;bourse_tunis-plumeseconomiques-950x500-357x210.jpg&quot;,&quot;750&quot;:&quot;bourse_tunis-plumeseconomiques-950x500-750x430.jpg&quot;,&quot;950&quot;:&quot;bourse_tunis-plumeseconomiques-950x500.jpg&quot;}}\"\t\t\t\t\t\tclass=\"img-holder\" href=\"https:\/\/plumeseconomiques.com\/fr\/finance\/bourse-de-tunis-les-resultats-des-societes-cotees-en-hausse-de-93-au-s1-2025-un-dynamisme-porte-par-le-secteur-financier\/\"><\/a>\n\n\t\t\t\t\t\t\t<\/div>\n\t\t<h2 class=\"title\">\t\t<a href=\"https:\/\/plumeseconomiques.com\/fr\/finance\/bourse-de-tunis-les-resultats-des-societes-cotees-en-hausse-de-93-au-s1-2025-un-dynamisme-porte-par-le-secteur-financier\/\" class=\"post-title post-url\">\n\t\t\tBourse de Tunis : les r\u00e9sultats des soci\u00e9t\u00e9s cot\u00e9es en hausse de 9,3%&hellip;\t\t<\/a>\n\t\t<\/h2>\t\t<div class=\"post-meta\">\n\n\t\t\t\t\t\t\t<a href=\"https:\/\/plumeseconomiques.com\/fr\/author\/plumes\/\"\n\t\t\t\t   title=\"Parcourir les articles Auteur\"\n\t\t\t\t   class=\"post-author-a\">\n\t\t\t\t\t<i class=\"post-author author\">\n\t\t\t\t\t\tPlumes\t\t\t\t\t<\/i>\n\t\t\t\t<\/a>\n\t\t\t\t\t<\/div>\n\t\t\t<\/div>\n\t<\/article >\n\t<article class=\"post-67314 type-post format-standard has-post-thumbnail   listing-item listing-item-grid listing-item-grid-1 main-term-81\">\n\t<div class=\"item-inner\">\n\t\t\t\t\t<div class=\"featured clearfix\">\n\t\t\t\t\t\t\t\t<a  alt=\"SFBT\" title=\"Bourse de Tunis : Une transaction bloc \u00e0 6 millions de dinars sur la SFBT attire le g\u00e9ant BGI\" data-src=\"https:\/\/www.plumeseconomiques.com\/fr\/wp-content\/uploads\/2023\/02\/SFBT-357x210.jpg\" data-bs-srcset=\"{&quot;baseurl&quot;:&quot;https:\\\/\\\/www.plumeseconomiques.com\\\/fr\\\/wp-content\\\/uploads\\\/2023\\\/02\\\/&quot;,&quot;sizes&quot;:{&quot;210&quot;:&quot;SFBT-210x136.jpg&quot;,&quot;279&quot;:&quot;SFBT-279x220.jpg&quot;,&quot;357&quot;:&quot;SFBT-357x210.jpg&quot;,&quot;680&quot;:&quot;SFBT.jpg&quot;}}\"\t\t\t\t\t\tclass=\"img-holder\" href=\"https:\/\/plumeseconomiques.com\/fr\/finance\/bourse-de-tunis-une-transaction-bloc-a-6-millions-de-dinars-sur-la-sfbt-attire-le-geant-bgi\/\"><\/a>\n\n\t\t\t\t\t\t\t<\/div>\n\t\t<h2 class=\"title\">\t\t<a href=\"https:\/\/plumeseconomiques.com\/fr\/finance\/bourse-de-tunis-une-transaction-bloc-a-6-millions-de-dinars-sur-la-sfbt-attire-le-geant-bgi\/\" class=\"post-title post-url\">\n\t\t\tBourse de Tunis : Une transaction bloc \u00e0 6 millions de dinars sur la&hellip;\t\t<\/a>\n\t\t<\/h2>\t\t<div class=\"post-meta\">\n\n\t\t\t\t\t\t\t<a href=\"https:\/\/plumeseconomiques.com\/fr\/author\/plumes\/\"\n\t\t\t\t   title=\"Parcourir les articles Auteur\"\n\t\t\t\t   class=\"post-author-a\">\n\t\t\t\t\t<i class=\"post-author author\">\n\t\t\t\t\t\tPlumes\t\t\t\t\t<\/i>\n\t\t\t\t<\/a>\n\t\t\t\t\t<\/div>\n\t\t\t<\/div>\n\t<\/article >\n\t<article class=\"post-66046 type-post format-standard has-post-thumbnail   listing-item listing-item-grid listing-item-grid-1 main-term-81\">\n\t<div class=\"item-inner\">\n\t\t\t\t\t<div class=\"featured clearfix\">\n\t\t\t\t\t\t\t\t<a  alt=\"tunindex\" title=\"TUNINDEX a connu un l\u00e9ger repli cette semaine\" data-src=\"https:\/\/www.plumeseconomiques.com\/fr\/wp-content\/uploads\/2024\/10\/tunindex-357x210.jpg\" data-bs-srcset=\"{&quot;baseurl&quot;:&quot;https:\\\/\\\/www.plumeseconomiques.com\\\/fr\\\/wp-content\\\/uploads\\\/2024\\\/10\\\/&quot;,&quot;sizes&quot;:{&quot;210&quot;:&quot;tunindex-210x136.jpg&quot;,&quot;279&quot;:&quot;tunindex-279x220.jpg&quot;,&quot;357&quot;:&quot;tunindex-357x210.jpg&quot;,&quot;750&quot;:&quot;tunindex-750x430.jpg&quot;,&quot;1068&quot;:&quot;tunindex.jpg&quot;}}\"\t\t\t\t\t\tclass=\"img-holder\" href=\"https:\/\/plumeseconomiques.com\/fr\/finance\/tunindex-a-connu-un-leger-repli-cette-semaine\/\"><\/a>\n\n\t\t\t\t\t\t\t<\/div>\n\t\t<h2 class=\"title\">\t\t<a href=\"https:\/\/plumeseconomiques.com\/fr\/finance\/tunindex-a-connu-un-leger-repli-cette-semaine\/\" class=\"post-title post-url\">\n\t\t\tTUNINDEX a connu un l\u00e9ger repli cette semaine\t\t<\/a>\n\t\t<\/h2>\t\t<div class=\"post-meta\">\n\n\t\t\t\t\t\t\t<a href=\"https:\/\/plumeseconomiques.com\/fr\/author\/plumes\/\"\n\t\t\t\t   title=\"Parcourir les articles Auteur\"\n\t\t\t\t   class=\"post-author-a\">\n\t\t\t\t\t<i class=\"post-author author\">\n\t\t\t\t\t\tPlumes\t\t\t\t\t<\/i>\n\t\t\t\t<\/a>\n\t\t\t\t\t<\/div>\n\t\t\t<\/div>\n\t<\/article >\n\t<\/div>\n\t\n\t<\/div><div class=\"bs-slider-controls main-term-81\"><div class=\"bs-control-nav  bs-control-nav-style-1\"><\/div><\/div><\/div><\/div>[\/vc_column][\/vc_row][vc_row][vc_column width=\u00a0\u00bb2\/3&Prime;][vc_row_inner][vc_column_inner][\/vc_column_inner][\/vc_row_inner]<div class=\"bscb-85230 bsb-have-heading-color bs-listing bs-listing-listing-mix-1-3 bs-listing-single-tab pagination-animate\">\t\t<h3 class=\"section-heading sh-t6 sh-s10 main-term-108\">\n\n\t\t\n\t\t\t\t\t\t\t<a href=\"https:\/\/plumeseconomiques.com\/fr\/articles-en\/\" class=\"main-link\">\n\t\t\t\t\t\t\t<span class=\"h-text main-term-108\">\n\t\t\t\t\t\t\t\tArticles En\u2026\t\t\t\t\t\t\t<\/span>\n\t\t\t\t<\/a>\n\t\t\t\n\t\t\n\t\t<\/h3>\n\t\t\t\t<div class=\"bs-pagination-wrapper main-term-108 simple_next_prev bs-slider-first-item\">\n\t\t\t<div class=\"listing listing-mix-6 clearfix \">\n\t\t<div class=\"item-inner\">\n\t\t\t<div class=\"column-1\">\n\t\t\t\t\t<article class=\"post-64103 type-post format-standard has-post-thumbnail   listing-item listing-item-grid listing-item-grid-1 main-term-112\">\n\t<div class=\"item-inner\">\n\t\t\t\t\t<div class=\"featured clearfix\">\n\t\t\t\t\t\t\t\t<a  alt=\"Classement des banques en 2022\" title=\"Classement des banques tunisiennes selon l&rsquo;offre de cr\u00e9dits en 2022\" data-src=\"https:\/\/www.plumeseconomiques.com\/fr\/wp-content\/uploads\/2023\/12\/Classement-des-banques-en-2022-357x210.jpg\" data-bs-srcset=\"{&quot;baseurl&quot;:&quot;https:\\\/\\\/www.plumeseconomiques.com\\\/fr\\\/wp-content\\\/uploads\\\/2023\\\/12\\\/&quot;,&quot;sizes&quot;:{&quot;210&quot;:&quot;Classement-des-banques-en-2022-210x136.jpg&quot;,&quot;279&quot;:&quot;Classement-des-banques-en-2022-279x220.jpg&quot;,&quot;357&quot;:&quot;Classement-des-banques-en-2022-357x210.jpg&quot;,&quot;750&quot;:&quot;Classement-des-banques-en-2022-750x430.jpg&quot;,&quot;2048&quot;:&quot;Classement-des-banques-en-2022.jpg&quot;}}\"\t\t\t\t\t\tclass=\"img-holder\" href=\"https:\/\/plumeseconomiques.com\/fr\/articles-en\/en-image\/classement-des-banques-tunisiennes\/\"><\/a>\n\n\t\t\t\t\t\t\t<\/div>\n\t\t<h2 class=\"title\">\t\t<a href=\"https:\/\/plumeseconomiques.com\/fr\/articles-en\/en-image\/classement-des-banques-tunisiennes\/\" class=\"post-title post-url\">\n\t\t\tClassement des banques tunisiennes selon l&rsquo;offre de cr\u00e9dits en&hellip;\t\t<\/a>\n\t\t<\/h2>\t\t<div class=\"post-meta\">\n\n\t\t\t\t\t\t\t<a href=\"https:\/\/plumeseconomiques.com\/fr\/author\/plumes\/\"\n\t\t\t\t   title=\"Parcourir les articles Auteur\"\n\t\t\t\t   class=\"post-author-a\">\n\t\t\t\t\t<i class=\"post-author author\">\n\t\t\t\t\t\tPlumes\t\t\t\t\t<\/i>\n\t\t\t\t<\/a>\n\t\t\t\t\t\t\t<span class=\"time\"><time class=\"post-published updated\"\n\t\t\t\t                         datetime=\"2023-12-18T19:26:55+01:00\">D\u00e9c 18, 2023<\/time><\/span>\n\t\t\t\t\t\t<\/div>\n\t\t\t<\/div>\n\t<\/article >\n\t\t\t<\/div>\n\t\t\t<div class=\"column-2\">\n\t\t\t\t\t<div class=\"listing listing-text listing-text-2 clearfix columns-1\">\n\t\t<article class=\"post-64100 type-post format-standard has-post-thumbnail   listing-item listing-item-text listing-item-text-2 main-term-112\">\n\t<div class=\"item-inner\">\n\t\t<h2 class=\"title\">\t\t<a href=\"https:\/\/plumeseconomiques.com\/fr\/articles-en\/en-image\/indicateurs-cles-chomage-balance-commerciale\/\" class=\"post-title post-url\">\n\t\t\tindicateurs cl\u00e9s: ch\u00f4mage, balance commerciale\t\t<\/a>\n\t\t<\/h2>\t\t<div class=\"post-meta\">\n\n\t\t\t\t\t\t\t<span class=\"time\"><time class=\"post-published updated\"\n\t\t\t\t                         datetime=\"2023-12-18T19:03:55+01:00\">D\u00e9c 18, 2023<\/time><\/span>\n\t\t\t\t\t\t<\/div>\n\t\t\t<\/div>\n\t<\/article >\n\t<article class=\"post-62442 type-post format-standard has-post-thumbnail   listing-item listing-item-text listing-item-text-2 main-term-112\">\n\t<div class=\"item-inner\">\n\t\t<h2 class=\"title\">\t\t<a href=\"https:\/\/plumeseconomiques.com\/fr\/articles-en\/en-image\/economie-les-pays-qui-devraient-connaitre-la-plus-forte-croissance-dici-a-2050\/\" class=\"post-title post-url\">\n\t\t\t\u00c9conomie : les pays qui devraient conna\u00eetre la plus forte croissance d&rsquo;ici \u00e0 2050\t\t<\/a>\n\t\t<\/h2>\t\t<div class=\"post-meta\">\n\n\t\t\t\t\t\t\t<span class=\"time\"><time class=\"post-published updated\"\n\t\t\t\t                         datetime=\"2023-05-17T19:17:24+01:00\">Mai 17, 2023<\/time><\/span>\n\t\t\t\t\t\t<\/div>\n\t\t\t<\/div>\n\t<\/article >\n\t<article class=\"post-56687 type-post format-standard has-post-thumbnail   listing-item listing-item-text listing-item-text-2 main-term-112\">\n\t<div class=\"item-inner\">\n\t\t<h2 class=\"title\">\t\t<a href=\"https:\/\/plumeseconomiques.com\/fr\/articles-en\/en-image\/bourse-seance-14-04-2022\/\" class=\"post-title post-url\">\n\t\t\tBourse: seance-14-04-2022\t\t<\/a>\n\t\t<\/h2>\t\t<div class=\"post-meta\">\n\n\t\t\t\t\t\t\t<span class=\"time\"><time class=\"post-published updated\"\n\t\t\t\t                         datetime=\"2022-04-15T01:28:16+01:00\">Avr 15, 2022<\/time><\/span>\n\t\t\t\t\t\t<\/div>\n\t\t\t<\/div>\n\t<\/article >\n\t<\/div>\n\t\t\t\t<\/div>\n\t\t<\/div>\n\t<\/div>\n\n\t<\/div><div class=\"bs-pagination bs-simple-pagination simple_next_prev main-term-108 clearfix\">\n\t\t\t<script>var bs_ajax_paginate_1611625561 = '{\"query\":{\"category\":\"108,-3900\",\"tag\":\"\",\"taxonomy\":\"\",\"post_ids\":\"\",\"post_type\":\"\",\"count\":\"4\",\"order_by\":\"date\",\"order\":\"DESC\",\"time_filter\":\"\",\"offset\":\"\",\"style\":\"listing-mix-1-3\",\"cats-tags-condition\":\"and\",\"cats-condition\":\"in\",\"tags-condition\":\"in\",\"featured_image\":\"0\",\"ignore_sticky_posts\":\"1\",\"author_ids\":\"\",\"disable_duplicate\":\"0\",\"ad-active\":0,\"paginate\":\"simple_next_prev\",\"pagination-show-label\":\"0\",\"listing-settings\":\"\",\"override-listing-settings\":\"0\",\"_layout\":{\"state\":\"1|1|0\",\"page\":\"2-col-right\"}},\"type\":\"bs_post_listing\",\"view\":\"Publisher_Mix_Listing_1_3_Shortcode\",\"current_page\":1,\"ajax_url\":\"\\\/fr\\\/wp-admin\\\/admin-ajax.php\",\"remove_duplicates\":\"0\",\"query-main-term\":\"108\",\"paginate\":\"simple_next_prev\",\"pagination-show-label\":\"0\",\"override-listing-settings\":\"0\",\"listing-settings\":\"\",\"ad-active\":false,\"_layout\":{\"state\":\"1|1|0\",\"page\":\"2-col-right\"},\"_bs_pagin_token\":\"f91a0e6\"}';<\/script>\t\t\t\t\t<a class=\"btn-bs-pagination next\" href=\"https:\/\/plumeseconomiques.com\/fr\/wp-json\/wp\/v2\/pages\/53116\/page\/2\/\">\n\t\t\t\t\t\t<i class=\"fa fa-angle-left\"><\/i> Articles plus anciens\t\t\t\t\t<\/a>\n\t\t\t\t\t<\/div><\/div><div class=\"bscb-39255 bsb-have-heading-color bs-listing bs-listing-listing-mix-1-3 bs-listing-single-tab\">\t\t<h3 class=\"section-heading sh-t6 sh-s10 main-term-85\">\n\n\t\t\n\t\t\t\t\t\t\t<a href=\"https:\/\/plumeseconomiques.com\/fr\/eco-women\/\" class=\"main-link\">\n\t\t\t\t\t\t\t<span class=\"h-text main-term-85\">\n\t\t\t\t\t\t\t\tEco Women\t\t\t\t\t\t\t<\/span>\n\t\t\t\t<\/a>\n\t\t\t\n\t\t\n\t\t<\/h3>\n\t\t\t<div class=\"listing listing-mix-6 clearfix \">\n\t\t<div class=\"item-inner\">\n\t\t\t<div class=\"column-1\">\n\t\t\t\t\t<article class=\"post-70179 type-post format-standard has-post-thumbnail   listing-item listing-item-grid listing-item-grid-1 main-term-124\">\n\t<div class=\"item-inner\">\n\t\t\t\t\t<div class=\"featured clearfix\">\n\t\t\t\t\t\t\t\t<a  alt=\"seh 2025 06 17 portrait officiel sarah el hairy\" title=\"Protection des enfants face au num\u00e9rique : Sarah El Ha\u00efry en visite \u00e0 Tunis\" data-src=\"https:\/\/www.plumeseconomiques.com\/fr\/wp-content\/uploads\/2026\/04\/seh-357x210.jpg\" data-bs-srcset=\"{&quot;baseurl&quot;:&quot;https:\\\/\\\/www.plumeseconomiques.com\\\/fr\\\/wp-content\\\/uploads\\\/2026\\\/04\\\/&quot;,&quot;sizes&quot;:{&quot;210&quot;:&quot;seh-210x136.jpg&quot;,&quot;279&quot;:&quot;seh-279x220.jpg&quot;,&quot;357&quot;:&quot;seh-357x210.jpg&quot;,&quot;750&quot;:&quot;seh-750x430.jpg&quot;,&quot;950&quot;:&quot;seh.jpg&quot;}}\"\t\t\t\t\t\tclass=\"img-holder\" href=\"https:\/\/plumeseconomiques.com\/fr\/eco-women\/protection-des-enfants-face-au-numerique-sarah-el-hairy-en-visite-a-tunis\/\"><\/a>\n\n\t\t\t\t\t\t\t<\/div>\n\t\t<h2 class=\"title\">\t\t<a href=\"https:\/\/plumeseconomiques.com\/fr\/eco-women\/protection-des-enfants-face-au-numerique-sarah-el-hairy-en-visite-a-tunis\/\" class=\"post-title post-url\">\n\t\t\tProtection des enfants face au num\u00e9rique : Sarah El Ha\u00efry en visite \u00e0&hellip;\t\t<\/a>\n\t\t<\/h2>\t\t<div class=\"post-meta\">\n\n\t\t\t\t\t\t\t<a href=\"https:\/\/plumeseconomiques.com\/fr\/author\/plumes\/\"\n\t\t\t\t   title=\"Parcourir les articles Auteur\"\n\t\t\t\t   class=\"post-author-a\">\n\t\t\t\t\t<i class=\"post-author author\">\n\t\t\t\t\t\tPlumes\t\t\t\t\t<\/i>\n\t\t\t\t<\/a>\n\t\t\t\t\t\t\t<span class=\"time\"><time class=\"post-published updated\"\n\t\t\t\t                         datetime=\"2026-04-14T18:17:12+01:00\">Avr 14, 2026<\/time><\/span>\n\t\t\t\t\t\t<\/div>\n\t\t\t<\/div>\n\t<\/article >\n\t\t\t<\/div>\n\t\t\t<div class=\"column-2\">\n\t\t\t\t\t<div class=\"listing listing-text listing-text-2 clearfix columns-1\">\n\t\t<article class=\"post-68523 type-post format-standard has-post-thumbnail   listing-item listing-item-text listing-item-text-2 main-term-85\">\n\t<div class=\"item-inner\">\n\t\t<h2 class=\"title\">\t\t<a href=\"https:\/\/plumeseconomiques.com\/fr\/eco-women\/les-femmes-chefs-dentreprise-en-tunisie-donnees-pouvoir-economique-et-barrieres-reelles\/\" class=\"post-title post-url\">\n\t\t\tLes femmes chefs d\u2019entreprise en Tunisie : donn\u00e9es, pouvoir \u00e9conomique et barri\u00e8res&hellip;\t\t<\/a>\n\t\t<\/h2>\t\t<div class=\"post-meta\">\n\n\t\t\t\t\t\t\t<span class=\"time\"><time class=\"post-published updated\"\n\t\t\t\t                         datetime=\"2026-02-26T01:31:40+01:00\">F\u00e9v 26, 2026<\/time><\/span>\n\t\t\t\t\t\t<\/div>\n\t\t\t<\/div>\n\t<\/article >\n\t<article class=\"post-67686 type-post format-standard has-post-thumbnail   listing-item listing-item-text listing-item-text-2 main-term-114\">\n\t<div class=\"item-inner\">\n\t\t<h2 class=\"title\">\t\t<a href=\"https:\/\/plumeseconomiques.com\/fr\/eco-women\/leila-berhouma-prestige-tunisien-sur-la-scene-du-cinema-mondial\/\" class=\"post-title post-url\">\n\t\t\tLe\u00efla Berhouma, prestige tunisien sur la sc\u00e8ne du cin\u00e9ma mondial\t\t<\/a>\n\t\t<\/h2>\t\t<div class=\"post-meta\">\n\n\t\t\t\t\t\t\t<span class=\"time\"><time class=\"post-published updated\"\n\t\t\t\t                         datetime=\"2025-10-30T14:47:40+01:00\">Oct 30, 2025<\/time><\/span>\n\t\t\t\t\t\t<\/div>\n\t\t\t<\/div>\n\t<\/article >\n\t<article class=\"post-67267 type-post format-standard has-post-thumbnail   listing-item listing-item-text listing-item-text-2 main-term-85\">\n\t<div class=\"item-inner\">\n\t\t<h2 class=\"title\">\t\t<a href=\"https:\/\/plumeseconomiques.com\/fr\/news\/semia-labidi-gharbi-laureate-du-prix-goldman-pour-lenvironnement-2025\/\" class=\"post-title post-url\">\n\t\t\tSemia Labidi Gharbi Laur\u00e9ate du Prix Goldman pour l\u2019Environnement 2025\t\t<\/a>\n\t\t<\/h2>\t\t<div class=\"post-meta\">\n\n\t\t\t\t\t\t\t<span class=\"time\"><time class=\"post-published updated\"\n\t\t\t\t                         datetime=\"2025-09-25T12:25:32+01:00\">Sep 25, 2025<\/time><\/span>\n\t\t\t\t\t\t<\/div>\n\t\t\t<\/div>\n\t<\/article >\n\t<\/div>\n\t\t\t\t<\/div>\n\t\t<\/div>\n\t<\/div>\n<\/div><div class=\"bscb-91367 bsb-have-heading-color bs-listing bs-listing-listing-mix-1-3 bs-listing-single-tab\">\t\t<h3 class=\"section-heading sh-t6 sh-s10 main-term-84\">\n\n\t\t\n\t\t\t\t\t\t\t<a href=\"https:\/\/plumeseconomiques.com\/fr\/eco-sport\/\" class=\"main-link\">\n\t\t\t\t\t\t\t<span class=\"h-text main-term-84\">\n\t\t\t\t\t\t\t\tEco Sport\t\t\t\t\t\t\t<\/span>\n\t\t\t\t<\/a>\n\t\t\t\n\t\t\n\t\t<\/h3>\n\t\t\t<div class=\"listing listing-mix-6 clearfix \">\n\t\t<div class=\"item-inner\">\n\t\t\t<div class=\"column-1\">\n\t\t\t\t\t<article class=\"post-69797 type-post format-standard has-post-thumbnail   listing-item listing-item-grid listing-item-grid-1 main-term-84\">\n\t<div class=\"item-inner\">\n\t\t\t\t\t<div class=\"featured clearfix\">\n\t\t\t\t\t\t\t\t<a  alt=\"championnat du monde supersport 2026 la saison d\u00e9marre \u00e0 portim\u00e3o\" title=\"Championnat du Monde Supersport 2026 : la saison d\u00e9marre \u00e0 Portim\u00e3o\" data-src=\"https:\/\/www.plumeseconomiques.com\/fr\/wp-content\/uploads\/2026\/03\/championnat-du-monde-supersport-2026-la-saison-demarre-a-portimao-357x210.jpg\" data-bs-srcset=\"{&quot;baseurl&quot;:&quot;https:\\\/\\\/www.plumeseconomiques.com\\\/fr\\\/wp-content\\\/uploads\\\/2026\\\/03\\\/&quot;,&quot;sizes&quot;:{&quot;210&quot;:&quot;championnat-du-monde-supersport-2026-la-saison-demarre-a-portimao-210x136.jpg&quot;,&quot;279&quot;:&quot;championnat-du-monde-supersport-2026-la-saison-demarre-a-portimao-279x220.jpg&quot;,&quot;357&quot;:&quot;championnat-du-monde-supersport-2026-la-saison-demarre-a-portimao-357x210.jpg&quot;,&quot;750&quot;:&quot;championnat-du-monde-supersport-2026-la-saison-demarre-a-portimao-750x430.jpg&quot;,&quot;950&quot;:&quot;championnat-du-monde-supersport-2026-la-saison-demarre-a-portimao.jpg&quot;}}\"\t\t\t\t\t\tclass=\"img-holder\" href=\"https:\/\/plumeseconomiques.com\/fr\/eco-sport\/championnat-du-monde-supersport-2026-la-saison-demarre-a-portimao\/\"><\/a>\n\n\t\t\t\t\t\t\t<\/div>\n\t\t<h2 class=\"title\">\t\t<a href=\"https:\/\/plumeseconomiques.com\/fr\/eco-sport\/championnat-du-monde-supersport-2026-la-saison-demarre-a-portimao\/\" class=\"post-title post-url\">\n\t\t\tChampionnat du Monde Supersport 2026 : la saison d\u00e9marre \u00e0 Portim\u00e3o\t\t<\/a>\n\t\t<\/h2>\t\t<div class=\"post-meta\">\n\n\t\t\t\t\t\t\t<a href=\"https:\/\/plumeseconomiques.com\/fr\/author\/plumes\/\"\n\t\t\t\t   title=\"Parcourir les articles Auteur\"\n\t\t\t\t   class=\"post-author-a\">\n\t\t\t\t\t<i class=\"post-author author\">\n\t\t\t\t\t\tPlumes\t\t\t\t\t<\/i>\n\t\t\t\t<\/a>\n\t\t\t\t\t\t\t<span class=\"time\"><time class=\"post-published updated\"\n\t\t\t\t                         datetime=\"2026-03-27T00:51:03+01:00\">Mar 27, 2026<\/time><\/span>\n\t\t\t\t\t\t<\/div>\n\t\t\t<\/div>\n\t<\/article >\n\t\t\t<\/div>\n\t\t\t<div class=\"column-2\">\n\t\t\t\t\t<div class=\"listing listing-text listing-text-2 clearfix columns-1\">\n\t\t<article class=\"post-68868 type-post format-standard has-post-thumbnail   listing-item listing-item-text listing-item-text-2 main-term-87\">\n\t<div class=\"item-inner\">\n\t\t<h2 class=\"title\">\t\t<a href=\"https:\/\/plumeseconomiques.com\/fr\/eco-sport\/actualite-sportive\/natation-tunisienne-le-transfert-de-rami-rahmouni-vers-larabie-saoudite-revele-une-faille-strategique\/\" class=\"post-title post-url\">\n\t\t\tNatation tunisienne : le transfert de Rami Rahmouni vers l\u2019Arabie saoudite r\u00e9v\u00e8le une&hellip;\t\t<\/a>\n\t\t<\/h2>\t\t<div class=\"post-meta\">\n\n\t\t\t\t\t\t\t<span class=\"time\"><time class=\"post-published updated\"\n\t\t\t\t                         datetime=\"2026-02-26T09:12:24+01:00\">F\u00e9v 26, 2026<\/time><\/span>\n\t\t\t\t\t\t<\/div>\n\t\t\t<\/div>\n\t<\/article >\n\t<article class=\"post-67714 type-post format-standard has-post-thumbnail   listing-item listing-item-text listing-item-text-2 main-term-84\">\n\t<div class=\"item-inner\">\n\t\t<h2 class=\"title\">\t\t<a href=\"https:\/\/plumeseconomiques.com\/fr\/news\/traielle-et-terra-creativa-2025-le-rendez-vous-eco-sportif-et-creatif-dain-draham\/\" class=\"post-title post-url\">\n\t\t\tTrai&rsquo;ELLE et Terra Creativa 2025 : Le rendez-vous \u00e9co-sportif et cr\u00e9atif d&rsquo;A\u00efn&hellip;\t\t<\/a>\n\t\t<\/h2>\t\t<div class=\"post-meta\">\n\n\t\t\t\t\t\t\t<span class=\"time\"><time class=\"post-published updated\"\n\t\t\t\t                         datetime=\"2025-10-30T17:32:07+01:00\">Oct 30, 2025<\/time><\/span>\n\t\t\t\t\t\t<\/div>\n\t\t\t<\/div>\n\t<\/article >\n\t<article class=\"post-67439 type-post format-standard has-post-thumbnail   listing-item listing-item-text listing-item-text-2 main-term-84\">\n\t<div class=\"item-inner\">\n\t\t<h2 class=\"title\">\t\t<a href=\"https:\/\/plumeseconomiques.com\/fr\/eco-sport\/samsung-tunisie-partenaire-de-la-17%e1%b5%89-coupe-de-lambassadeur-et-de-la-1%ca%b3%e1%b5%89-coupe-de-kukkiwon\/\" class=\"post-title post-url\">\n\t\t\tSamsung Tunisie partenaire de la 17\u1d49 Coupe de l\u2019Ambassadeur et de la 1\u02b3\u1d49 Coupe de Kukkiwon\t\t<\/a>\n\t\t<\/h2>\t\t<div class=\"post-meta\">\n\n\t\t\t\t\t\t\t<span class=\"time\"><time class=\"post-published updated\"\n\t\t\t\t                         datetime=\"2025-10-13T22:24:40+01:00\">Oct 13, 2025<\/time><\/span>\n\t\t\t\t\t\t<\/div>\n\t\t\t<\/div>\n\t<\/article >\n\t<\/div>\n\t\t\t\t<\/div>\n\t\t<\/div>\n\t<\/div>\n<\/div><div class=\"bscb-56457 bsb-have-heading-color bs-listing bs-listing-listing-mix-1-3 bs-listing-single-tab\">\t\t<h3 class=\"section-heading sh-t6 sh-s10 main-term-78\">\n\n\t\t\n\t\t\t\t\t\t\t<a href=\"https:\/\/plumeseconomiques.com\/fr\/international-echo\/\" class=\"main-link\">\n\t\t\t\t\t\t\t<span class=\"h-text main-term-78\">\n\t\t\t\t\t\t\t\tInternational Echo\t\t\t\t\t\t\t<\/span>\n\t\t\t\t<\/a>\n\t\t\t\n\t\t\n\t\t<\/h3>\n\t\t\t<div class=\"listing listing-mix-6 clearfix \">\n\t\t<div class=\"item-inner\">\n\t\t\t<div class=\"column-1\">\n\t\t\t\t\t<article class=\"post-70267 type-post format-standard has-post-thumbnail   listing-item listing-item-grid listing-item-grid-1 main-term-78\">\n\t<div class=\"item-inner\">\n\t\t\t\t\t<div class=\"featured clearfix\">\n\t\t\t\t\t\t\t\t<a  alt=\"dpd logo plumeseconomiques\" title=\"Rizwan Sajan, pr\u00e9sident du Groupe Danube, rassure ses plus de 6 000 employ\u00e9s malgr\u00e9 l\u2019incertitude g\u00e9opolitique\" data-src=\"https:\/\/www.plumeseconomiques.com\/fr\/wp-content\/uploads\/2026\/04\/dpd-logo_plumeseconomiques-357x210.jpg\" data-bs-srcset=\"{&quot;baseurl&quot;:&quot;https:\\\/\\\/www.plumeseconomiques.com\\\/fr\\\/wp-content\\\/uploads\\\/2026\\\/04\\\/&quot;,&quot;sizes&quot;:{&quot;210&quot;:&quot;dpd-logo_plumeseconomiques-210x136.jpg&quot;,&quot;279&quot;:&quot;dpd-logo_plumeseconomiques-279x220.jpg&quot;,&quot;357&quot;:&quot;dpd-logo_plumeseconomiques-357x210.jpg&quot;,&quot;750&quot;:&quot;dpd-logo_plumeseconomiques-750x430.jpg&quot;,&quot;950&quot;:&quot;dpd-logo_plumeseconomiques.jpg&quot;}}\"\t\t\t\t\t\tclass=\"img-holder\" href=\"https:\/\/plumeseconomiques.com\/fr\/international-echo\/rizwan-sajan-president-du-groupe-danube-rassure-ses-plus-de-6-000-employes-malgre-lincertitude-geopolitique\/\"><\/a>\n\n\t\t\t\t\t\t\t<\/div>\n\t\t<h2 class=\"title\">\t\t<a href=\"https:\/\/plumeseconomiques.com\/fr\/international-echo\/rizwan-sajan-president-du-groupe-danube-rassure-ses-plus-de-6-000-employes-malgre-lincertitude-geopolitique\/\" class=\"post-title post-url\">\n\t\t\tRizwan Sajan, pr\u00e9sident du Groupe Danube, rassure ses plus de 6 000&hellip;\t\t<\/a>\n\t\t<\/h2>\t\t<div class=\"post-meta\">\n\n\t\t\t\t\t\t\t<a href=\"https:\/\/plumeseconomiques.com\/fr\/author\/plumes\/\"\n\t\t\t\t   title=\"Parcourir les articles Auteur\"\n\t\t\t\t   class=\"post-author-a\">\n\t\t\t\t\t<i class=\"post-author author\">\n\t\t\t\t\t\tPlumes\t\t\t\t\t<\/i>\n\t\t\t\t<\/a>\n\t\t\t\t\t\t\t<span class=\"time\"><time class=\"post-published updated\"\n\t\t\t\t                         datetime=\"2026-04-16T20:41:57+01:00\">Avr 16, 2026<\/time><\/span>\n\t\t\t\t\t\t<\/div>\n\t\t\t<\/div>\n\t<\/article >\n\t\t\t<\/div>\n\t\t\t<div class=\"column-2\">\n\t\t\t\t\t<div class=\"listing listing-text listing-text-2 clearfix columns-1\">\n\t\t<article class=\"post-70258 type-post format-standard has-post-thumbnail   listing-item listing-item-text listing-item-text-2 main-term-78\">\n\t<div class=\"item-inner\">\n\t\t<h2 class=\"title\">\t\t<a href=\"https:\/\/plumeseconomiques.com\/fr\/international-echo\/le-fonds-saoudien-pour-le-developpement-signe-un-accord-de-15-millions-de-dollars-avec-la-republique-des-palaos-pour-stimuler-la-croissance-economique-locale\/\" class=\"post-title post-url\">\n\t\t\tLe Fonds saoudien pour le d\u00e9veloppement signe un accord de 15 millions de dollars avec la&hellip;\t\t<\/a>\n\t\t<\/h2>\t\t<div class=\"post-meta\">\n\n\t\t\t\t\t\t\t<span class=\"time\"><time class=\"post-published updated\"\n\t\t\t\t                         datetime=\"2026-04-16T20:18:49+01:00\">Avr 16, 2026<\/time><\/span>\n\t\t\t\t\t\t<\/div>\n\t\t\t<\/div>\n\t<\/article >\n\t<article class=\"post-70253 type-post format-standard has-post-thumbnail   listing-item listing-item-text listing-item-text-2 main-term-78\">\n\t<div class=\"item-inner\">\n\t\t<h2 class=\"title\">\t\t<a href=\"https:\/\/plumeseconomiques.com\/fr\/international-echo\/knowbe4-securise-la-main-doeuvre-humaine-et-agentique-avec-lagent-risk-manager\/\" class=\"post-title post-url\">\n\t\t\tKnowBe4 s\u00e9curise la main-d&rsquo;\u0153uvre humaine et agentique avec l&rsquo;Agent Risk&hellip;\t\t<\/a>\n\t\t<\/h2>\t\t<div class=\"post-meta\">\n\n\t\t\t\t\t\t\t<span class=\"time\"><time class=\"post-published updated\"\n\t\t\t\t                         datetime=\"2026-04-16T19:57:49+01:00\">Avr 16, 2026<\/time><\/span>\n\t\t\t\t\t\t<\/div>\n\t\t\t<\/div>\n\t<\/article >\n\t<article class=\"post-70246 type-post format-standard has-post-thumbnail   listing-item listing-item-text listing-item-text-2 main-term-78\">\n\t<div class=\"item-inner\">\n\t\t<h2 class=\"title\">\t\t<a href=\"https:\/\/plumeseconomiques.com\/fr\/international-echo\/le-cout-reel-du-logement-dans-les-grandes-capitales-mondiales\/\" class=\"post-title post-url\">\n\t\t\tLe co\u00fbt r\u00e9el du logement dans les grandes capitales mondiales\t\t<\/a>\n\t\t<\/h2>\t\t<div class=\"post-meta\">\n\n\t\t\t\t\t\t\t<span class=\"time\"><time class=\"post-published updated\"\n\t\t\t\t                         datetime=\"2026-04-16T11:12:49+01:00\">Avr 16, 2026<\/time><\/span>\n\t\t\t\t\t\t<\/div>\n\t\t\t<\/div>\n\t<\/article >\n\t<\/div>\n\t\t\t\t<\/div>\n\t\t<\/div>\n\t<\/div>\n<\/div>[\/vc_column][vc_column width=\u00a0\u00bb1\/4&Prime;]<div class=\"bscb-99260 bsb-have-heading-color bs-listing bs-listing-listing-grid-1 bs-listing-single-tab pagination-animate\">\t\t<h3 class=\"section-heading sh-t4 sh-s6 main-term-64\">\n\n\t\t\n\t\t\t\t\t\t\t<a href=\"https:\/\/plumeseconomiques.com\/fr\/regions\/\" class=\"main-link\">\n\t\t\t\t\t\t\t<span class=\"h-text main-term-64\">\n\t\t\t\t\t\t\t\tR\u00e9gions\t\t\t\t\t\t\t<\/span>\n\t\t\t\t<\/a>\n\t\t\t\n\t\t\n\t\t<\/h3>\n\t\t<div class=\"bs-slider-items-container\" data-slider-animation-speed=\"750\" data-slider-autoplay=\"0\" data-slider-control-dots=\"off\" data-slider-control-next-prev=\"style-1\" data-autoplaySpeed=\"3000\">\t\t<div class=\"bs-pagination-wrapper main-term-64 slider bs-slider-first-item bs-slider-item bs-items-4\">\n\t\t\t<div class=\"listing listing-grid listing-grid-1 clearfix columns-1\">\n\t\t<article class=\"post-70158 type-post format-standard has-post-thumbnail   listing-item listing-item-grid listing-item-grid-1 main-term-61\">\n\t<div class=\"item-inner\">\n\t\t\t\t\t<div class=\"featured clearfix\">\n\t\t\t\t\t\t\t\t<a  alt=\"you(th)care day\" title=\"YOU(TH)CARE DAY\u00a0: Une journ\u00e9e de rencontre pour connecter les jeunes et les acteurs engag\u00e9s pour l\u2019environnement\" data-src=\"https:\/\/www.plumeseconomiques.com\/fr\/wp-content\/uploads\/2026\/04\/youthcare-day-357x210.jpg\" data-bs-srcset=\"{&quot;baseurl&quot;:&quot;https:\\\/\\\/www.plumeseconomiques.com\\\/fr\\\/wp-content\\\/uploads\\\/2026\\\/04\\\/&quot;,&quot;sizes&quot;:{&quot;210&quot;:&quot;youthcare-day-210x136.jpg&quot;,&quot;279&quot;:&quot;youthcare-day-279x220.jpg&quot;,&quot;357&quot;:&quot;youthcare-day-357x210.jpg&quot;,&quot;750&quot;:&quot;youthcare-day-750x430.jpg&quot;,&quot;950&quot;:&quot;youthcare-day.jpg&quot;}}\"\t\t\t\t\t\tclass=\"img-holder\" href=\"https:\/\/plumeseconomiques.com\/fr\/news\/youthcare-day-une-journee-de-rencontre-pour-connecter-les-jeunes-et-les-acteurs-engages-pour-lenvironnement\/\"><\/a>\n\n\t\t\t\t\t\t\t<\/div>\n\t\t<h2 class=\"title\">\t\t<a href=\"https:\/\/plumeseconomiques.com\/fr\/news\/youthcare-day-une-journee-de-rencontre-pour-connecter-les-jeunes-et-les-acteurs-engages-pour-lenvironnement\/\" class=\"post-title post-url\">\n\t\t\tYOU(TH)CARE DAY\u00a0: Une journ\u00e9e de rencontre pour connecter les jeunes&hellip;\t\t<\/a>\n\t\t<\/h2>\t\t<div class=\"post-meta\">\n\n\t\t\t\t\t\t\t<a href=\"https:\/\/plumeseconomiques.com\/fr\/author\/plumes\/\"\n\t\t\t\t   title=\"Parcourir les articles Auteur\"\n\t\t\t\t   class=\"post-author-a\">\n\t\t\t\t\t<i class=\"post-author author\">\n\t\t\t\t\t\tPlumes\t\t\t\t\t<\/i>\n\t\t\t\t<\/a>\n\t\t\t\t\t<\/div>\n\t\t\t<\/div>\n\t<\/article >\n\t<article class=\"post-69448 type-post format-standard has-post-thumbnail   listing-item listing-item-grid listing-item-grid-1 main-term-64\">\n\t<div class=\"item-inner\">\n\t\t\t\t\t<div class=\"featured clearfix\">\n\t\t\t\t\t\t\t\t<a  alt=\"sidi bouzid centrale solaire\" title=\"Sidi Bouzid : entr\u00e9e en service d\u2019une centrale solaire de 60 MW\" data-src=\"https:\/\/www.plumeseconomiques.com\/fr\/wp-content\/uploads\/2026\/03\/sidi-bouzid-centrale-solaire-357x210.jpg\" data-bs-srcset=\"{&quot;baseurl&quot;:&quot;https:\\\/\\\/www.plumeseconomiques.com\\\/fr\\\/wp-content\\\/uploads\\\/2026\\\/03\\\/&quot;,&quot;sizes&quot;:{&quot;210&quot;:&quot;sidi-bouzid-centrale-solaire-210x136.jpg&quot;,&quot;279&quot;:&quot;sidi-bouzid-centrale-solaire-279x220.jpg&quot;,&quot;357&quot;:&quot;sidi-bouzid-centrale-solaire-357x210.jpg&quot;,&quot;750&quot;:&quot;sidi-bouzid-centrale-solaire-750x430.jpg&quot;,&quot;1200&quot;:&quot;sidi-bouzid-centrale-solaire.jpg&quot;}}\"\t\t\t\t\t\tclass=\"img-holder\" href=\"https:\/\/plumeseconomiques.com\/fr\/regions\/sidi-bouzid-entree-en-service-dune-centrale-solaire-de-60-mw\/\"><\/a>\n\n\t\t\t\t\t\t\t<\/div>\n\t\t<h2 class=\"title\">\t\t<a href=\"https:\/\/plumeseconomiques.com\/fr\/regions\/sidi-bouzid-entree-en-service-dune-centrale-solaire-de-60-mw\/\" class=\"post-title post-url\">\n\t\t\tSidi Bouzid : entr\u00e9e en service d\u2019une centrale solaire de 60 MW\t\t<\/a>\n\t\t<\/h2>\t\t<div class=\"post-meta\">\n\n\t\t\t\t\t\t\t<a href=\"https:\/\/plumeseconomiques.com\/fr\/author\/plumes\/\"\n\t\t\t\t   title=\"Parcourir les articles Auteur\"\n\t\t\t\t   class=\"post-author-a\">\n\t\t\t\t\t<i class=\"post-author author\">\n\t\t\t\t\t\tPlumes\t\t\t\t\t<\/i>\n\t\t\t\t<\/a>\n\t\t\t\t\t<\/div>\n\t\t\t<\/div>\n\t<\/article >\n\t<article class=\"post-69378 type-post format-standard has-post-thumbnail   listing-item listing-item-grid listing-item-grid-1 main-term-64\">\n\t<div class=\"item-inner\">\n\t\t\t\t\t<div class=\"featured clearfix\">\n\t\t\t\t\t\t\t\t<a  alt=\"la corniche bizerte\" title=\"La corniche de Bizerte en r\u00e9novation : 100 millions de dinars investis\" data-src=\"https:\/\/www.plumeseconomiques.com\/fr\/wp-content\/uploads\/2026\/03\/la-corniche-bizerte-357x210.jpg\" data-bs-srcset=\"{&quot;baseurl&quot;:&quot;https:\\\/\\\/www.plumeseconomiques.com\\\/fr\\\/wp-content\\\/uploads\\\/2026\\\/03\\\/&quot;,&quot;sizes&quot;:{&quot;210&quot;:&quot;la-corniche-bizerte-210x136.jpg&quot;,&quot;279&quot;:&quot;la-corniche-bizerte-279x220.jpg&quot;,&quot;357&quot;:&quot;la-corniche-bizerte-357x210.jpg&quot;,&quot;750&quot;:&quot;la-corniche-bizerte-750x430.jpg&quot;,&quot;1200&quot;:&quot;la-corniche-bizerte.jpg&quot;}}\"\t\t\t\t\t\tclass=\"img-holder\" href=\"https:\/\/plumeseconomiques.com\/fr\/regions\/la-corniche-de-bizerte-en-renovation-100-millions-de-dinars-investis\/\"><\/a>\n\n\t\t\t\t\t\t\t<\/div>\n\t\t<h2 class=\"title\">\t\t<a href=\"https:\/\/plumeseconomiques.com\/fr\/regions\/la-corniche-de-bizerte-en-renovation-100-millions-de-dinars-investis\/\" class=\"post-title post-url\">\n\t\t\tLa corniche de Bizerte en r\u00e9novation : 100 millions de dinars investis\t\t<\/a>\n\t\t<\/h2>\t\t<div class=\"post-meta\">\n\n\t\t\t\t\t\t\t<a href=\"https:\/\/plumeseconomiques.com\/fr\/author\/plumes\/\"\n\t\t\t\t   title=\"Parcourir les articles Auteur\"\n\t\t\t\t   class=\"post-author-a\">\n\t\t\t\t\t<i class=\"post-author author\">\n\t\t\t\t\t\tPlumes\t\t\t\t\t<\/i>\n\t\t\t\t<\/a>\n\t\t\t\t\t<\/div>\n\t\t\t<\/div>\n\t<\/article >\n\t<\/div>\n\t\n\t<\/div>\t\t<div class=\"bs-pagination-wrapper main-term-64 slider  bs-slider-item bs-items-4\">\n\t\t\t<div class=\"listing listing-grid listing-grid-1 clearfix columns-1\">\n\t\t<article class=\"post-69162 type-post format-standard has-post-thumbnail   listing-item listing-item-grid listing-item-grid-1 main-term-64\">\n\t<div class=\"item-inner\">\n\t\t\t\t\t<div class=\"featured clearfix\">\n\t\t\t\t\t\t\t\t<a  alt=\"autoroute a3 tunis \u2013 bou salem\" title=\"Autoroute A3 Tunis \u2013 Bou Salem : Tunisie Autoroutes relance la maintenance de la chauss\u00e9e\" data-src=\"https:\/\/www.plumeseconomiques.com\/fr\/wp-content\/uploads\/2026\/03\/autoroute-a3-tunis-\u2013-bou-salem-357x210.jpg\" data-bs-srcset=\"{&quot;baseurl&quot;:&quot;https:\\\/\\\/www.plumeseconomiques.com\\\/fr\\\/wp-content\\\/uploads\\\/2026\\\/03\\\/&quot;,&quot;sizes&quot;:{&quot;210&quot;:&quot;autoroute-a3-tunis-\\u2013-bou-salem-210x136.jpg&quot;,&quot;279&quot;:&quot;autoroute-a3-tunis-\\u2013-bou-salem-279x220.jpg&quot;,&quot;357&quot;:&quot;autoroute-a3-tunis-\\u2013-bou-salem-357x210.jpg&quot;,&quot;750&quot;:&quot;autoroute-a3-tunis-\\u2013-bou-salem-750x430.jpg&quot;,&quot;1200&quot;:&quot;autoroute-a3-tunis-\\u2013-bou-salem.jpg&quot;}}\"\t\t\t\t\t\tclass=\"img-holder\" href=\"https:\/\/plumeseconomiques.com\/fr\/regions\/autoroute-a3-tunis-bou-salem-tunisie-autoroutes-relance-la-maintenance-de-la-chaussee\/\"><\/a>\n\n\t\t\t\t\t\t\t<\/div>\n\t\t<h2 class=\"title\">\t\t<a href=\"https:\/\/plumeseconomiques.com\/fr\/regions\/autoroute-a3-tunis-bou-salem-tunisie-autoroutes-relance-la-maintenance-de-la-chaussee\/\" class=\"post-title post-url\">\n\t\t\tAutoroute A3 Tunis \u2013 Bou Salem : Tunisie Autoroutes relance la&hellip;\t\t<\/a>\n\t\t<\/h2>\t\t<div class=\"post-meta\">\n\n\t\t\t\t\t\t\t<a href=\"https:\/\/plumeseconomiques.com\/fr\/author\/plumes\/\"\n\t\t\t\t   title=\"Parcourir les articles Auteur\"\n\t\t\t\t   class=\"post-author-a\">\n\t\t\t\t\t<i class=\"post-author author\">\n\t\t\t\t\t\tPlumes\t\t\t\t\t<\/i>\n\t\t\t\t<\/a>\n\t\t\t\t\t<\/div>\n\t\t\t<\/div>\n\t<\/article >\n\t<article class=\"post-68970 type-post format-standard has-post-thumbnail   listing-item listing-item-grid listing-item-grid-1 main-term-64\">\n\t<div class=\"item-inner\">\n\t\t\t\t\t<div class=\"featured clearfix\">\n\t\t\t\t\t\t\t\t<a  alt=\"logo artiterroir\" title=\"ARTITERROIR Nabeul revient pour une 2\u00e8me \u00e9dition plac\u00e9e sous le signe de l\u2019innovation artisanale\" data-src=\"https:\/\/www.plumeseconomiques.com\/fr\/wp-content\/uploads\/2026\/03\/logo-artiterroir-357x210.jpg\" data-bs-srcset=\"{&quot;baseurl&quot;:&quot;https:\\\/\\\/www.plumeseconomiques.com\\\/fr\\\/wp-content\\\/uploads\\\/2026\\\/03\\\/&quot;,&quot;sizes&quot;:{&quot;210&quot;:&quot;logo-artiterroir-210x136.jpg&quot;,&quot;279&quot;:&quot;logo-artiterroir-279x220.jpg&quot;,&quot;357&quot;:&quot;logo-artiterroir-357x210.jpg&quot;,&quot;750&quot;:&quot;logo-artiterroir-750x430.jpg&quot;,&quot;950&quot;:&quot;logo-artiterroir.jpg&quot;}}\"\t\t\t\t\t\tclass=\"img-holder\" href=\"https:\/\/plumeseconomiques.com\/fr\/regions\/artiterroir-nabeul-revient-pour-une-2eme-edition-placee-sous-le-signe-de-linnovation-artisanale\/\"><\/a>\n\n\t\t\t\t\t\t\t<\/div>\n\t\t<h2 class=\"title\">\t\t<a href=\"https:\/\/plumeseconomiques.com\/fr\/regions\/artiterroir-nabeul-revient-pour-une-2eme-edition-placee-sous-le-signe-de-linnovation-artisanale\/\" class=\"post-title post-url\">\n\t\t\tARTITERROIR Nabeul revient pour une 2\u00e8me \u00e9dition plac\u00e9e sous le signe&hellip;\t\t<\/a>\n\t\t<\/h2>\t\t<div class=\"post-meta\">\n\n\t\t\t\t\t\t\t<a href=\"https:\/\/plumeseconomiques.com\/fr\/author\/plumes\/\"\n\t\t\t\t   title=\"Parcourir les articles Auteur\"\n\t\t\t\t   class=\"post-author-a\">\n\t\t\t\t\t<i class=\"post-author author\">\n\t\t\t\t\t\tPlumes\t\t\t\t\t<\/i>\n\t\t\t\t<\/a>\n\t\t\t\t\t<\/div>\n\t\t\t<\/div>\n\t<\/article >\n\t<article class=\"post-68533 type-post format-standard has-post-thumbnail   listing-item listing-item-grid listing-item-grid-1 main-term-64\">\n\t<div class=\"item-inner\">\n\t\t\t\t\t<div class=\"featured clearfix\">\n\t\t\t\t\t\t\t\t<a  alt=\"in\u00e9galit\u00e9s r\u00e9gionales en tunisie\" title=\"Les r\u00e9gions oubli\u00e9es de la croissance en Tunisie : Kasserine, Siliana, Tataouine\" data-src=\"https:\/\/www.plumeseconomiques.com\/fr\/wp-content\/uploads\/2026\/02\/inegalites-regionales-en-tunisie-357x210.jpg\" data-bs-srcset=\"{&quot;baseurl&quot;:&quot;https:\\\/\\\/www.plumeseconomiques.com\\\/fr\\\/wp-content\\\/uploads\\\/2026\\\/02\\\/&quot;,&quot;sizes&quot;:{&quot;210&quot;:&quot;inegalites-regionales-en-tunisie-210x136.jpg&quot;,&quot;279&quot;:&quot;inegalites-regionales-en-tunisie-279x220.jpg&quot;,&quot;357&quot;:&quot;inegalites-regionales-en-tunisie-357x210.jpg&quot;,&quot;750&quot;:&quot;inegalites-regionales-en-tunisie-750x430.jpg&quot;,&quot;1200&quot;:&quot;inegalites-regionales-en-tunisie.jpg&quot;}}\"\t\t\t\t\t\tclass=\"img-holder\" href=\"https:\/\/plumeseconomiques.com\/fr\/regions\/les-regions-oubliees-de-la-croissance-en-tunisie-kasserine-siliana-tataouine\/\"><\/a>\n\n\t\t\t\t\t\t\t<\/div>\n\t\t<h2 class=\"title\">\t\t<a href=\"https:\/\/plumeseconomiques.com\/fr\/regions\/les-regions-oubliees-de-la-croissance-en-tunisie-kasserine-siliana-tataouine\/\" class=\"post-title post-url\">\n\t\t\tLes r\u00e9gions oubli\u00e9es de la croissance en Tunisie : Kasserine, Siliana,&hellip;\t\t<\/a>\n\t\t<\/h2>\t\t<div class=\"post-meta\">\n\n\t\t\t\t\t\t\t<a href=\"https:\/\/plumeseconomiques.com\/fr\/author\/plumes\/\"\n\t\t\t\t   title=\"Parcourir les articles Auteur\"\n\t\t\t\t   class=\"post-author-a\">\n\t\t\t\t\t<i class=\"post-author author\">\n\t\t\t\t\t\tPlumes\t\t\t\t\t<\/i>\n\t\t\t\t<\/a>\n\t\t\t\t\t<\/div>\n\t\t\t<\/div>\n\t<\/article >\n\t<\/div>\n\t\n\t<\/div>\t\t<div class=\"bs-pagination-wrapper main-term-64 slider  bs-slider-item bs-items-4\">\n\t\t\t<div class=\"listing listing-grid listing-grid-1 clearfix columns-1\">\n\t\t<article class=\"post-68270 type-post format-standard has-post-thumbnail   listing-item listing-item-grid listing-item-grid-1 main-term-64\">\n\t<div class=\"item-inner\">\n\t\t\t\t\t<div class=\"featured clearfix\">\n\t\t\t\t\t\t\t\t<a  alt=\"barrage seliana\" title=\"Siliana\u202f: Optimiser les revenus des barrages et lacs de montagne\" data-src=\"https:\/\/www.plumeseconomiques.com\/fr\/wp-content\/uploads\/2026\/02\/barrage-seliana-357x210.jpg\" data-bs-srcset=\"{&quot;baseurl&quot;:&quot;https:\\\/\\\/www.plumeseconomiques.com\\\/fr\\\/wp-content\\\/uploads\\\/2026\\\/02\\\/&quot;,&quot;sizes&quot;:{&quot;210&quot;:&quot;barrage-seliana-210x136.jpg&quot;,&quot;279&quot;:&quot;barrage-seliana-279x220.jpg&quot;,&quot;357&quot;:&quot;barrage-seliana-357x210.jpg&quot;,&quot;750&quot;:&quot;barrage-seliana-750x430.jpg&quot;,&quot;1200&quot;:&quot;barrage-seliana.jpg&quot;}}\"\t\t\t\t\t\tclass=\"img-holder\" href=\"https:\/\/plumeseconomiques.com\/fr\/regions\/siliana-optimiser-les-revenus-des-barrages-et-lacs-de-montagne\/\"><\/a>\n\n\t\t\t\t\t\t\t<\/div>\n\t\t<h2 class=\"title\">\t\t<a href=\"https:\/\/plumeseconomiques.com\/fr\/regions\/siliana-optimiser-les-revenus-des-barrages-et-lacs-de-montagne\/\" class=\"post-title post-url\">\n\t\t\tSiliana\u202f: Optimiser les revenus des barrages et lacs de montagne\t\t<\/a>\n\t\t<\/h2>\t\t<div class=\"post-meta\">\n\n\t\t\t\t\t\t\t<a href=\"https:\/\/plumeseconomiques.com\/fr\/author\/plumes\/\"\n\t\t\t\t   title=\"Parcourir les articles Auteur\"\n\t\t\t\t   class=\"post-author-a\">\n\t\t\t\t\t<i class=\"post-author author\">\n\t\t\t\t\t\tPlumes\t\t\t\t\t<\/i>\n\t\t\t\t<\/a>\n\t\t\t\t\t<\/div>\n\t\t\t<\/div>\n\t<\/article >\n\t<article class=\"post-68257 type-post format-standard has-post-thumbnail   listing-item listing-item-grid listing-item-grid-1 main-term-64\">\n\t<div class=\"item-inner\">\n\t\t\t\t\t<div class=\"featured clearfix\">\n\t\t\t\t\t\t\t\t<a  alt=\"inondation protection civile 450x270 1\" title=\"Intemp\u00e9ries dans le Nord-Ouest : un drame humain et des infrastructures \u00e0 l&rsquo;\u00e9preuve\" data-src=\"https:\/\/www.plumeseconomiques.com\/fr\/wp-content\/uploads\/2026\/02\/inondation-protection-civile-450x270-1-357x210.jpg\" data-bs-srcset=\"{&quot;baseurl&quot;:&quot;https:\\\/\\\/www.plumeseconomiques.com\\\/fr\\\/wp-content\\\/uploads\\\/2026\\\/02\\\/&quot;,&quot;sizes&quot;:{&quot;210&quot;:&quot;inondation-protection-civile-450x270-1-210x136.jpg&quot;,&quot;279&quot;:&quot;inondation-protection-civile-450x270-1-279x220.jpg&quot;,&quot;357&quot;:&quot;inondation-protection-civile-450x270-1-357x210.jpg&quot;,&quot;750&quot;:&quot;inondation-protection-civile-450x270-1-750x430.jpg&quot;,&quot;950&quot;:&quot;inondation-protection-civile-450x270-1.jpg&quot;}}\"\t\t\t\t\t\tclass=\"img-holder\" href=\"https:\/\/plumeseconomiques.com\/fr\/regions\/intemperies-dans-le-nord-ouest-un-drame-humain-et-des-infrastructures-a-lepreuve\/\"><\/a>\n\n\t\t\t\t\t\t\t<\/div>\n\t\t<h2 class=\"title\">\t\t<a href=\"https:\/\/plumeseconomiques.com\/fr\/regions\/intemperies-dans-le-nord-ouest-un-drame-humain-et-des-infrastructures-a-lepreuve\/\" class=\"post-title post-url\">\n\t\t\tIntemp\u00e9ries dans le Nord-Ouest : un drame humain et des&hellip;\t\t<\/a>\n\t\t<\/h2>\t\t<div class=\"post-meta\">\n\n\t\t\t\t\t\t\t<a href=\"https:\/\/plumeseconomiques.com\/fr\/author\/plumes\/\"\n\t\t\t\t   title=\"Parcourir les articles Auteur\"\n\t\t\t\t   class=\"post-author-a\">\n\t\t\t\t\t<i class=\"post-author author\">\n\t\t\t\t\t\tPlumes\t\t\t\t\t<\/i>\n\t\t\t\t<\/a>\n\t\t\t\t\t<\/div>\n\t\t\t<\/div>\n\t<\/article >\n\t<article class=\"post-68247 type-post format-standard has-post-thumbnail   listing-item listing-item-grid listing-item-grid-1 main-term-64\">\n\t<div class=\"item-inner\">\n\t\t\t\t\t<div class=\"featured clearfix\">\n\t\t\t\t\t\t\t\t<a  alt=\"tabarka plumeseconmiques\" title=\"Intemp\u00e9ries : Tabarka ferme sa route des Aiguilles par s\u00e9curit\u00e9, un appel \u00e0 la prudence lanc\u00e9\" data-src=\"https:\/\/www.plumeseconomiques.com\/fr\/wp-content\/uploads\/2026\/02\/tabarka-plumeseconmiques-357x210.jpg\" data-bs-srcset=\"{&quot;baseurl&quot;:&quot;https:\\\/\\\/www.plumeseconomiques.com\\\/fr\\\/wp-content\\\/uploads\\\/2026\\\/02\\\/&quot;,&quot;sizes&quot;:{&quot;210&quot;:&quot;tabarka-plumeseconmiques-210x136.jpg&quot;,&quot;279&quot;:&quot;tabarka-plumeseconmiques-279x220.jpg&quot;,&quot;357&quot;:&quot;tabarka-plumeseconmiques-357x210.jpg&quot;,&quot;750&quot;:&quot;tabarka-plumeseconmiques-750x430.jpg&quot;,&quot;950&quot;:&quot;tabarka-plumeseconmiques.jpg&quot;}}\"\t\t\t\t\t\tclass=\"img-holder\" href=\"https:\/\/plumeseconomiques.com\/fr\/regions\/intemperies-tabarka-ferme-sa-route-des-aiguilles-par-securite-un-appel-a-la-prudence-lance\/\"><\/a>\n\n\t\t\t\t\t\t\t<\/div>\n\t\t<h2 class=\"title\">\t\t<a href=\"https:\/\/plumeseconomiques.com\/fr\/regions\/intemperies-tabarka-ferme-sa-route-des-aiguilles-par-securite-un-appel-a-la-prudence-lance\/\" class=\"post-title post-url\">\n\t\t\tIntemp\u00e9ries : Tabarka ferme sa route des Aiguilles par s\u00e9curit\u00e9, un&hellip;\t\t<\/a>\n\t\t<\/h2>\t\t<div class=\"post-meta\">\n\n\t\t\t\t\t\t\t<a href=\"https:\/\/plumeseconomiques.com\/fr\/author\/plumes\/\"\n\t\t\t\t   title=\"Parcourir les articles Auteur\"\n\t\t\t\t   class=\"post-author-a\">\n\t\t\t\t\t<i class=\"post-author author\">\n\t\t\t\t\t\tPlumes\t\t\t\t\t<\/i>\n\t\t\t\t<\/a>\n\t\t\t\t\t<\/div>\n\t\t\t<\/div>\n\t<\/article >\n\t<\/div>\n\t\n\t<\/div>\t\t<div class=\"bs-pagination-wrapper main-term-64 slider  bs-slider-item bs-items-4\">\n\t\t\t<div class=\"listing listing-grid listing-grid-1 clearfix columns-1\">\n\t\t<article class=\"post-68242 type-post format-standard has-post-thumbnail   listing-item listing-item-grid listing-item-grid-1 main-term-64\">\n\t<div class=\"item-inner\">\n\t\t\t\t\t<div class=\"featured clearfix\">\n\t\t\t\t\t\t\t\t<a  alt=\"transition \u00e9nerg\u00e9tique djerba passe au vert avec sa premi\u00e8re centrale solaire d\u2019envergure\" title=\"Transition \u00e9nerg\u00e9tique : Djerba passe au vert avec sa premi\u00e8re centrale solaire d\u2019envergure\" data-src=\"https:\/\/www.plumeseconomiques.com\/fr\/wp-content\/uploads\/2026\/02\/transition-energetique-djerba-passe-au-vert-avec-sa-premiere-centrale-solaire-denvergure-357x210.jpg\" data-bs-srcset=\"{&quot;baseurl&quot;:&quot;https:\\\/\\\/www.plumeseconomiques.com\\\/fr\\\/wp-content\\\/uploads\\\/2026\\\/02\\\/&quot;,&quot;sizes&quot;:{&quot;210&quot;:&quot;transition-energetique-djerba-passe-au-vert-avec-sa-premiere-centrale-solaire-denvergure-210x136.jpg&quot;,&quot;279&quot;:&quot;transition-energetique-djerba-passe-au-vert-avec-sa-premiere-centrale-solaire-denvergure-279x220.jpg&quot;,&quot;357&quot;:&quot;transition-energetique-djerba-passe-au-vert-avec-sa-premiere-centrale-solaire-denvergure-357x210.jpg&quot;,&quot;750&quot;:&quot;transition-energetique-djerba-passe-au-vert-avec-sa-premiere-centrale-solaire-denvergure-750x430.jpg&quot;,&quot;950&quot;:&quot;transition-energetique-djerba-passe-au-vert-avec-sa-premiere-centrale-solaire-denvergure.jpg&quot;}}\"\t\t\t\t\t\tclass=\"img-holder\" href=\"https:\/\/plumeseconomiques.com\/fr\/regions\/transition-energetique-djerba-passe-au-vert-avec-sa-premiere-centrale-solaire-denvergure\/\"><\/a>\n\n\t\t\t\t\t\t\t<\/div>\n\t\t<h2 class=\"title\">\t\t<a href=\"https:\/\/plumeseconomiques.com\/fr\/regions\/transition-energetique-djerba-passe-au-vert-avec-sa-premiere-centrale-solaire-denvergure\/\" class=\"post-title post-url\">\n\t\t\tTransition \u00e9nerg\u00e9tique : Djerba passe au vert avec sa premi\u00e8re&hellip;\t\t<\/a>\n\t\t<\/h2>\t\t<div class=\"post-meta\">\n\n\t\t\t\t\t\t\t<a href=\"https:\/\/plumeseconomiques.com\/fr\/author\/plumes\/\"\n\t\t\t\t   title=\"Parcourir les articles Auteur\"\n\t\t\t\t   class=\"post-author-a\">\n\t\t\t\t\t<i class=\"post-author author\">\n\t\t\t\t\t\tPlumes\t\t\t\t\t<\/i>\n\t\t\t\t<\/a>\n\t\t\t\t\t<\/div>\n\t\t\t<\/div>\n\t<\/article >\n\t<article class=\"post-67714 type-post format-standard has-post-thumbnail   listing-item listing-item-grid listing-item-grid-1 main-term-84\">\n\t<div class=\"item-inner\">\n\t\t\t\t\t<div class=\"featured clearfix\">\n\t\t\t\t\t\t\t\t<a  alt=\"plumeseconomiques trai&#039;elle 2025\" title=\"Trai&rsquo;ELLE et Terra Creativa 2025 : Le rendez-vous \u00e9co-sportif et cr\u00e9atif d&rsquo;A\u00efn Draham\" data-src=\"https:\/\/www.plumeseconomiques.com\/fr\/wp-content\/uploads\/2025\/10\/plumeseconomiques-traielle-2025-357x210.jpg\" data-bs-srcset=\"{&quot;baseurl&quot;:&quot;https:\\\/\\\/www.plumeseconomiques.com\\\/fr\\\/wp-content\\\/uploads\\\/2025\\\/10\\\/&quot;,&quot;sizes&quot;:{&quot;210&quot;:&quot;plumeseconomiques-traielle-2025-210x136.jpg&quot;,&quot;279&quot;:&quot;plumeseconomiques-traielle-2025-279x220.jpg&quot;,&quot;357&quot;:&quot;plumeseconomiques-traielle-2025-357x210.jpg&quot;,&quot;750&quot;:&quot;plumeseconomiques-traielle-2025-750x430.jpg&quot;,&quot;950&quot;:&quot;plumeseconomiques-traielle-2025.jpg&quot;}}\"\t\t\t\t\t\tclass=\"img-holder\" href=\"https:\/\/plumeseconomiques.com\/fr\/news\/traielle-et-terra-creativa-2025-le-rendez-vous-eco-sportif-et-creatif-dain-draham\/\"><\/a>\n\n\t\t\t\t\t\t\t<\/div>\n\t\t<h2 class=\"title\">\t\t<a href=\"https:\/\/plumeseconomiques.com\/fr\/news\/traielle-et-terra-creativa-2025-le-rendez-vous-eco-sportif-et-creatif-dain-draham\/\" class=\"post-title post-url\">\n\t\t\tTrai&rsquo;ELLE et Terra Creativa 2025 : Le rendez-vous \u00e9co-sportif et&hellip;\t\t<\/a>\n\t\t<\/h2>\t\t<div class=\"post-meta\">\n\n\t\t\t\t\t\t\t<a href=\"https:\/\/plumeseconomiques.com\/fr\/author\/plumes\/\"\n\t\t\t\t   title=\"Parcourir les articles Auteur\"\n\t\t\t\t   class=\"post-author-a\">\n\t\t\t\t\t<i class=\"post-author author\">\n\t\t\t\t\t\tPlumes\t\t\t\t\t<\/i>\n\t\t\t\t<\/a>\n\t\t\t\t\t<\/div>\n\t\t\t<\/div>\n\t<\/article >\n\t<article class=\"post-67617 type-post format-standard has-post-thumbnail   listing-item listing-item-grid listing-item-grid-1 main-term-61\">\n\t<div class=\"item-inner\">\n\t\t\t\t\t<div class=\"featured clearfix\">\n\t\t\t\t\t\t\t\t<a  alt=\"oueslati zit\u2019tour 2\" title=\"Oueslati Zit\u2019Tour : La Nouvelle Route Touristique de l&rsquo;Huile d&rsquo;Olive \u00e0 Kairouan\" data-src=\"https:\/\/www.plumeseconomiques.com\/fr\/wp-content\/uploads\/2025\/10\/oueslati-zittour-2-357x210.jpg\" data-bs-srcset=\"{&quot;baseurl&quot;:&quot;https:\\\/\\\/www.plumeseconomiques.com\\\/fr\\\/wp-content\\\/uploads\\\/2025\\\/10\\\/&quot;,&quot;sizes&quot;:{&quot;210&quot;:&quot;oueslati-zittour-2-210x136.jpg&quot;,&quot;279&quot;:&quot;oueslati-zittour-2-279x220.jpg&quot;,&quot;357&quot;:&quot;oueslati-zittour-2-357x210.jpg&quot;,&quot;750&quot;:&quot;oueslati-zittour-2-750x430.jpg&quot;,&quot;950&quot;:&quot;oueslati-zittour-2.jpg&quot;}}\"\t\t\t\t\t\tclass=\"img-holder\" href=\"https:\/\/plumeseconomiques.com\/fr\/news\/oueslati-zittour-la-nouvelle-route-touristique-de-lhuile-dolive-a-kairouan\/\"><\/a>\n\n\t\t\t\t\t\t\t<\/div>\n\t\t<h2 class=\"title\">\t\t<a href=\"https:\/\/plumeseconomiques.com\/fr\/news\/oueslati-zittour-la-nouvelle-route-touristique-de-lhuile-dolive-a-kairouan\/\" class=\"post-title post-url\">\n\t\t\tOueslati Zit\u2019Tour : La Nouvelle Route Touristique de l&rsquo;Huile&hellip;\t\t<\/a>\n\t\t<\/h2>\t\t<div class=\"post-meta\">\n\n\t\t\t\t\t\t\t<a href=\"https:\/\/plumeseconomiques.com\/fr\/author\/plumes\/\"\n\t\t\t\t   title=\"Parcourir les articles Auteur\"\n\t\t\t\t   class=\"post-author-a\">\n\t\t\t\t\t<i class=\"post-author author\">\n\t\t\t\t\t\tPlumes\t\t\t\t\t<\/i>\n\t\t\t\t<\/a>\n\t\t\t\t\t<\/div>\n\t\t\t<\/div>\n\t<\/article >\n\t<\/div>\n\t\n\t<\/div><div class=\"bs-slider-controls main-term-64\"><div class=\"bs-control-nav  bs-control-nav-style-1\"><\/div><\/div><\/div><\/div><div class=\"bscb-54855 bsb-have-heading-color bs-listing bs-listing-listing-grid-1 bs-listing-single-tab pagination-animate\">\t\t<h3 class=\"section-heading sh-t4 sh-s6 main-term-129\">\n\n\t\t\n\t\t\t\t\t\t\t<a href=\"https:\/\/plumeseconomiques.com\/fr\/Dossier\/\" class=\"main-link\">\n\t\t\t\t\t\t\t<span class=\"h-text main-term-129\">\n\t\t\t\t\t\t\t\tDossier\t\t\t\t\t\t\t<\/span>\n\t\t\t\t<\/a>\n\t\t\t\n\t\t\n\t\t<\/h3>\n\t\t<div class=\"bs-slider-items-container\" data-slider-animation-speed=\"750\" data-slider-autoplay=\"0\" data-slider-control-dots=\"off\" data-slider-control-next-prev=\"style-1\" data-autoplaySpeed=\"3000\">\t\t<div class=\"bs-pagination-wrapper main-term-129 slider bs-slider-first-item bs-slider-item bs-items-4\">\n\t\t\t<div class=\"listing listing-grid listing-grid-1 clearfix columns-1\">\n\t\t<article class=\"post-69042 type-post format-standard has-post-thumbnail   listing-item listing-item-grid listing-item-grid-1 main-term-129\">\n\t<div class=\"item-inner\">\n\t\t\t\t\t<div class=\"featured clearfix\">\n\t\t\t\t\t\t\t\t<a  alt=\"march\u00e9 publicitaire tunisien\" title=\"March\u00e9 publicitaire tunisien (150 M TND) : le classement des entreprises les plus actives\" data-src=\"https:\/\/www.plumeseconomiques.com\/fr\/wp-content\/uploads\/2026\/03\/marche-publicitaire-tunisien-357x210.jpg\" data-bs-srcset=\"{&quot;baseurl&quot;:&quot;https:\\\/\\\/www.plumeseconomiques.com\\\/fr\\\/wp-content\\\/uploads\\\/2026\\\/03\\\/&quot;,&quot;sizes&quot;:{&quot;210&quot;:&quot;marche-publicitaire-tunisien-210x136.jpg&quot;,&quot;279&quot;:&quot;marche-publicitaire-tunisien-279x220.jpg&quot;,&quot;357&quot;:&quot;marche-publicitaire-tunisien-357x210.jpg&quot;,&quot;750&quot;:&quot;marche-publicitaire-tunisien-750x430.jpg&quot;,&quot;1200&quot;:&quot;marche-publicitaire-tunisien.jpg&quot;}}\"\t\t\t\t\t\tclass=\"img-holder\" href=\"https:\/\/plumeseconomiques.com\/fr\/magazine\/sous-le-zoom\/marche-publicitaire-tunisien-150-m-tnd-le-classement-des-entreprises-les-plus-actives\/\"><\/a>\n\n\t\t\t\t\t\t\t<\/div>\n\t\t<h2 class=\"title\">\t\t<a href=\"https:\/\/plumeseconomiques.com\/fr\/magazine\/sous-le-zoom\/marche-publicitaire-tunisien-150-m-tnd-le-classement-des-entreprises-les-plus-actives\/\" class=\"post-title post-url\">\n\t\t\tMarch\u00e9 publicitaire tunisien (150 M TND) : le classement des&hellip;\t\t<\/a>\n\t\t<\/h2>\t\t<div class=\"post-meta\">\n\n\t\t\t\t\t\t\t<a href=\"https:\/\/plumeseconomiques.com\/fr\/author\/plumes\/\"\n\t\t\t\t   title=\"Parcourir les articles Auteur\"\n\t\t\t\t   class=\"post-author-a\">\n\t\t\t\t\t<i class=\"post-author author\">\n\t\t\t\t\t\tPlumes\t\t\t\t\t<\/i>\n\t\t\t\t<\/a>\n\t\t\t\t\t<\/div>\n\t\t\t<\/div>\n\t<\/article >\n\t<article class=\"post-68345 type-post format-standard has-post-thumbnail   listing-item listing-item-grid listing-item-grid-1 main-term-129\">\n\t<div class=\"item-inner\">\n\t\t\t\t\t<div class=\"featured clearfix\">\n\t\t\t\t\t\t\t\t<a  alt=\"fintech paiement mobile tunisie\" title=\"FinTech en Tunisie : le d\u00e9fi strat\u00e9gique de Tunisie Telecom\" data-src=\"https:\/\/www.plumeseconomiques.com\/fr\/wp-content\/uploads\/2026\/02\/fintech-paiement-mobile-tunisie-357x210.jpg\" data-bs-srcset=\"{&quot;baseurl&quot;:&quot;https:\\\/\\\/www.plumeseconomiques.com\\\/fr\\\/wp-content\\\/uploads\\\/2026\\\/02\\\/&quot;,&quot;sizes&quot;:{&quot;210&quot;:&quot;fintech-paiement-mobile-tunisie-210x136.jpg&quot;,&quot;279&quot;:&quot;fintech-paiement-mobile-tunisie-279x220.jpg&quot;,&quot;357&quot;:&quot;fintech-paiement-mobile-tunisie-357x210.jpg&quot;,&quot;750&quot;:&quot;fintech-paiement-mobile-tunisie-750x430.jpg&quot;,&quot;1200&quot;:&quot;fintech-paiement-mobile-tunisie.jpg&quot;}}\"\t\t\t\t\t\tclass=\"img-holder\" href=\"https:\/\/plumeseconomiques.com\/fr\/Dossier\/fintech-en-tunisie-le-defi-strategique-de-tunisie-telecom\/\"><\/a>\n\n\t\t\t\t\t\t\t<\/div>\n\t\t<h2 class=\"title\">\t\t<a href=\"https:\/\/plumeseconomiques.com\/fr\/Dossier\/fintech-en-tunisie-le-defi-strategique-de-tunisie-telecom\/\" class=\"post-title post-url\">\n\t\t\tFinTech en Tunisie : le d\u00e9fi strat\u00e9gique de Tunisie Telecom\t\t<\/a>\n\t\t<\/h2>\t\t<div class=\"post-meta\">\n\n\t\t\t\t\t\t\t<a href=\"https:\/\/plumeseconomiques.com\/fr\/author\/plumes\/\"\n\t\t\t\t   title=\"Parcourir les articles Auteur\"\n\t\t\t\t   class=\"post-author-a\">\n\t\t\t\t\t<i class=\"post-author author\">\n\t\t\t\t\t\tPlumes\t\t\t\t\t<\/i>\n\t\t\t\t<\/a>\n\t\t\t\t\t<\/div>\n\t\t\t<\/div>\n\t<\/article >\n\t<\/div>\n\t\n\t<\/div>\t\t<div class=\"bs-pagination-wrapper main-term-129 slider  bs-slider-item bs-items-4\">\n\t\t\t<div class=\"listing listing-grid listing-grid-1 clearfix columns-1\">\n\t\t<article class=\"post-68165 type-post format-standard has-post-thumbnail   listing-item listing-item-grid listing-item-grid-1 main-term-129\">\n\t<div class=\"item-inner\">\n\t\t\t\t\t<div class=\"featured clearfix\">\n\t\t\t\t\t\t\t\t<a  alt=\"panneaux solaires en tunisie 2026\" title=\"Panneaux solaires en Tunisie : Pourquoi \u00e7a ne d\u00e9colle pas\" data-src=\"https:\/\/www.plumeseconomiques.com\/fr\/wp-content\/uploads\/2026\/02\/panneaux-solaires-en-tunisie-2026-357x210.jpg\" data-bs-srcset=\"{&quot;baseurl&quot;:&quot;https:\\\/\\\/www.plumeseconomiques.com\\\/fr\\\/wp-content\\\/uploads\\\/2026\\\/02\\\/&quot;,&quot;sizes&quot;:{&quot;210&quot;:&quot;panneaux-solaires-en-tunisie-2026-210x136.jpg&quot;,&quot;279&quot;:&quot;panneaux-solaires-en-tunisie-2026-279x220.jpg&quot;,&quot;357&quot;:&quot;panneaux-solaires-en-tunisie-2026-357x210.jpg&quot;,&quot;750&quot;:&quot;panneaux-solaires-en-tunisie-2026-750x430.jpg&quot;,&quot;1280&quot;:&quot;panneaux-solaires-en-tunisie-2026.jpg&quot;}}\"\t\t\t\t\t\tclass=\"img-holder\" href=\"https:\/\/plumeseconomiques.com\/fr\/Dossier\/panneaux-solaires-en-tunisie-pourquoi-ca-ne-decolle-pas\/\"><\/a>\n\n\t\t\t\t\t\t\t<\/div>\n\t\t<h2 class=\"title\">\t\t<a href=\"https:\/\/plumeseconomiques.com\/fr\/Dossier\/panneaux-solaires-en-tunisie-pourquoi-ca-ne-decolle-pas\/\" class=\"post-title post-url\">\n\t\t\tPanneaux solaires en Tunisie : Pourquoi \u00e7a ne d\u00e9colle pas\t\t<\/a>\n\t\t<\/h2>\t\t<div class=\"post-meta\">\n\n\t\t\t\t\t\t\t<a href=\"https:\/\/plumeseconomiques.com\/fr\/author\/plumes\/\"\n\t\t\t\t   title=\"Parcourir les articles Auteur\"\n\t\t\t\t   class=\"post-author-a\">\n\t\t\t\t\t<i class=\"post-author author\">\n\t\t\t\t\t\tPlumes\t\t\t\t\t<\/i>\n\t\t\t\t<\/a>\n\t\t\t\t\t<\/div>\n\t\t\t<\/div>\n\t<\/article >\n\t<article class=\"post-68185 type-post format-standard has-post-thumbnail   listing-item listing-item-grid listing-item-grid-1 main-term-129\">\n\t<div class=\"item-inner\">\n\t\t\t\t\t<div class=\"featured clearfix\">\n\t\t\t\t\t\t\t\t<a  alt=\"nearshoring tunisie\" title=\"L\u2019Europe quitte l\u2019Asie et la Tunisie en profite\" data-src=\"https:\/\/www.plumeseconomiques.com\/fr\/wp-content\/uploads\/2026\/02\/nearshoring-tunisie-357x210.jpg\" data-bs-srcset=\"{&quot;baseurl&quot;:&quot;https:\\\/\\\/www.plumeseconomiques.com\\\/fr\\\/wp-content\\\/uploads\\\/2026\\\/02\\\/&quot;,&quot;sizes&quot;:{&quot;210&quot;:&quot;nearshoring-tunisie-210x136.jpg&quot;,&quot;279&quot;:&quot;nearshoring-tunisie-279x220.jpg&quot;,&quot;357&quot;:&quot;nearshoring-tunisie-357x210.jpg&quot;,&quot;750&quot;:&quot;nearshoring-tunisie-750x430.jpg&quot;,&quot;1280&quot;:&quot;nearshoring-tunisie.jpg&quot;}}\"\t\t\t\t\t\tclass=\"img-holder\" href=\"https:\/\/plumeseconomiques.com\/fr\/Dossier\/leurope-quitte-lasie-et-la-tunisie-en-profite\/\"><\/a>\n\n\t\t\t\t\t\t\t<\/div>\n\t\t<h2 class=\"title\">\t\t<a href=\"https:\/\/plumeseconomiques.com\/fr\/Dossier\/leurope-quitte-lasie-et-la-tunisie-en-profite\/\" class=\"post-title post-url\">\n\t\t\tL\u2019Europe quitte l\u2019Asie et la Tunisie en profite\t\t<\/a>\n\t\t<\/h2>\t\t<div class=\"post-meta\">\n\n\t\t\t\t\t\t\t<a href=\"https:\/\/plumeseconomiques.com\/fr\/author\/plumes\/\"\n\t\t\t\t   title=\"Parcourir les articles Auteur\"\n\t\t\t\t   class=\"post-author-a\">\n\t\t\t\t\t<i class=\"post-author author\">\n\t\t\t\t\t\tPlumes\t\t\t\t\t<\/i>\n\t\t\t\t<\/a>\n\t\t\t\t\t<\/div>\n\t\t\t<\/div>\n\t<\/article >\n\t<\/div>\n\t\n\t<\/div>\t\t<div class=\"bs-pagination-wrapper main-term-129 slider  bs-slider-item bs-items-4\">\n\t\t\t<div class=\"listing listing-grid listing-grid-1 clearfix columns-1\">\n\t\t<article class=\"post-57462 type-post format-standard has-post-thumbnail   listing-item listing-item-grid listing-item-grid-1 main-term-82\">\n\t<div class=\"item-inner\">\n\t\t\t\t\t<div class=\"featured clearfix\">\n\t\t\t\t\t\t\t\t<a  alt=\"Un plan mondial pour financer les objectifs de d\u00e9veloppement durable des Nations Unies est n\u00e9cessaire d&#039;urgence, selon le nouveau rapport du SDSN\" title=\"Un plan mondial pour financer les objectifs de d\u00e9veloppement durable des Nations Unies est n\u00e9cessaire d&rsquo;urgence, selon le nouveau rapport du SDSN\" data-src=\"https:\/\/www.plumeseconomiques.com\/fr\/wp-content\/uploads\/2022\/05\/Un-plan-mondial-pour-financer-les-objectifs-de-developpement-durable-des-Nations-Unies-357x210.jpg\" data-bs-srcset=\"{&quot;baseurl&quot;:&quot;https:\\\/\\\/www.plumeseconomiques.com\\\/fr\\\/wp-content\\\/uploads\\\/2022\\\/05\\\/&quot;,&quot;sizes&quot;:{&quot;210&quot;:&quot;Un-plan-mondial-pour-financer-les-objectifs-de-developpement-durable-des-Nations-Unies-210x136.jpg&quot;,&quot;279&quot;:&quot;Un-plan-mondial-pour-financer-les-objectifs-de-developpement-durable-des-Nations-Unies-279x220.jpg&quot;,&quot;357&quot;:&quot;Un-plan-mondial-pour-financer-les-objectifs-de-developpement-durable-des-Nations-Unies-357x210.jpg&quot;,&quot;680&quot;:&quot;Un-plan-mondial-pour-financer-les-objectifs-de-developpement-durable-des-Nations-Unies.jpg&quot;}}\"\t\t\t\t\t\tclass=\"img-holder\" href=\"https:\/\/plumeseconomiques.com\/fr\/a-la-une\/un-plan-mondial-pour-financer-les-objectifs-de-developpement-durable-des-nations-unies-est-necessaire-durgence-selon-le-nouveau-rapport-du-sdsn\/\"><\/a>\n\n\t\t\t\t\t\t\t<\/div>\n\t\t<h2 class=\"title\">\t\t<a href=\"https:\/\/plumeseconomiques.com\/fr\/a-la-une\/un-plan-mondial-pour-financer-les-objectifs-de-developpement-durable-des-nations-unies-est-necessaire-durgence-selon-le-nouveau-rapport-du-sdsn\/\" class=\"post-title post-url\">\n\t\t\tUn plan mondial pour financer les objectifs de d\u00e9veloppement durable&hellip;\t\t<\/a>\n\t\t<\/h2>\t\t<div class=\"post-meta\">\n\n\t\t\t\t\t\t\t<a href=\"https:\/\/plumeseconomiques.com\/fr\/author\/plumes\/\"\n\t\t\t\t   title=\"Parcourir les articles Auteur\"\n\t\t\t\t   class=\"post-author-a\">\n\t\t\t\t\t<i class=\"post-author author\">\n\t\t\t\t\t\tPlumes\t\t\t\t\t<\/i>\n\t\t\t\t<\/a>\n\t\t\t\t\t<\/div>\n\t\t\t<\/div>\n\t<\/article >\n\t<article class=\"post-52114 type-post format-standard has-post-thumbnail   listing-item listing-item-grid listing-item-grid-1 main-term-129\">\n\t<div class=\"item-inner\">\n\t\t\t\t\t<div class=\"featured clearfix\">\n\t\t\t\t\t\t\t\t<a  alt=\"Etudes de march\u00e9s\u00a0: de grandes opportunit\u00e9s d\u2019exportation pour les produits de terroir tunisiens\" title=\"Etudes de march\u00e9s\u00a0: de grandes opportunit\u00e9s d\u2019exportation pour les produits de terroir tunisiens\" data-src=\"https:\/\/www.plumeseconomiques.com\/fr\/wp-content\/uploads\/2021\/05\/Guide-d_acces-au-marche-Britannique-357x210.jpg\" data-bs-srcset=\"{&quot;baseurl&quot;:&quot;https:\\\/\\\/www.plumeseconomiques.com\\\/fr\\\/wp-content\\\/uploads\\\/2021\\\/05\\\/&quot;,&quot;sizes&quot;:{&quot;210&quot;:&quot;Guide-d_acces-au-marche-Britannique-210x136.jpg&quot;,&quot;279&quot;:&quot;Guide-d_acces-au-marche-Britannique-279x220.jpg&quot;,&quot;357&quot;:&quot;Guide-d_acces-au-marche-Britannique-357x210.jpg&quot;,&quot;680&quot;:&quot;Guide-d_acces-au-marche-Britannique.jpg&quot;}}\"\t\t\t\t\t\tclass=\"img-holder\" href=\"https:\/\/plumeseconomiques.com\/fr\/Dossier\/52114-etudes-de-marches\/\"><\/a>\n\n\t\t\t\t\t\t\t<\/div>\n\t\t<h2 class=\"title\">\t\t<a href=\"https:\/\/plumeseconomiques.com\/fr\/Dossier\/52114-etudes-de-marches\/\" class=\"post-title post-url\">\n\t\t\tEtudes de march\u00e9s\u00a0: de grandes opportunit\u00e9s d\u2019exportation pour les&hellip;\t\t<\/a>\n\t\t<\/h2>\t\t<div class=\"post-meta\">\n\n\t\t\t\t\t\t\t<a href=\"https:\/\/plumeseconomiques.com\/fr\/author\/plumes\/\"\n\t\t\t\t   title=\"Parcourir les articles Auteur\"\n\t\t\t\t   class=\"post-author-a\">\n\t\t\t\t\t<i class=\"post-author author\">\n\t\t\t\t\t\tPlumes\t\t\t\t\t<\/i>\n\t\t\t\t<\/a>\n\t\t\t\t\t<\/div>\n\t\t\t<\/div>\n\t<\/article >\n\t<\/div>\n\t\n\t<\/div>\t\t<div class=\"bs-pagination-wrapper main-term-129 slider  bs-slider-item bs-items-4\">\n\t\t\t<div class=\"listing listing-grid listing-grid-1 clearfix columns-1\">\n\t\t<article class=\"post-50936 type-post format-standard has-post-thumbnail   listing-item listing-item-grid listing-item-grid-1 main-term-129\">\n\t<div class=\"item-inner\">\n\t\t\t\t\t<div class=\"featured clearfix\">\n\t\t\t\t\t\t\t\t<a  alt=\"Entreprises artisanales : 40% ont mis la cl\u00e9 sous la porte et 90% en situation de blocage total\" title=\"Entreprises artisanales : 40% ont mis la cl\u00e9 sous la porte et 90% en situation de blocage total\" data-src=\"https:\/\/www.plumeseconomiques.com\/fr\/wp-content\/uploads\/2020\/10\/artisanat-plumeseconomiques-950x500-1-357x210.jpg\" data-bs-srcset=\"{&quot;baseurl&quot;:&quot;https:\\\/\\\/www.plumeseconomiques.com\\\/fr\\\/wp-content\\\/uploads\\\/2020\\\/10\\\/&quot;,&quot;sizes&quot;:{&quot;210&quot;:&quot;artisanat-plumeseconomiques-950x500-1-210x136.jpg&quot;,&quot;279&quot;:&quot;artisanat-plumeseconomiques-950x500-1-279x220.jpg&quot;,&quot;357&quot;:&quot;artisanat-plumeseconomiques-950x500-1-357x210.jpg&quot;,&quot;750&quot;:&quot;artisanat-plumeseconomiques-950x500-1-750x430.jpg&quot;,&quot;950&quot;:&quot;artisanat-plumeseconomiques-950x500-1.jpg&quot;}}\"\t\t\t\t\t\tclass=\"img-holder\" href=\"https:\/\/plumeseconomiques.com\/fr\/Dossier\/entreprises-artisanales-40-ont-mis-la-cle-sous-la-porte-et-90-en-situation-de-blocage-total\/\"><\/a>\n\n\t\t\t\t\t\t\t<\/div>\n\t\t<h2 class=\"title\">\t\t<a href=\"https:\/\/plumeseconomiques.com\/fr\/Dossier\/entreprises-artisanales-40-ont-mis-la-cle-sous-la-porte-et-90-en-situation-de-blocage-total\/\" class=\"post-title post-url\">\n\t\t\tEntreprises artisanales : 40% ont mis la cl\u00e9 sous la porte et 90% en&hellip;\t\t<\/a>\n\t\t<\/h2>\t\t<div class=\"post-meta\">\n\n\t\t\t\t\t\t\t<a href=\"https:\/\/plumeseconomiques.com\/fr\/author\/plumes\/\"\n\t\t\t\t   title=\"Parcourir les articles Auteur\"\n\t\t\t\t   class=\"post-author-a\">\n\t\t\t\t\t<i class=\"post-author author\">\n\t\t\t\t\t\tPlumes\t\t\t\t\t<\/i>\n\t\t\t\t<\/a>\n\t\t\t\t\t<\/div>\n\t\t\t<\/div>\n\t<\/article >\n\t<article class=\"post-47590 type-post format-standard has-post-thumbnail   listing-item listing-item-grid listing-item-grid-1 main-term-129\">\n\t<div class=\"item-inner\">\n\t\t\t\t\t<div class=\"featured clearfix\">\n\t\t\t\t\t\t\t\t<a  alt=\"Lancement d&#039;un audit profond des autorisations d\u2019exploitation des hydrocarbures en Tunisie\" title=\"Lancement d&rsquo;un audit profond des autorisations d\u2019exploitation des hydrocarbures en Tunisie\u00a0\u00a0\" data-src=\"https:\/\/www.plumeseconomiques.com\/fr\/wp-content\/uploads\/2020\/05\/arreter-lexploitation-hydrocarbures-1197x642-1-357x210.jpg\" data-bs-srcset=\"{&quot;baseurl&quot;:&quot;https:\\\/\\\/www.plumeseconomiques.com\\\/fr\\\/wp-content\\\/uploads\\\/2020\\\/05\\\/&quot;,&quot;sizes&quot;:{&quot;210&quot;:&quot;arreter-lexploitation-hydrocarbures-1197x642-1-210x136.jpg&quot;,&quot;279&quot;:&quot;arreter-lexploitation-hydrocarbures-1197x642-1-279x220.jpg&quot;,&quot;357&quot;:&quot;arreter-lexploitation-hydrocarbures-1197x642-1-357x210.jpg&quot;,&quot;750&quot;:&quot;arreter-lexploitation-hydrocarbures-1197x642-1-750x430.jpg&quot;,&quot;950&quot;:&quot;arreter-lexploitation-hydrocarbures-1197x642-1.jpg&quot;}}\"\t\t\t\t\t\tclass=\"img-holder\" href=\"https:\/\/plumeseconomiques.com\/fr\/Dossier\/lancement-dun-audit-profond-des-autorisations-dexploitation-des-hydrocarbures-en-tunisie\/\"><\/a>\n\n\t\t\t\t\t\t\t<\/div>\n\t\t<h2 class=\"title\">\t\t<a href=\"https:\/\/plumeseconomiques.com\/fr\/Dossier\/lancement-dun-audit-profond-des-autorisations-dexploitation-des-hydrocarbures-en-tunisie\/\" class=\"post-title post-url\">\n\t\t\tLancement d&rsquo;un audit profond des autorisations d\u2019exploitation&hellip;\t\t<\/a>\n\t\t<\/h2>\t\t<div class=\"post-meta\">\n\n\t\t\t\t\t\t\t<a href=\"https:\/\/plumeseconomiques.com\/fr\/author\/plumes\/\"\n\t\t\t\t   title=\"Parcourir les articles Auteur\"\n\t\t\t\t   class=\"post-author-a\">\n\t\t\t\t\t<i class=\"post-author author\">\n\t\t\t\t\t\tPlumes\t\t\t\t\t<\/i>\n\t\t\t\t<\/a>\n\t\t\t\t\t<\/div>\n\t\t\t<\/div>\n\t<\/article >\n\t<\/div>\n\t\n\t<\/div><div class=\"bs-slider-controls main-term-129\"><div class=\"bs-control-nav  bs-control-nav-style-1\"><\/div><\/div><\/div><\/div>[\/vc_column][\/vc_row][vc_row][vc_column]<div class=\"bscb-55941 bsb-have-heading-color bs-listing bs-listing-modern-grid-listing-4 bs-listing-single-tab pagination-animate\"><div class=\"bs-slider-items-container\" data-slider-animation-speed=\"750\" data-slider-autoplay=\"1\" data-slider-control-dots=\"off\" data-slider-control-next-prev=\"style-1\" data-autoplaySpeed=\"3000\">\t\t<div class=\"bs-pagination-wrapper main-term-83 slider bs-slider-first-item bs-slider-item bs-items-3\">\n\t\t\t<div class=\"listing listing-modern-grid listing-modern-grid-4 clearfix  slider-overlay-simple columns-3\">\n\t\t<article class=\"post-32197 type-post format-standard has-post-thumbnail  listing-item-1 listing-item listing-mg-item listing-mg-4-item main-term-83 bsw-250\">\n\t<div class=\"item-content\">\n\t\t<a  alt=\"laboratoires novo nordisk tunisie\" title=\"Equal Pay Day en Tunisie : interview avec M. Raiague DRH des laboratoires Novo Nordisk Tunisie\" data-src=\"https:\/\/www.plumeseconomiques.com\/fr\/wp-content\/uploads\/2018\/02\/laboratoires-novo-nordisk-tunisie-368x445.jpg\" data-bs-srcset=\"{&quot;baseurl&quot;:&quot;https:\\\/\\\/www.plumeseconomiques.com\\\/fr\\\/wp-content\\\/uploads\\\/2018\\\/02\\\/&quot;,&quot;sizes&quot;:{&quot;180&quot;:&quot;laboratoires-novo-nordisk-tunisie-180x217.jpg&quot;,&quot;267&quot;:&quot;laboratoires-novo-nordisk-tunisie-267x322.jpg&quot;,&quot;368&quot;:&quot;laboratoires-novo-nordisk-tunisie-368x445.jpg&quot;,&quot;950&quot;:&quot;laboratoires-novo-nordisk-tunisie.jpg&quot;}}\"\t\t\t\tclass=\"img-cont\" href=\"https:\/\/plumeseconomiques.com\/fr\/interview-actualites\/equal-pay-day-en-tunisie-interview-avec-m-raiague-drh-des-laboratoires-novo-nordisk-tunisi\/\"><\/a>\n\t\t<div class=\"term-badges floated\"><span class=\"term-badge term-83\"><a href=\"https:\/\/plumeseconomiques.com\/fr\/interview-actualites\/\">Interview<\/a><\/span><\/div>\t\t<div class=\"content-container\">\n\t\t\t<h2 class=\"title\">\t\t\t<a href=\"https:\/\/plumeseconomiques.com\/fr\/interview-actualites\/equal-pay-day-en-tunisie-interview-avec-m-raiague-drh-des-laboratoires-novo-nordisk-tunisi\/\" class=\"post-url post-title\">\n\t\t\t\tEqual Pay Day en Tunisie : interview avec M. Raiague DRH des laboratoires Novo&hellip;\t\t\t<\/a>\n\t\t\t<\/h2>\t\t<div class=\"post-meta\">\n\n\t\t\t\t\t\t\t<a href=\"https:\/\/plumeseconomiques.com\/fr\/author\/plumes\/\"\n\t\t\t\t   title=\"Parcourir les articles Auteur\"\n\t\t\t\t   class=\"post-author-a\">\n\t\t\t\t\t<i class=\"post-author author\">\n\t\t\t\t\t\tPlumes\t\t\t\t\t<\/i>\n\t\t\t\t<\/a>\n\t\t\t\t\t\t\t<span class=\"time\"><time class=\"post-published updated\"\n\t\t\t\t                         datetime=\"2018-02-22T18:59:34+01:00\">F\u00e9v 22, 2018<\/time><\/span>\n\t\t\t\t<a href=\"https:\/\/plumeseconomiques.com\/fr\/interview-actualites\/equal-pay-day-en-tunisie-interview-avec-m-raiague-drh-des-laboratoires-novo-nordisk-tunisi\/#disqus_thread\" title=\"Laisser un commentaire sur: &quot;Equal Pay Day en Tunisie : interview avec M. Raiague DRH des laboratoires Novo Nordisk Tunisie&quot;\" class=\"comments\"><i class=\"fa fa-comments-o\"><\/i> <\/a>\t\t<\/div>\n\t\t\t\t<\/div>\n\t<\/div>\n\t<\/article >\n\t<article class=\"post-31010 type-post format-standard has-post-thumbnail  listing-item-2 listing-item listing-mg-item listing-mg-4-item main-term-83 bsw-250\">\n\t<div class=\"item-content\">\n\t\t<a  alt=\"hatem becha, pr\u00e9sident de l\u2019arforghe\" title=\"Interview M. Hatem BECHA, Pr\u00e9sident de l\u2019ARFORGHE\" data-src=\"https:\/\/www.plumeseconomiques.com\/fr\/wp-content\/uploads\/2016\/10\/hatem-becha-president-de-larforghe-368x445.jpg\" data-bs-srcset=\"{&quot;baseurl&quot;:&quot;https:\\\/\\\/www.plumeseconomiques.com\\\/fr\\\/wp-content\\\/uploads\\\/2016\\\/10\\\/&quot;,&quot;sizes&quot;:{&quot;180&quot;:&quot;hatem-becha-president-de-larforghe-180x217.jpg&quot;,&quot;267&quot;:&quot;hatem-becha-president-de-larforghe-267x322.jpg&quot;,&quot;368&quot;:&quot;hatem-becha-president-de-larforghe-368x445.jpg&quot;,&quot;950&quot;:&quot;hatem-becha-president-de-larforghe.jpg&quot;}}\"\t\t\t\tclass=\"img-cont\" href=\"https:\/\/plumeseconomiques.com\/fr\/interview-actualites\/interview-m-hatem-becha-president-de-l-arforgh\/\"><\/a>\n\t\t<div class=\"term-badges floated\"><span class=\"term-badge term-83\"><a href=\"https:\/\/plumeseconomiques.com\/fr\/interview-actualites\/\">Interview<\/a><\/span><\/div>\t\t<div class=\"content-container\">\n\t\t\t<h2 class=\"title\">\t\t\t<a href=\"https:\/\/plumeseconomiques.com\/fr\/interview-actualites\/interview-m-hatem-becha-president-de-l-arforgh\/\" class=\"post-url post-title\">\n\t\t\t\tInterview M. Hatem BECHA, Pr\u00e9sident de l\u2019ARFORGHE\t\t\t<\/a>\n\t\t\t<\/h2>\t\t<div class=\"post-meta\">\n\n\t\t\t\t\t\t\t<a href=\"https:\/\/plumeseconomiques.com\/fr\/author\/plumes\/\"\n\t\t\t\t   title=\"Parcourir les articles Auteur\"\n\t\t\t\t   class=\"post-author-a\">\n\t\t\t\t\t<i class=\"post-author author\">\n\t\t\t\t\t\tPlumes\t\t\t\t\t<\/i>\n\t\t\t\t<\/a>\n\t\t\t\t\t\t\t<span class=\"time\"><time class=\"post-published updated\"\n\t\t\t\t                         datetime=\"2016-10-21T00:16:08+01:00\">Oct 21, 2016<\/time><\/span>\n\t\t\t\t<a href=\"https:\/\/plumeseconomiques.com\/fr\/interview-actualites\/interview-m-hatem-becha-president-de-l-arforgh\/#disqus_thread\" title=\"Laisser un commentaire sur: &quot;Interview M. Hatem BECHA, Pr\u00e9sident de l\u2019ARFORGHE&quot;\" class=\"comments\"><i class=\"fa fa-comments-o\"><\/i> <\/a>\t\t<\/div>\n\t\t\t\t<\/div>\n\t<\/div>\n\t<\/article >\n\t<article class=\"post-31009 type-post format-standard has-post-thumbnail  listing-item-3 listing-item listing-mg-item listing-mg-4-item main-term-83 bsw-250\">\n\t<div class=\"item-content\">\n\t\t<a  alt=\"interview m. walid khodja, vice pr\u00e9sident entreprise and executive education de emkh\" title=\"Interview M. Walid KHODJA, Vice-Pr\u00e9sident Entreprise and Executive Education de EMKH\" data-src=\"https:\/\/www.plumeseconomiques.com\/fr\/wp-content\/uploads\/2016\/10\/interview-m.-walid-khodja-vice-president-entreprise-and-executive-education-de-emkh-368x445.jpg\" data-bs-srcset=\"{&quot;baseurl&quot;:&quot;https:\\\/\\\/www.plumeseconomiques.com\\\/fr\\\/wp-content\\\/uploads\\\/2016\\\/10\\\/&quot;,&quot;sizes&quot;:{&quot;180&quot;:&quot;interview-m.-walid-khodja-vice-president-entreprise-and-executive-education-de-emkh-180x217.jpg&quot;,&quot;267&quot;:&quot;interview-m.-walid-khodja-vice-president-entreprise-and-executive-education-de-emkh-267x322.jpg&quot;,&quot;368&quot;:&quot;interview-m.-walid-khodja-vice-president-entreprise-and-executive-education-de-emkh-368x445.jpg&quot;,&quot;950&quot;:&quot;interview-m.-walid-khodja-vice-president-entreprise-and-executive-education-de-emkh.jpg&quot;}}\"\t\t\t\tclass=\"img-cont\" href=\"https:\/\/plumeseconomiques.com\/fr\/interview-actualites\/interview-m-walid-khodja-vice-president-entreprise-and-executive-education-de-emkh\/\"><\/a>\n\t\t<div class=\"term-badges floated\"><span class=\"term-badge term-83\"><a href=\"https:\/\/plumeseconomiques.com\/fr\/interview-actualites\/\">Interview<\/a><\/span><\/div>\t\t<div class=\"content-container\">\n\t\t\t<h2 class=\"title\">\t\t\t<a href=\"https:\/\/plumeseconomiques.com\/fr\/interview-actualites\/interview-m-walid-khodja-vice-president-entreprise-and-executive-education-de-emkh\/\" class=\"post-url post-title\">\n\t\t\t\tInterview M. Walid KHODJA, Vice-Pr\u00e9sident Entreprise and Executive Education de&hellip;\t\t\t<\/a>\n\t\t\t<\/h2>\t\t<div class=\"post-meta\">\n\n\t\t\t\t\t\t\t<a href=\"https:\/\/plumeseconomiques.com\/fr\/author\/plumes\/\"\n\t\t\t\t   title=\"Parcourir les articles Auteur\"\n\t\t\t\t   class=\"post-author-a\">\n\t\t\t\t\t<i class=\"post-author author\">\n\t\t\t\t\t\tPlumes\t\t\t\t\t<\/i>\n\t\t\t\t<\/a>\n\t\t\t\t\t\t\t<span class=\"time\"><time class=\"post-published updated\"\n\t\t\t\t                         datetime=\"2016-10-20T23:40:47+01:00\">Oct 20, 2016<\/time><\/span>\n\t\t\t\t<a href=\"https:\/\/plumeseconomiques.com\/fr\/interview-actualites\/interview-m-walid-khodja-vice-president-entreprise-and-executive-education-de-emkh\/#disqus_thread\" title=\"Laisser un commentaire sur: &quot;Interview M. Walid KHODJA, Vice-Pr\u00e9sident Entreprise and Executive Education de EMKH&quot;\" class=\"comments\"><i class=\"fa fa-comments-o\"><\/i> <\/a>\t\t<\/div>\n\t\t\t\t<\/div>\n\t<\/div>\n\t<\/article >\n\t<article class=\"post-30925 type-post format-standard has-post-thumbnail  listing-item-4 listing-item listing-mg-item listing-mg-4-item main-term-83 bsw-250\">\n\t<div class=\"item-content\">\n\t\t<a  alt=\"ramzi ferchichi directeur marketing huawei\" title=\"Interview M. Ramzi Ferchichi Directeur Marketing Huawei Tunisie\" data-src=\"https:\/\/www.plumeseconomiques.com\/fr\/wp-content\/uploads\/2016\/09\/ramzi-ferchichi-directeur-marketing-huawei-368x445.jpg\" data-bs-srcset=\"{&quot;baseurl&quot;:&quot;https:\\\/\\\/www.plumeseconomiques.com\\\/fr\\\/wp-content\\\/uploads\\\/2016\\\/09\\\/&quot;,&quot;sizes&quot;:{&quot;180&quot;:&quot;ramzi-ferchichi-directeur-marketing-huawei-180x217.jpg&quot;,&quot;267&quot;:&quot;ramzi-ferchichi-directeur-marketing-huawei-267x322.jpg&quot;,&quot;368&quot;:&quot;ramzi-ferchichi-directeur-marketing-huawei-368x445.jpg&quot;,&quot;950&quot;:&quot;ramzi-ferchichi-directeur-marketing-huawei.jpg&quot;}}\"\t\t\t\tclass=\"img-cont\" href=\"https:\/\/plumeseconomiques.com\/fr\/interview-actualites\/interview-m-ramzi-ferchichi-directeur-marketing-huawei-tunisi\/\"><\/a>\n\t\t<div class=\"term-badges floated\"><span class=\"term-badge term-83\"><a href=\"https:\/\/plumeseconomiques.com\/fr\/interview-actualites\/\">Interview<\/a><\/span><\/div>\t\t<div class=\"content-container\">\n\t\t\t<h2 class=\"title\">\t\t\t<a href=\"https:\/\/plumeseconomiques.com\/fr\/interview-actualites\/interview-m-ramzi-ferchichi-directeur-marketing-huawei-tunisi\/\" class=\"post-url post-title\">\n\t\t\t\tInterview M. Ramzi Ferchichi Directeur Marketing Huawei Tunisie\t\t\t<\/a>\n\t\t\t<\/h2>\t\t<div class=\"post-meta\">\n\n\t\t\t\t\t\t\t<a href=\"https:\/\/plumeseconomiques.com\/fr\/author\/plumes\/\"\n\t\t\t\t   title=\"Parcourir les articles Auteur\"\n\t\t\t\t   class=\"post-author-a\">\n\t\t\t\t\t<i class=\"post-author author\">\n\t\t\t\t\t\tPlumes\t\t\t\t\t<\/i>\n\t\t\t\t<\/a>\n\t\t\t\t\t\t\t<span class=\"time\"><time class=\"post-published updated\"\n\t\t\t\t                         datetime=\"2016-09-15T10:55:17+01:00\">Sep 15, 2016<\/time><\/span>\n\t\t\t\t<a href=\"https:\/\/plumeseconomiques.com\/fr\/interview-actualites\/interview-m-ramzi-ferchichi-directeur-marketing-huawei-tunisi\/#disqus_thread\" title=\"Laisser un commentaire sur: &quot;Interview M. Ramzi Ferchichi Directeur Marketing Huawei Tunisie&quot;\" class=\"comments\"><i class=\"fa fa-comments-o\"><\/i> <\/a>\t\t<\/div>\n\t\t\t\t<\/div>\n\t<\/div>\n\t<\/article >\n\t<\/div>\n\t\n\t<\/div>\t\t<div class=\"bs-pagination-wrapper main-term-83 slider  bs-slider-item bs-items-3\">\n\t\t\t<div class=\"listing listing-modern-grid listing-modern-grid-4 clearfix  slider-overlay-simple columns-3\">\n\t\t<article class=\"post-30788 type-post format-standard has-post-thumbnail  listing-item-1 listing-item listing-mg-item listing-mg-4-item main-term-83 bsw-250\">\n\t<div class=\"item-content\">\n\t\t<a  alt=\"taoufik lachheb zitouna bank\" title=\"INTERVIEW M. Taoufik Lachheb DGA Banque Zitouna\" data-src=\"https:\/\/www.plumeseconomiques.com\/fr\/wp-content\/uploads\/2016\/07\/taoufik-lachheb-zitouna-bank-368x445.jpg\" data-bs-srcset=\"{&quot;baseurl&quot;:&quot;https:\\\/\\\/www.plumeseconomiques.com\\\/fr\\\/wp-content\\\/uploads\\\/2016\\\/07\\\/&quot;,&quot;sizes&quot;:{&quot;180&quot;:&quot;taoufik-lachheb-zitouna-bank-180x217.jpg&quot;,&quot;267&quot;:&quot;taoufik-lachheb-zitouna-bank-267x322.jpg&quot;,&quot;368&quot;:&quot;taoufik-lachheb-zitouna-bank-368x445.jpg&quot;,&quot;950&quot;:&quot;taoufik-lachheb-zitouna-bank.jpg&quot;}}\"\t\t\t\tclass=\"img-cont\" href=\"https:\/\/plumeseconomiques.com\/fr\/interview-actualites\/interview-m-taoufik-lachheb-dga-banque-zitoun\/\"><\/a>\n\t\t<div class=\"term-badges floated\"><span class=\"term-badge term-83\"><a href=\"https:\/\/plumeseconomiques.com\/fr\/interview-actualites\/\">Interview<\/a><\/span><\/div>\t\t<div class=\"content-container\">\n\t\t\t<h2 class=\"title\">\t\t\t<a href=\"https:\/\/plumeseconomiques.com\/fr\/interview-actualites\/interview-m-taoufik-lachheb-dga-banque-zitoun\/\" class=\"post-url post-title\">\n\t\t\t\tINTERVIEW M. Taoufik Lachheb DGA Banque Zitouna\t\t\t<\/a>\n\t\t\t<\/h2>\t\t<div class=\"post-meta\">\n\n\t\t\t\t\t\t\t<a href=\"https:\/\/plumeseconomiques.com\/fr\/author\/plumes\/\"\n\t\t\t\t   title=\"Parcourir les articles Auteur\"\n\t\t\t\t   class=\"post-author-a\">\n\t\t\t\t\t<i class=\"post-author author\">\n\t\t\t\t\t\tPlumes\t\t\t\t\t<\/i>\n\t\t\t\t<\/a>\n\t\t\t\t\t\t\t<span class=\"time\"><time class=\"post-published updated\"\n\t\t\t\t                         datetime=\"2016-07-01T00:14:00+01:00\">Juil 1, 2016<\/time><\/span>\n\t\t\t\t<a href=\"https:\/\/plumeseconomiques.com\/fr\/interview-actualites\/interview-m-taoufik-lachheb-dga-banque-zitoun\/#disqus_thread\" title=\"Laisser un commentaire sur: &quot;INTERVIEW M. Taoufik Lachheb DGA Banque Zitouna&quot;\" class=\"comments\"><i class=\"fa fa-comments-o\"><\/i> <\/a>\t\t<\/div>\n\t\t\t\t<\/div>\n\t<\/div>\n\t<\/article >\n\t<article class=\"post-30773 type-post format-standard has-post-thumbnail  listing-item-2 listing-item listing-mg-item listing-mg-4-item main-term-83 bsw-250\">\n\t<div class=\"item-content\">\n\t\t<a  alt=\"tourisme ontt radhouane\" title=\"Radhouane ben Salah : Cette nouvelle ligne Tunis-Montr\u00e9al sera b\u00e9n\u00e9fique pour le tourisme Tunisien\" data-src=\"https:\/\/www.plumeseconomiques.com\/fr\/wp-content\/uploads\/2016\/06\/tourisme-ontt-radhouane-368x445.jpg\" data-bs-srcset=\"{&quot;baseurl&quot;:&quot;https:\\\/\\\/www.plumeseconomiques.com\\\/fr\\\/wp-content\\\/uploads\\\/2016\\\/06\\\/&quot;,&quot;sizes&quot;:{&quot;180&quot;:&quot;tourisme-ontt-radhouane-180x217.jpg&quot;,&quot;267&quot;:&quot;tourisme-ontt-radhouane-267x322.jpg&quot;,&quot;368&quot;:&quot;tourisme-ontt-radhouane-368x445.jpg&quot;,&quot;950&quot;:&quot;tourisme-ontt-radhouane.jpg&quot;}}\"\t\t\t\tclass=\"img-cont\" href=\"https:\/\/plumeseconomiques.com\/fr\/interview-actualites\/radhouane-ben-salah-cette-nouvelle-ligne-tunis-montreal-sera-benefique-pour-le-tourisme-tunisien\/\"><\/a>\n\t\t<div class=\"term-badges floated\"><span class=\"term-badge term-83\"><a href=\"https:\/\/plumeseconomiques.com\/fr\/interview-actualites\/\">Interview<\/a><\/span><\/div>\t\t<div class=\"content-container\">\n\t\t\t<h2 class=\"title\">\t\t\t<a href=\"https:\/\/plumeseconomiques.com\/fr\/interview-actualites\/radhouane-ben-salah-cette-nouvelle-ligne-tunis-montreal-sera-benefique-pour-le-tourisme-tunisien\/\" class=\"post-url post-title\">\n\t\t\t\tRadhouane ben Salah : Cette nouvelle ligne Tunis-Montr\u00e9al sera b\u00e9n\u00e9fique pour le&hellip;\t\t\t<\/a>\n\t\t\t<\/h2>\t\t<div class=\"post-meta\">\n\n\t\t\t\t\t\t\t<a href=\"https:\/\/plumeseconomiques.com\/fr\/author\/plumes\/\"\n\t\t\t\t   title=\"Parcourir les articles Auteur\"\n\t\t\t\t   class=\"post-author-a\">\n\t\t\t\t\t<i class=\"post-author author\">\n\t\t\t\t\t\tPlumes\t\t\t\t\t<\/i>\n\t\t\t\t<\/a>\n\t\t\t\t\t\t\t<span class=\"time\"><time class=\"post-published updated\"\n\t\t\t\t                         datetime=\"2016-06-23T00:48:03+01:00\">Juin 23, 2016<\/time><\/span>\n\t\t\t\t<a href=\"https:\/\/plumeseconomiques.com\/fr\/interview-actualites\/radhouane-ben-salah-cette-nouvelle-ligne-tunis-montreal-sera-benefique-pour-le-tourisme-tunisien\/#disqus_thread\" title=\"Laisser un commentaire sur: &quot;Radhouane ben Salah : Cette nouvelle ligne Tunis-Montr\u00e9al sera b\u00e9n\u00e9fique pour le tourisme Tunisien&quot;\" class=\"comments\"><i class=\"fa fa-comments-o\"><\/i> <\/a>\t\t<\/div>\n\t\t\t\t<\/div>\n\t<\/div>\n\t<\/article >\n\t<article class=\"post-30759 type-post format-standard has-post-thumbnail  listing-item-3 listing-item listing-mg-item listing-mg-4-item main-term-83 bsw-250\">\n\t<div class=\"item-content\">\n\t\t<a  alt=\"ahmed el karam\" title=\"Interview sp\u00e9ciale Investissement de M. Ahmed el Karm, Pr\u00e9sident Amen Bank et APTBEF\" data-src=\"https:\/\/www.plumeseconomiques.com\/fr\/wp-content\/uploads\/2016\/06\/ahmed-el-karam-368x445.jpg\" data-bs-srcset=\"{&quot;baseurl&quot;:&quot;https:\\\/\\\/www.plumeseconomiques.com\\\/fr\\\/wp-content\\\/uploads\\\/2016\\\/06\\\/&quot;,&quot;sizes&quot;:{&quot;180&quot;:&quot;ahmed-el-karam-180x217.jpg&quot;,&quot;267&quot;:&quot;ahmed-el-karam-267x322.jpg&quot;,&quot;368&quot;:&quot;ahmed-el-karam-368x445.jpg&quot;,&quot;950&quot;:&quot;ahmed-el-karam.jpg&quot;}}\"\t\t\t\tclass=\"img-cont\" href=\"https:\/\/plumeseconomiques.com\/fr\/interview-actualites\/interview-speciale-investissement-de-m-ahmed-el-karm-president-amen-bank-et-aptbef\/\"><\/a>\n\t\t<div class=\"term-badges floated\"><span class=\"term-badge term-83\"><a href=\"https:\/\/plumeseconomiques.com\/fr\/interview-actualites\/\">Interview<\/a><\/span><\/div>\t\t<div class=\"content-container\">\n\t\t\t<h2 class=\"title\">\t\t\t<a href=\"https:\/\/plumeseconomiques.com\/fr\/interview-actualites\/interview-speciale-investissement-de-m-ahmed-el-karm-president-amen-bank-et-aptbef\/\" class=\"post-url post-title\">\n\t\t\t\tInterview sp\u00e9ciale Investissement de M. Ahmed el Karm, Pr\u00e9sident Amen Bank et&hellip;\t\t\t<\/a>\n\t\t\t<\/h2>\t\t<div class=\"post-meta\">\n\n\t\t\t\t\t\t\t<a href=\"https:\/\/plumeseconomiques.com\/fr\/author\/plumes\/\"\n\t\t\t\t   title=\"Parcourir les articles Auteur\"\n\t\t\t\t   class=\"post-author-a\">\n\t\t\t\t\t<i class=\"post-author author\">\n\t\t\t\t\t\tPlumes\t\t\t\t\t<\/i>\n\t\t\t\t<\/a>\n\t\t\t\t\t\t\t<span class=\"time\"><time class=\"post-published updated\"\n\t\t\t\t                         datetime=\"2016-06-13T11:42:15+01:00\">Juin 13, 2016<\/time><\/span>\n\t\t\t\t<a href=\"https:\/\/plumeseconomiques.com\/fr\/interview-actualites\/interview-speciale-investissement-de-m-ahmed-el-karm-president-amen-bank-et-aptbef\/#disqus_thread\" title=\"Laisser un commentaire sur: &quot;Interview sp\u00e9ciale Investissement de M. Ahmed el Karm, Pr\u00e9sident Amen Bank et APTBEF&quot;\" class=\"comments\"><i class=\"fa fa-comments-o\"><\/i> <\/a>\t\t<\/div>\n\t\t\t\t<\/div>\n\t<\/div>\n\t<\/article >\n\t<article class=\"post-30629 type-post format-standard has-post-thumbnail  listing-item-4 listing-item listing-mg-item listing-mg-4-item main-term-83 bsw-250\">\n\t<div class=\"item-content\">\n\t\t<a  alt=\"miaoui ali tunisair\" title=\"Interview de M. Miaoui Ali, repr\u00e9sentant g\u00e9n\u00e9ral de Tunisair sur le march\u00e9 Italien depuis Novembre 2015\" data-src=\"https:\/\/www.plumeseconomiques.com\/fr\/wp-content\/uploads\/2016\/05\/miaoui-ali-tunisair-368x445.jpeg\" data-bs-srcset=\"{&quot;baseurl&quot;:&quot;https:\\\/\\\/www.plumeseconomiques.com\\\/fr\\\/wp-content\\\/uploads\\\/2016\\\/05\\\/&quot;,&quot;sizes&quot;:{&quot;180&quot;:&quot;miaoui-ali-tunisair-180x217.jpeg&quot;,&quot;267&quot;:&quot;miaoui-ali-tunisair-267x322.jpeg&quot;,&quot;368&quot;:&quot;miaoui-ali-tunisair-368x445.jpeg&quot;,&quot;950&quot;:&quot;miaoui-ali-tunisair.jpeg&quot;}}\"\t\t\t\tclass=\"img-cont\" href=\"https:\/\/plumeseconomiques.com\/fr\/interview-actualites\/interview-de-m-miaoui-ali-representant-general-de-tunisair-sur-le-marche-italien-depuis-novembre-2015\/\"><\/a>\n\t\t<div class=\"term-badges floated\"><span class=\"term-badge term-83\"><a href=\"https:\/\/plumeseconomiques.com\/fr\/interview-actualites\/\">Interview<\/a><\/span><\/div>\t\t<div class=\"content-container\">\n\t\t\t<h2 class=\"title\">\t\t\t<a href=\"https:\/\/plumeseconomiques.com\/fr\/interview-actualites\/interview-de-m-miaoui-ali-representant-general-de-tunisair-sur-le-marche-italien-depuis-novembre-2015\/\" class=\"post-url post-title\">\n\t\t\t\tInterview de M. Miaoui Ali, repr\u00e9sentant g\u00e9n\u00e9ral de Tunisair sur le march\u00e9&hellip;\t\t\t<\/a>\n\t\t\t<\/h2>\t\t<div class=\"post-meta\">\n\n\t\t\t\t\t\t\t<a href=\"https:\/\/plumeseconomiques.com\/fr\/author\/plumes\/\"\n\t\t\t\t   title=\"Parcourir les articles Auteur\"\n\t\t\t\t   class=\"post-author-a\">\n\t\t\t\t\t<i class=\"post-author author\">\n\t\t\t\t\t\tPlumes\t\t\t\t\t<\/i>\n\t\t\t\t<\/a>\n\t\t\t\t\t\t\t<span class=\"time\"><time class=\"post-published updated\"\n\t\t\t\t                         datetime=\"2016-05-02T16:12:06+01:00\">Mai 2, 2016<\/time><\/span>\n\t\t\t\t<a href=\"https:\/\/plumeseconomiques.com\/fr\/interview-actualites\/interview-de-m-miaoui-ali-representant-general-de-tunisair-sur-le-marche-italien-depuis-novembre-2015\/#disqus_thread\" title=\"Laisser un commentaire sur: &quot;Interview de M. Miaoui Ali, repr\u00e9sentant g\u00e9n\u00e9ral de Tunisair sur le march\u00e9 Italien depuis Novembre 2015&quot;\" class=\"comments\"><i class=\"fa fa-comments-o\"><\/i> <\/a>\t\t<\/div>\n\t\t\t\t<\/div>\n\t<\/div>\n\t<\/article >\n\t<\/div>\n\t\n\t<\/div>\t\t<div class=\"bs-pagination-wrapper main-term-83 slider  bs-slider-item bs-items-3\">\n\t\t\t<div class=\"listing listing-modern-grid listing-modern-grid-4 clearfix  slider-overlay-simple columns-3\">\n\t\t<article class=\"post-30251 type-post format-standard has-post-thumbnail  listing-item-1 listing-item listing-mg-item listing-mg-4-item main-term-83 bsw-250\">\n\t<div class=\"item-content\">\n\t\t<a  title=\"Bertrand Rambaud: le pr\u00e9sident du Siparex parle du fonds Co-localisation\" data-src=\"https:\/\/www.plumeseconomiques.com\/IMAGES\/IMAGES-2016\/Fevrier-2016\/Bertnad-Rambaud-plumeseconomiques-500x300.JPG\"\t\t\t\tclass=\"img-cont\" href=\"https:\/\/plumeseconomiques.com\/fr\/interview-actualites\/Bertrand-Rambaud-le-president-du-Siparex-parle-du-fonds-Co-localisation\/\"><\/a>\n\t\t<div class=\"term-badges floated\"><span class=\"term-badge term-83\"><a href=\"https:\/\/plumeseconomiques.com\/fr\/interview-actualites\/\">Interview<\/a><\/span><\/div>\t\t<div class=\"content-container\">\n\t\t\t<h2 class=\"title\">\t\t\t<a href=\"https:\/\/plumeseconomiques.com\/fr\/interview-actualites\/Bertrand-Rambaud-le-president-du-Siparex-parle-du-fonds-Co-localisation\/\" class=\"post-url post-title\">\n\t\t\t\tBertrand Rambaud: le pr\u00e9sident du Siparex parle du fonds Co-localisation\t\t\t<\/a>\n\t\t\t<\/h2>\t\t<div class=\"post-meta\">\n\n\t\t\t\t\t\t\t<a href=\"https:\/\/plumeseconomiques.com\/fr\/author\/plumes\/\"\n\t\t\t\t   title=\"Parcourir les articles Auteur\"\n\t\t\t\t   class=\"post-author-a\">\n\t\t\t\t\t<i class=\"post-author author\">\n\t\t\t\t\t\tPlumes\t\t\t\t\t<\/i>\n\t\t\t\t<\/a>\n\t\t\t\t\t\t\t<span class=\"time\"><time class=\"post-published updated\"\n\t\t\t\t                         datetime=\"2016-02-08T10:51:03+01:00\">F\u00e9v 8, 2016<\/time><\/span>\n\t\t\t\t<a href=\"https:\/\/plumeseconomiques.com\/fr\/interview-actualites\/Bertrand-Rambaud-le-president-du-Siparex-parle-du-fonds-Co-localisation\/#disqus_thread\" title=\"Laisser un commentaire sur: &quot;Bertrand Rambaud: le pr\u00e9sident du Siparex parle du fonds Co-localisation&quot;\" class=\"comments\"><i class=\"fa fa-comments-o\"><\/i> <\/a>\t\t<\/div>\n\t\t\t\t<\/div>\n\t<\/div>\n\t<\/article >\n\t<article class=\"post-30250 type-post format-standard has-post-thumbnail  listing-item-2 listing-item listing-mg-item listing-mg-4-item main-term-83 bsw-250\">\n\t<div class=\"item-content\">\n\t\t<a  title=\"Salah Essayel : le pr\u00e9sident du CMF parle du fonds Co-localisation\" data-src=\"https:\/\/www.plumeseconomiques.com\/IMAGES\/IMAGES-2016\/Fevrier-2016\/Salah-Essayel-CMF-Colocalisation-plumeseconomiques-500x300.JPG\"\t\t\t\tclass=\"img-cont\" href=\"https:\/\/plumeseconomiques.com\/fr\/interview-actualites\/Salah-Essayel-le-president-du-CMF-parle-du-fonds-Co-localisation\/\"><\/a>\n\t\t<div class=\"term-badges floated\"><span class=\"term-badge term-83\"><a href=\"https:\/\/plumeseconomiques.com\/fr\/interview-actualites\/\">Interview<\/a><\/span><\/div>\t\t<div class=\"content-container\">\n\t\t\t<h2 class=\"title\">\t\t\t<a href=\"https:\/\/plumeseconomiques.com\/fr\/interview-actualites\/Salah-Essayel-le-president-du-CMF-parle-du-fonds-Co-localisation\/\" class=\"post-url post-title\">\n\t\t\t\tSalah Essayel : le pr\u00e9sident du CMF parle du fonds Co-localisation\t\t\t<\/a>\n\t\t\t<\/h2>\t\t<div class=\"post-meta\">\n\n\t\t\t\t\t\t\t<a href=\"https:\/\/plumeseconomiques.com\/fr\/author\/plumes\/\"\n\t\t\t\t   title=\"Parcourir les articles Auteur\"\n\t\t\t\t   class=\"post-author-a\">\n\t\t\t\t\t<i class=\"post-author author\">\n\t\t\t\t\t\tPlumes\t\t\t\t\t<\/i>\n\t\t\t\t<\/a>\n\t\t\t\t\t\t\t<span class=\"time\"><time class=\"post-published updated\"\n\t\t\t\t                         datetime=\"2016-02-08T10:40:42+01:00\">F\u00e9v 8, 2016<\/time><\/span>\n\t\t\t\t<a href=\"https:\/\/plumeseconomiques.com\/fr\/interview-actualites\/Salah-Essayel-le-president-du-CMF-parle-du-fonds-Co-localisation\/#disqus_thread\" title=\"Laisser un commentaire sur: &quot;Salah Essayel : le pr\u00e9sident du CMF parle du fonds Co-localisation&quot;\" class=\"comments\"><i class=\"fa fa-comments-o\"><\/i> <\/a>\t\t<\/div>\n\t\t\t\t<\/div>\n\t<\/div>\n\t<\/article >\n\t<article class=\"post-30249 type-post format-standard has-post-thumbnail  listing-item-3 listing-item listing-mg-item listing-mg-4-item main-term-83 bsw-250\">\n\t<div class=\"item-content\">\n\t\t<a  title=\"Fran\u00e7ois Gouyette parle du fonds Co-localisation\" data-src=\"https:\/\/www.plumeseconomiques.com\/IMAGES\/IMAGES-2016\/Fevrier-2016\/Fran&ccedil;ois-gouyette-plumeseconomiques-500x300.jpg\"\t\t\t\tclass=\"img-cont\" href=\"https:\/\/plumeseconomiques.com\/fr\/interview-actualites\/Francois-Gouyette-parle-du-fonds-Co-localisation\/\"><\/a>\n\t\t<div class=\"term-badges floated\"><span class=\"term-badge term-83\"><a href=\"https:\/\/plumeseconomiques.com\/fr\/interview-actualites\/\">Interview<\/a><\/span><\/div>\t\t<div class=\"content-container\">\n\t\t\t<h2 class=\"title\">\t\t\t<a href=\"https:\/\/plumeseconomiques.com\/fr\/interview-actualites\/Francois-Gouyette-parle-du-fonds-Co-localisation\/\" class=\"post-url post-title\">\n\t\t\t\tFran\u00e7ois Gouyette parle du fonds Co-localisation\t\t\t<\/a>\n\t\t\t<\/h2>\t\t<div class=\"post-meta\">\n\n\t\t\t\t\t\t\t<a href=\"https:\/\/plumeseconomiques.com\/fr\/author\/plumes\/\"\n\t\t\t\t   title=\"Parcourir les articles Auteur\"\n\t\t\t\t   class=\"post-author-a\">\n\t\t\t\t\t<i class=\"post-author author\">\n\t\t\t\t\t\tPlumes\t\t\t\t\t<\/i>\n\t\t\t\t<\/a>\n\t\t\t\t\t\t\t<span class=\"time\"><time class=\"post-published updated\"\n\t\t\t\t                         datetime=\"2016-02-08T10:34:53+01:00\">F\u00e9v 8, 2016<\/time><\/span>\n\t\t\t\t<a href=\"https:\/\/plumeseconomiques.com\/fr\/interview-actualites\/Francois-Gouyette-parle-du-fonds-Co-localisation\/#disqus_thread\" title=\"Laisser un commentaire sur: &quot;Fran\u00e7ois Gouyette parle du fonds Co-localisation&quot;\" class=\"comments\"><i class=\"fa fa-comments-o\"><\/i> <\/a>\t\t<\/div>\n\t\t\t\t<\/div>\n\t<\/div>\n\t<\/article >\n\t<article class=\"post-30241 type-post format-standard has-post-thumbnail  listing-item-4 listing-item listing-mg-item listing-mg-4-item main-term-83 bsw-250\">\n\t<div class=\"item-content\">\n\t\t<a  title=\"Total Tunisie : Une journ\u00e9e portes ouvertes sur ses installations p\u00e9troli\u00e8res de la zone de Rad\u00e8s\" data-src=\"https:\/\/www.plumeseconomiques.com\/fr\/wp-content\/themes\/publisher\/images\/default-thumb\/publisher-tall-big.png\"\t\t\t\tclass=\"img-cont\" href=\"https:\/\/plumeseconomiques.com\/fr\/interview-actualites\/Total-Tunisie-Une-journee-portes-ouvertes-sur-ses-installations-petrolieres-de-la-zone-de-Rades\/\"><\/a>\n\t\t<div class=\"term-badges floated\"><span class=\"term-badge term-83\"><a href=\"https:\/\/plumeseconomiques.com\/fr\/interview-actualites\/\">Interview<\/a><\/span><\/div>\t\t<div class=\"content-container\">\n\t\t\t<h2 class=\"title\">\t\t\t<a href=\"https:\/\/plumeseconomiques.com\/fr\/interview-actualites\/Total-Tunisie-Une-journee-portes-ouvertes-sur-ses-installations-petrolieres-de-la-zone-de-Rades\/\" class=\"post-url post-title\">\n\t\t\t\tTotal Tunisie : Une journ\u00e9e portes ouvertes sur ses installations p\u00e9troli\u00e8res de&hellip;\t\t\t<\/a>\n\t\t\t<\/h2>\t\t<div class=\"post-meta\">\n\n\t\t\t\t\t\t\t<a href=\"https:\/\/plumeseconomiques.com\/fr\/author\/plumes\/\"\n\t\t\t\t   title=\"Parcourir les articles Auteur\"\n\t\t\t\t   class=\"post-author-a\">\n\t\t\t\t\t<i class=\"post-author author\">\n\t\t\t\t\t\tPlumes\t\t\t\t\t<\/i>\n\t\t\t\t<\/a>\n\t\t\t\t\t\t\t<span class=\"time\"><time class=\"post-published updated\"\n\t\t\t\t                         datetime=\"2016-02-04T08:51:07+01:00\">F\u00e9v 4, 2016<\/time><\/span>\n\t\t\t\t<a href=\"https:\/\/plumeseconomiques.com\/fr\/interview-actualites\/Total-Tunisie-Une-journee-portes-ouvertes-sur-ses-installations-petrolieres-de-la-zone-de-Rades\/#disqus_thread\" title=\"Laisser un commentaire sur: &quot;Total Tunisie : Une journ\u00e9e portes ouvertes sur ses installations p\u00e9troli\u00e8res de la zone de Rad\u00e8s&quot;\" class=\"comments\"><i class=\"fa fa-comments-o\"><\/i> <\/a>\t\t<\/div>\n\t\t\t\t<\/div>\n\t<\/div>\n\t<\/article >\n\t<\/div>\n\t\n\t<\/div><div class=\"bs-slider-controls main-term-83\"><div class=\"bs-control-nav  bs-control-nav-style-1\"><\/div><\/div><\/div><\/div>[\/vc_column][\/vc_row][vc_row][vc_column width=\u00a0\u00bb1\/4&Prime;]<div class=\" bs-listing bs-listing-listing-mix-3-3 bs-listing-single-tab\">\t\t<h3 class=\"section-heading sh-t3 sh-s1 main-term-77\">\n\n\t\t\n\t\t\t\t\t\t\t<a href=\"https:\/\/plumeseconomiques.com\/fr\/chiffre-cle\/\" class=\"main-link\">\n\t\t\t\t\t\t\t<span class=\"h-text main-term-77\">\n\t\t\t\t\t\t\t\tChiffre Cl\u00e9\t\t\t\t\t\t\t<\/span>\n\t\t\t\t<\/a>\n\t\t\t\n\t\t\n\t\t<\/h3>\n\t\t\t<div class=\"listing listing-mix-3-3 clearfix \">\n\t\t<div class=\"item-inner\">\n\t\t\t<div class=\"row-1\">\n\t\t\t\t\t\t\t\t\t<div class=\"listing listing-grid-1 clearfix columns-1\">\n\t\t\t\t\t\t\t<article class=\"post-68416 type-post format-standard has-post-thumbnail   listing-item listing-item-grid listing-item-grid-1 main-term-77\">\n\t<div class=\"item-inner\">\n\t\t\t\t\t<div class=\"featured clearfix\">\n\t\t\t\t\t\t\t\t<a  alt=\"10 000 produits. 10 propri\u00e9taires\" title=\"10 000 produits&#8230;10 propri\u00e9taires !\" data-src=\"https:\/\/www.plumeseconomiques.com\/fr\/wp-content\/uploads\/2026\/02\/10-000-produits.-10-proprietaires-1-357x210.jpg\" data-bs-srcset=\"{&quot;baseurl&quot;:&quot;https:\\\/\\\/www.plumeseconomiques.com\\\/fr\\\/wp-content\\\/uploads\\\/2026\\\/02\\\/&quot;,&quot;sizes&quot;:{&quot;210&quot;:&quot;10-000-produits.-10-proprietaires-1-210x136.jpg&quot;,&quot;279&quot;:&quot;10-000-produits.-10-proprietaires-1-279x220.jpg&quot;,&quot;357&quot;:&quot;10-000-produits.-10-proprietaires-1-357x210.jpg&quot;,&quot;750&quot;:&quot;10-000-produits.-10-proprietaires-1-750x430.jpg&quot;,&quot;950&quot;:&quot;10-000-produits.-10-proprietaires-1.jpg&quot;}}\"\t\t\t\t\t\tclass=\"img-holder\" href=\"https:\/\/plumeseconomiques.com\/fr\/magazine\/sous-le-zoom\/10-000-produits-10-proprietaires\/\"><\/a>\n\n\t\t\t\t\t\t\t<\/div>\n\t\t<h2 class=\"title\">\t\t<a href=\"https:\/\/plumeseconomiques.com\/fr\/magazine\/sous-le-zoom\/10-000-produits-10-proprietaires\/\" class=\"post-title post-url\">\n\t\t\t10 000 produits&#8230;10 propri\u00e9taires !\t\t<\/a>\n\t\t<\/h2>\t<\/div>\n\t<\/article >\n\t\t\t\t\t<\/div>\n\t\t\t\t\t\t\t\t<\/div>\n\t\t\t\t\t\t\t<div class=\"row-2\">\n\t\t\t\t\t\t<div class=\"listing listing-text listing-text-2 clearfix columns-2\">\n\t\t<article class=\"post-65620 type-post format-standard has-post-thumbnail   listing-item listing-item-text listing-item-text-2 main-term-77\">\n\t<div class=\"item-inner\">\n\t\t<h2 class=\"title\">\t\t<a href=\"https:\/\/plumeseconomiques.com\/fr\/news\/mehdi-houas-annonce-lacquisition-du-groupe-coexya\/\" class=\"post-title post-url\">\n\t\t\tMehdi Houas annonce l\u2019acquisition du groupe Coexya\t\t<\/a>\n\t\t<\/h2>\t<\/div>\n\t<\/article >\n\t<article class=\"post-61594 type-post format-standard has-post-thumbnail   listing-item listing-item-text listing-item-text-2 main-term-77\">\n\t<div class=\"item-inner\">\n\t\t<h2 class=\"title\">\t\t<a href=\"https:\/\/plumeseconomiques.com\/fr\/chiffre-cle\/ooredoo-night-run-en-chiffres\/\" class=\"post-title post-url\">\n\t\t\tOoredoo Night Run en chiffres\t\t<\/a>\n\t\t<\/h2>\t<\/div>\n\t<\/article >\n\t<article class=\"post-61532 type-post format-standard has-post-thumbnail   listing-item listing-item-text listing-item-text-2 main-term-77\">\n\t<div class=\"item-inner\">\n\t\t<h2 class=\"title\">\t\t<a href=\"https:\/\/plumeseconomiques.com\/fr\/chiffre-cle\/tunisie-telecom-en-chiffre-et-dates-cles\/\" class=\"post-title post-url\">\n\t\t\tTunisie Telecom en chiffre et Dates cl\u00e9s\t\t<\/a>\n\t\t<\/h2>\t<\/div>\n\t<\/article >\n\t<\/div>\n\t\t\t\t\t<\/div>\n\t\t\t\t\t\t<\/div>\n\t<\/div>\n<\/div>[\/vc_column][vc_column width=\u00a0\u00bb1\/4&Prime;]<div class=\" bs-listing bs-listing-listing-mix-3-3 bs-listing-single-tab\">\t\t<h3 class=\"section-heading sh-t3 sh-s1 main-term-97\">\n\n\t\t\n\t\t\t\t\t\t\t<a href=\"https:\/\/plumeseconomiques.com\/fr\/conso\/\" class=\"main-link\">\n\t\t\t\t\t\t\t<span class=\"h-text main-term-97\">\n\t\t\t\t\t\t\t\tConso\t\t\t\t\t\t\t<\/span>\n\t\t\t\t<\/a>\n\t\t\t\n\t\t\n\t\t<\/h3>\n\t\t\t<div class=\"listing listing-mix-3-3 clearfix \">\n\t\t<div class=\"item-inner\">\n\t\t\t<div class=\"row-1\">\n\t\t\t\t\t\t\t\t\t<div class=\"listing listing-grid-1 clearfix columns-1\">\n\t\t\t\t\t\t\t<article class=\"post-70287 type-post format-standard has-post-thumbnail   listing-item listing-item-grid listing-item-grid-1 main-term-103\">\n\t<div class=\"item-inner\">\n\t\t\t\t\t<div class=\"featured clearfix\">\n\t\t\t\t\t\t\t\t<a  alt=\"galaxy s26 audio eraser 1200x675\" title=\"D\u00e9couvrez Audio Eraser avec la s\u00e9rie Galaxy S26\" data-src=\"https:\/\/www.plumeseconomiques.com\/fr\/wp-content\/uploads\/2026\/04\/galaxy-s26-audio-eraser-1200x675-1-357x210.jpg\" data-bs-srcset=\"{&quot;baseurl&quot;:&quot;https:\\\/\\\/www.plumeseconomiques.com\\\/fr\\\/wp-content\\\/uploads\\\/2026\\\/04\\\/&quot;,&quot;sizes&quot;:{&quot;210&quot;:&quot;galaxy-s26-audio-eraser-1200x675-1-210x136.jpg&quot;,&quot;279&quot;:&quot;galaxy-s26-audio-eraser-1200x675-1-279x220.jpg&quot;,&quot;357&quot;:&quot;galaxy-s26-audio-eraser-1200x675-1-357x210.jpg&quot;,&quot;750&quot;:&quot;galaxy-s26-audio-eraser-1200x675-1-750x430.jpg&quot;,&quot;950&quot;:&quot;galaxy-s26-audio-eraser-1200x675-1.jpg&quot;}}\"\t\t\t\t\t\tclass=\"img-holder\" href=\"https:\/\/plumeseconomiques.com\/fr\/conso\/hi-tech\/decouvrez-audio-eraser-avec-la-serie-galaxy-s26\/\"><\/a>\n\n\t\t\t\t\t\t\t<\/div>\n\t\t<h2 class=\"title\">\t\t<a href=\"https:\/\/plumeseconomiques.com\/fr\/conso\/hi-tech\/decouvrez-audio-eraser-avec-la-serie-galaxy-s26\/\" class=\"post-title post-url\">\n\t\t\tD\u00e9couvrez Audio Eraser avec la s\u00e9rie Galaxy S26\t\t<\/a>\n\t\t<\/h2>\t<\/div>\n\t<\/article >\n\t\t\t\t\t<\/div>\n\t\t\t\t\t\t\t\t<\/div>\n\t\t\t\t\t\t\t<div class=\"row-2\">\n\t\t\t\t\t\t<div class=\"listing listing-text listing-text-2 clearfix columns-2\">\n\t\t<article class=\"post-69899 type-post format-standard has-post-thumbnail   listing-item listing-item-text listing-item-text-2 main-term-103\">\n\t<div class=\"item-inner\">\n\t\t<h2 class=\"title\">\t\t<a href=\"https:\/\/plumeseconomiques.com\/fr\/conso\/hi-tech\/samsung-ajoute-la-compatibilite-airdrop-a-la-fonction-quick-share-de-la-serie-galaxy-s26-2\/\" class=\"post-title post-url\">\n\t\t\tSamsung ajoute la compatibilit\u00e9 AirDrop \u00e0 la fonction&hellip;\t\t<\/a>\n\t\t<\/h2>\t<\/div>\n\t<\/article >\n\t<article class=\"post-69803 type-post format-standard has-post-thumbnail   listing-item listing-item-text listing-item-text-2 main-term-103\">\n\t<div class=\"item-inner\">\n\t\t<h2 class=\"title\">\t\t<a href=\"https:\/\/plumeseconomiques.com\/fr\/conso\/hi-tech\/samsung-ajoute-la-compatibilite-airdrop-a-la-fonction-quick-share-de-la-serie-galaxy-s26\/\" class=\"post-title post-url\">\n\t\t\tSamsung ajoute la compatibilit\u00e9 AirDrop \u00e0 la fonction&hellip;\t\t<\/a>\n\t\t<\/h2>\t<\/div>\n\t<\/article >\n\t<article class=\"post-69733 type-post format-standard has-post-thumbnail   listing-item listing-item-text listing-item-text-2 main-term-103\">\n\t<div class=\"item-inner\">\n\t\t<h2 class=\"title\">\t\t<a href=\"https:\/\/plumeseconomiques.com\/fr\/conso\/hi-tech\/galaxy-buds4-comment-les-appels-ultra-clairs-transforment-la-qualite-des-conversations\/\" class=\"post-title post-url\">\n\t\t\tGalaxy Buds4 : comment les Appels ultra clairs&hellip;\t\t<\/a>\n\t\t<\/h2>\t<\/div>\n\t<\/article >\n\t<\/div>\n\t\t\t\t\t<\/div>\n\t\t\t\t\t\t<\/div>\n\t<\/div>\n<\/div>[\/vc_column][vc_column width=\u00a0\u00bb1\/4&Prime;]<div class=\" bs-listing bs-listing-listing-mix-3-3 bs-listing-single-tab\">\t\t<h3 class=\"section-heading sh-t3 sh-s1 main-term-73\">\n\n\t\t\n\t\t\t\t\t\t\t<a href=\"https:\/\/plumeseconomiques.com\/fr\/chroniques\/\" class=\"main-link\">\n\t\t\t\t\t\t\t<span class=\"h-text main-term-73\">\n\t\t\t\t\t\t\t\tChroniques\t\t\t\t\t\t\t<\/span>\n\t\t\t\t<\/a>\n\t\t\t\n\t\t\n\t\t<\/h3>\n\t\t\t<div class=\"listing listing-mix-3-3 clearfix \">\n\t\t<div class=\"item-inner\">\n\t\t\t<div class=\"row-1\">\n\t\t\t\t\t\t\t\t\t<div class=\"listing listing-grid-1 clearfix columns-1\">\n\t\t\t\t\t\t\t<article class=\"post-50463 type-post format-standard has-post-thumbnail   listing-item listing-item-grid listing-item-grid-1 main-term-73\">\n\t<div class=\"item-inner\">\n\t\t\t\t\t<div class=\"featured clearfix\">\n\t\t\t\t\t\t\t\t<a  alt=\"Emploi : quelques astuces pour int\u00e9grer une grande entreprise\" title=\"Emploi : quelques astuces pour int\u00e9grer une grande entreprise\" data-src=\"https:\/\/www.plumeseconomiques.com\/fr\/wp-content\/uploads\/2020\/08\/emploi-sur-internet-astuces-pratiques-950x500-1-357x210.jpg\" data-bs-srcset=\"{&quot;baseurl&quot;:&quot;https:\\\/\\\/www.plumeseconomiques.com\\\/fr\\\/wp-content\\\/uploads\\\/2020\\\/08\\\/&quot;,&quot;sizes&quot;:{&quot;210&quot;:&quot;emploi-sur-internet-astuces-pratiques-950x500-1-210x136.jpg&quot;,&quot;279&quot;:&quot;emploi-sur-internet-astuces-pratiques-950x500-1-279x220.jpg&quot;,&quot;357&quot;:&quot;emploi-sur-internet-astuces-pratiques-950x500-1-357x210.jpg&quot;,&quot;750&quot;:&quot;emploi-sur-internet-astuces-pratiques-950x500-1-750x430.jpg&quot;,&quot;950&quot;:&quot;emploi-sur-internet-astuces-pratiques-950x500-1.jpg&quot;}}\"\t\t\t\t\t\tclass=\"img-holder\" href=\"https:\/\/plumeseconomiques.com\/fr\/chroniques\/emploi-quelques-astuces-pour-integrer-une-grande-entreprise\/\"><\/a>\n\n\t\t\t\t\t\t\t<\/div>\n\t\t<h2 class=\"title\">\t\t<a href=\"https:\/\/plumeseconomiques.com\/fr\/chroniques\/emploi-quelques-astuces-pour-integrer-une-grande-entreprise\/\" class=\"post-title post-url\">\n\t\t\tEmploi : quelques astuces pour int\u00e9grer une grande entreprise\t\t<\/a>\n\t\t<\/h2>\t<\/div>\n\t<\/article >\n\t\t\t\t\t<\/div>\n\t\t\t\t\t\t\t\t<\/div>\n\t\t\t\t\t\t\t<div class=\"row-2\">\n\t\t\t\t\t\t<div class=\"listing listing-text listing-text-2 clearfix columns-2\">\n\t\t<article class=\"post-49848 type-post format-standard has-post-thumbnail   listing-item listing-item-text listing-item-text-2 main-term-73\">\n\t<div class=\"item-inner\">\n\t\t<h2 class=\"title\">\t\t<a href=\"https:\/\/plumeseconomiques.com\/fr\/chroniques\/le-taux-de-chomage-ne-cesse-daugmenter-de-jour-en-jour\/\" class=\"post-title post-url\">\n\t\t\tLe taux de ch\u00f4mage ne cesse d\u2019augmenter de jour en jour\t\t<\/a>\n\t\t<\/h2>\t<\/div>\n\t<\/article >\n\t<article class=\"post-40650 type-post format-standard has-post-thumbnail   listing-item listing-item-text listing-item-text-2 main-term-73\">\n\t<div class=\"item-inner\">\n\t\t<h2 class=\"title\">\t\t<a href=\"https:\/\/plumeseconomiques.com\/fr\/chroniques\/sante-sommes-nous-reellement-armes-pour-supporter-des-tunisiens-vivants-avec-un-diabete\/\" class=\"post-title post-url\">\n\t\t\tSant\u00e9 : Sommes-nous r\u00e9ellement arm\u00e9s pour supporter des&hellip;\t\t<\/a>\n\t\t<\/h2>\t<\/div>\n\t<\/article >\n\t<article class=\"post-39902 type-post format-standard has-post-thumbnail   listing-item listing-item-text listing-item-text-2 main-term-73\">\n\t<div class=\"item-inner\">\n\t\t<h2 class=\"title\">\t\t<a href=\"https:\/\/plumeseconomiques.com\/fr\/chroniques\/bientot-plus-de-transfusion-possible-en-tunisie\/\" class=\"post-title post-url\">\n\t\t\tBient\u00f4t plus de transfusion possible en Tunisie ?\t\t<\/a>\n\t\t<\/h2>\t<\/div>\n\t<\/article >\n\t<\/div>\n\t\t\t\t\t<\/div>\n\t\t\t\t\t\t<\/div>\n\t<\/div>\n<\/div>[\/vc_column][vc_column width=\u00a0\u00bb1\/4&Prime;]<div class=\" bs-listing bs-listing-listing-mix-3-3 bs-listing-single-tab\">\t\t<h3 class=\"section-heading sh-t3 sh-s1 main-term-62\">\n\n\t\t\n\t\t\t\t\t\t\t<a href=\"https:\/\/plumeseconomiques.com\/fr\/communique\/\" class=\"main-link\">\n\t\t\t\t\t\t\t<span class=\"h-text main-term-62\">\n\t\t\t\t\t\t\t\tCommuniqu\u00e9\t\t\t\t\t\t\t<\/span>\n\t\t\t\t<\/a>\n\t\t\t\n\t\t\n\t\t<\/h3>\n\t\t\t<div class=\"listing listing-mix-3-3 clearfix \">\n\t\t<div class=\"item-inner\">\n\t\t\t<div class=\"row-1\">\n\t\t\t\t\t\t\t\t\t<div class=\"listing listing-grid-1 clearfix columns-1\">\n\t\t\t\t\t\t\t<article class=\"post-67868 type-post format-standard has-post-thumbnail   listing-item listing-item-grid listing-item-grid-1 main-term-62\">\n\t<div class=\"item-inner\">\n\t\t\t\t\t<div class=\"featured clearfix\">\n\t\t\t\t\t\t\t\t<a  alt=\"les d\u00e9riv\u00e9s de dattes\" title=\"Une nouvelle vid\u00e9o promotionnelle sur les d\u00e9riv\u00e9s de dattes de Tunisie\" data-src=\"https:\/\/www.plumeseconomiques.com\/fr\/wp-content\/uploads\/2025\/11\/2e8a3509-357x210.jpg\" data-bs-srcset=\"{&quot;baseurl&quot;:&quot;https:\\\/\\\/www.plumeseconomiques.com\\\/fr\\\/wp-content\\\/uploads\\\/2025\\\/11\\\/&quot;,&quot;sizes&quot;:{&quot;210&quot;:&quot;2e8a3509-210x136.jpg&quot;,&quot;279&quot;:&quot;2e8a3509-279x220.jpg&quot;,&quot;357&quot;:&quot;2e8a3509-357x210.jpg&quot;,&quot;750&quot;:&quot;2e8a3509-750x430.jpg&quot;,&quot;950&quot;:&quot;2e8a3509.jpg&quot;}}\"\t\t\t\t\t\tclass=\"img-holder\" href=\"https:\/\/plumeseconomiques.com\/fr\/communique\/une-nouvelle-video-promotionnelle-sur-les-derives-de-dattes-de-tunisie\/\"><\/a>\n\n\t\t\t\t\t\t\t<\/div>\n\t\t<h2 class=\"title\">\t\t<a href=\"https:\/\/plumeseconomiques.com\/fr\/communique\/une-nouvelle-video-promotionnelle-sur-les-derives-de-dattes-de-tunisie\/\" class=\"post-title post-url\">\n\t\t\tUne nouvelle vid\u00e9o promotionnelle sur les d\u00e9riv\u00e9s de dattes de Tunisie\t\t<\/a>\n\t\t<\/h2>\t<\/div>\n\t<\/article >\n\t\t\t\t\t<\/div>\n\t\t\t\t\t\t\t\t<\/div>\n\t\t\t\t\t\t\t<div class=\"row-2\">\n\t\t\t\t\t\t<div class=\"listing listing-text listing-text-2 clearfix columns-2\">\n\t\t<article class=\"post-67807 type-post format-standard has-post-thumbnail   listing-item listing-item-text listing-item-text-2 main-term-62\">\n\t<div class=\"item-inner\">\n\t\t<h2 class=\"title\">\t\t<a href=\"https:\/\/plumeseconomiques.com\/fr\/communique\/fiesp-ii-51-jeunes-tunisiens-forment-la-premiere-promotion-des-industries-plastiques\/\" class=\"post-title post-url\">\n\t\t\tFIESP II : 51 jeunes tunisiens forment la premi\u00e8re&hellip;\t\t<\/a>\n\t\t<\/h2>\t<\/div>\n\t<\/article >\n\t<article class=\"post-67478 type-post format-standard has-post-thumbnail   listing-item listing-item-text listing-item-text-2 main-term-62\">\n\t<div class=\"item-inner\">\n\t\t<h2 class=\"title\">\t\t<a href=\"https:\/\/plumeseconomiques.com\/fr\/communique\/palm-valley-kenya-equipe-par-delta-cuisine-elu-meilleur-developpement-residentiel-au-monde-a-dubai\/\" class=\"post-title post-url\">\n\t\t\tPalm Valley \u2013 Kenya \u00e9quip\u00e9 par Delta Cuisine, \u00e9lu meilleur&hellip;\t\t<\/a>\n\t\t<\/h2>\t<\/div>\n\t<\/article >\n\t<article class=\"post-67402 type-post format-standard has-post-thumbnail   listing-item listing-item-text listing-item-text-2 main-term-62\">\n\t<div class=\"item-inner\">\n\t\t<h2 class=\"title\">\t\t<a href=\"https:\/\/plumeseconomiques.com\/fr\/communique\/taa-9%e1%b5%89-ago-sous-le-signe-de-la-durabilite-de-la-filiere-automobile-la-montee-en-competence-et-de-linternationalisation\/\" class=\"post-title post-url\">\n\t\t\tTAA : 9\u1d49 AGO sous le signe de la durabilit\u00e9 de la fili\u00e8re&hellip;\t\t<\/a>\n\t\t<\/h2>\t<\/div>\n\t<\/article >\n\t<\/div>\n\t\t\t\t\t<\/div>\n\t\t\t\t\t\t<\/div>\n\t<\/div>\n<\/div>[\/vc_column][\/vc_row][vc_row][vc_column][\/vc_column][\/vc_row][vc_row][vc_column]\t<div  class=\"bs-shortcode bs-subscribe-newsletter bs-mailchimp-newsletter bscb-68315 bsb-have-heading-color\">\n\t\t\t\t<h3 class=\"section-heading sh-t4 sh-s5\">\n\t\t\t\t<span class=\"h-text\">Bulletin<\/span>\n\t\t\t\t<\/h3>\n\t\t\t\t\t<div class=\"subscribe-image\">\n\t\t\t\t<img decoding=\"async\" src=\"https:\/\/www.plumeseconomiques.com\/fr\/wp-content\/themes\/publisher\/images\/other\/email-illustration.png\" alt=\"Bulletin\">\n\t\t\t<\/div>\n\t\t\n\t\t<div class=\"subscribe-message\">\n\t\t\t<p>Abonnez-vous \u00e0 notre newsletter pour rester inform\u00e9...<\/p>\n\t\t<\/div>\n\n\t\t<form action=\"\" method=\"post\" name=\"mc-embedded-subscribe-form\"\n\t\t      class=\"validate\"\n\t\t      target=\"_blank\">\n\t\t\t<input name=\"EMAIL\" type=\"email\"\n\t\t\t       placeholder=\"Entrer votre Email ..\"\n\t\t\t       class=\"newsletter-email\">\n\t\t\t<button class=\"newsletter-subscribe\" name=\"subscribe\"\n\t\t\t        type=\"submit\">Souscrire<\/button>\n\t\t<\/form>\n\n\t\t\t\t\t<p class=\"powered-by\">Powered by <img\n\t\t\t\t\t\tsrc=\"https:\/\/www.plumeseconomiques.com\/fr\/wp-content\/themes\/publisher\/images\/other\/mailchimp.png\" data-bsrjs=\"https:\/\/www.plumeseconomiques.com\/fr\/wp-content\/themes\/publisher\/images\/other\/mailchimp@2x.png\" alt=\"MailChimp\"\/>\n\t\t\t<\/p>\n\t\t\t<\/div>\n[\/vc_column][\/vc_row]<\/p>\n","protected":false},"excerpt":{"rendered":"<p>Some people recalled the optimism about race relations when the monument was unveiled, but now, they said, the country seems stuck in a dark period of racial tensions and open hostility toward new immigrants.<\/p>\n","protected":false},"author":1,"featured_media":0,"parent":0,"menu_order":0,"comment_status":"closed","ping_status":"closed","template":"","meta":{"_seopress_robots_primary_cat":"","_seopress_titles_title":"Plumes \u00e9conomiques : page d'accueil","_seopress_titles_desc":"Plumes \u00e9conomiques : page d'accueil du magazine \u00e9conomique, finance, bourse, actualit\u00e9,","_seopress_robots_index":"","footnotes":""},"class_list":["post-53116","page","type-page","status-publish"],"_links":{"self":[{"href":"https:\/\/plumeseconomiques.com\/fr\/wp-json\/wp\/v2\/pages\/53116","targetHints":{"allow":["GET"]}}],"collection":[{"href":"https:\/\/plumeseconomiques.com\/fr\/wp-json\/wp\/v2\/pages"}],"about":[{"href":"https:\/\/plumeseconomiques.com\/fr\/wp-json\/wp\/v2\/types\/page"}],"author":[{"embeddable":true,"href":"https:\/\/plumeseconomiques.com\/fr\/wp-json\/wp\/v2\/users\/1"}],"replies":[{"embeddable":true,"href":"https:\/\/plumeseconomiques.com\/fr\/wp-json\/wp\/v2\/comments?post=53116"}],"version-history":[{"count":0,"href":"https:\/\/plumeseconomiques.com\/fr\/wp-json\/wp\/v2\/pages\/53116\/revisions"}],"wp:attachment":[{"href":"https:\/\/plumeseconomiques.com\/fr\/wp-json\/wp\/v2\/media?parent=53116"}],"curies":[{"name":"wp","href":"https:\/\/api.w.org\/{rel}","templated":true}]}}